{"id":6342,"date":"2024-03-07T19:29:04","date_gmt":"2024-03-07T18:29:04","guid":{"rendered":"https:\/\/www.ofoutdoorkitchens.com\/?page_id=6342"},"modified":"2025-09-24T15:52:36","modified_gmt":"2025-09-24T13:52:36","slug":"via-nolfi","status":"publish","type":"page","link":"https:\/\/www.ofoutdoorkitchens.com\/it\/via-nolfi\/","title":{"rendered":"Via Nolfi"},"content":{"rendered":"<section class=\"l-section wpb_row height_medium\"><div class=\"l-section-h i-cf\"><div class=\"g-cols vc_row via_grid cols_2-1 laptops-cols_inherit tablets-cols_inherit mobiles-cols_1 valign_bottom type_default stacking_default\"><div class=\"wpb_column vc_column_container\"><div class=\"vc_column-inner\"><div class=\"w-slider style_none fit_contain nav_none count_24\"><div class=\"w-slider-h\"><div class=\"royalSlider\"><div class=\"rsContent\"><a class=\"rsImg\" data-rsw=\"1280\" data-rsh=\"853\" data-rsBigImg=\"https:\/\/www.ofoutdoorkitchens.com\/wp-content\/uploads\/2024\/08\/Piscina-foto-scaled.jpg\" href=\"https:\/\/www.ofoutdoorkitchens.com\/wp-content\/uploads\/2024\/08\/Piscina-foto-scaled.jpg\"><span data-alt=\"\"><\/span><\/a><\/div><div class=\"rsContent\"><a class=\"rsImg\" data-rsw=\"1200\" data-rsh=\"800\" data-rsBigImg=\"https:\/\/www.ofoutdoorkitchens.com\/wp-content\/uploads\/2023\/03\/cucina12-7511728638.jpg\" href=\"https:\/\/www.ofoutdoorkitchens.com\/wp-content\/uploads\/2023\/03\/cucina12-7511728638.jpg\"><span data-alt=\"\"><\/span><\/a><\/div><div class=\"rsContent\"><a class=\"rsImg\" data-rsw=\"1200\" data-rsh=\"800\" data-rsBigImg=\"https:\/\/www.ofoutdoorkitchens.com\/wp-content\/uploads\/2023\/03\/1-8496547123.png\" href=\"https:\/\/www.ofoutdoorkitchens.com\/wp-content\/uploads\/2023\/03\/1-8496547123.png\"><span data-alt=\"\"><\/span><\/a><\/div><div class=\"rsContent\"><a class=\"rsImg\" data-rsw=\"1280\" data-rsh=\"853\" data-rsBigImg=\"https:\/\/www.ofoutdoorkitchens.com\/wp-content\/uploads\/2023\/03\/Cucina-da-esterno-vintage-scaled.jpg\" href=\"https:\/\/www.ofoutdoorkitchens.com\/wp-content\/uploads\/2023\/03\/Cucina-da-esterno-vintage-scaled.jpg\"><span data-alt=\"\"><\/span><\/a><\/div><div class=\"rsContent\"><a class=\"rsImg\" data-rsw=\"1198\" data-rsh=\"800\" data-rsBigImg=\"https:\/\/www.ofoutdoorkitchens.com\/wp-content\/uploads\/2023\/03\/DSC04479-5432648981.jpg\" href=\"https:\/\/www.ofoutdoorkitchens.com\/wp-content\/uploads\/2023\/03\/DSC04479-5432648981.jpg\"><span data-alt=\"\"><\/span><\/a><\/div><div class=\"rsContent\"><a class=\"rsImg\" data-rsw=\"1280\" data-rsh=\"854\" data-rsBigImg=\"https:\/\/www.ofoutdoorkitchens.com\/wp-content\/uploads\/2023\/07\/image3-corretto-scaled.jpg\" href=\"https:\/\/www.ofoutdoorkitchens.com\/wp-content\/uploads\/2023\/07\/image3-corretto-scaled.jpg\"><span data-alt=\"\"><\/span><\/a><\/div><div class=\"rsContent\"><a class=\"rsImg\" data-rsw=\"1200\" data-rsh=\"900\" data-rsBigImg=\"https:\/\/www.ofoutdoorkitchens.com\/wp-content\/uploads\/2023\/07\/Outdoor-mon-amour-la-passione-per-le-cucine-da-esterno-cresce.webp\" href=\"https:\/\/www.ofoutdoorkitchens.com\/wp-content\/uploads\/2023\/07\/Outdoor-mon-amour-la-passione-per-le-cucine-da-esterno-cresce.webp\"><span data-alt=\"Outdoor mon amour la passione per le cucine da esterno cresce\"><\/span><\/a><\/div><div class=\"rsContent\"><a class=\"rsImg\" data-rsw=\"1280\" data-rsh=\"960\" data-rsBigImg=\"https:\/\/www.ofoutdoorkitchens.com\/wp-content\/uploads\/2023\/03\/sassuolo1-1-scaled.jpg\" href=\"https:\/\/www.ofoutdoorkitchens.com\/wp-content\/uploads\/2023\/03\/sassuolo1-1-scaled.jpg\"><span data-alt=\"\"><\/span><\/a><\/div><div class=\"rsContent\"><a class=\"rsImg\" data-rsw=\"1280\" data-rsh=\"529\" data-rsBigImg=\"https:\/\/www.ofoutdoorkitchens.com\/wp-content\/uploads\/2023\/05\/Cucine-da-esterno-of-outdoor-kitchens-scaled.jpg\" href=\"https:\/\/www.ofoutdoorkitchens.com\/wp-content\/uploads\/2023\/05\/Cucine-da-esterno-of-outdoor-kitchens-scaled.jpg\"><span data-alt=\"\"><\/span><\/a><\/div><div class=\"rsContent\"><a class=\"rsImg\" data-rsw=\"1280\" data-rsh=\"855\" data-rsBigImg=\"https:\/\/www.ofoutdoorkitchens.com\/wp-content\/uploads\/2023\/03\/perche-scegliere-una-cucina-outdoor-ecco-5-motivi-per-acquistare-una-cucina-per-esterno-5-scaled.jpg\" href=\"https:\/\/www.ofoutdoorkitchens.com\/wp-content\/uploads\/2023\/03\/perche-scegliere-una-cucina-outdoor-ecco-5-motivi-per-acquistare-una-cucina-per-esterno-5-scaled.jpg\"><span data-alt=\"\"><\/span><\/a><\/div><div class=\"rsContent\"><a class=\"rsImg\" data-rsw=\"1198\" data-rsh=\"800\" data-rsBigImg=\"https:\/\/www.ofoutdoorkitchens.com\/wp-content\/uploads\/2023\/03\/DSC0032-6476932274.jpg\" href=\"https:\/\/www.ofoutdoorkitchens.com\/wp-content\/uploads\/2023\/03\/DSC0032-6476932274.jpg\"><span data-alt=\"\"><\/span><\/a><\/div><div class=\"rsContent\"><a class=\"rsImg\" data-rsw=\"1024\" data-rsh=\"768\" data-rsBigImg=\"https:\/\/www.ofoutdoorkitchens.com\/wp-content\/uploads\/2023\/03\/2-OFF-1244107596.jpg\" href=\"https:\/\/www.ofoutdoorkitchens.com\/wp-content\/uploads\/2023\/03\/2-OFF-1244107596.jpg\"><span data-alt=\"\"><\/span><\/a><\/div><div class=\"rsContent\"><a class=\"rsImg\" data-rsw=\"1280\" data-rsh=\"960\" data-rsBigImg=\"https:\/\/www.ofoutdoorkitchens.com\/wp-content\/uploads\/2023\/08\/Storia-del-design-outdoor-scaled.webp\" href=\"https:\/\/www.ofoutdoorkitchens.com\/wp-content\/uploads\/2023\/08\/Storia-del-design-outdoor-scaled.webp\"><span data-alt=\"design outdoorkitchens\"><\/span><\/a><\/div><div class=\"rsContent\"><a class=\"rsImg\" data-rsw=\"1280\" data-rsh=\"960\" data-rsBigImg=\"https:\/\/www.ofoutdoorkitchens.com\/wp-content\/uploads\/2023\/09\/Cucine-da-esterno-di-design-il-punto-su-stili-e-tendenze-scaled.webp\" href=\"https:\/\/www.ofoutdoorkitchens.com\/wp-content\/uploads\/2023\/09\/Cucine-da-esterno-di-design-il-punto-su-stili-e-tendenze-scaled.webp\"><span data-alt=\"Cucine da esterno di design - il punto su stili e tendenze\"><\/span><\/a><\/div><div class=\"rsContent\"><a class=\"rsImg\" data-rsw=\"1200\" data-rsh=\"800\" data-rsBigImg=\"https:\/\/www.ofoutdoorkitchens.com\/wp-content\/uploads\/2023\/06\/Cuocere-pizza-nel-barbecue-Cucina-per-esterno-OF.webp\" href=\"https:\/\/www.ofoutdoorkitchens.com\/wp-content\/uploads\/2023\/06\/Cuocere-pizza-nel-barbecue-Cucina-per-esterno-OF.webp\"><span data-alt=\"Come Cuocere pizza nel barbecue Cucina per esterno OF\"><\/span><\/a><\/div><div class=\"rsContent\"><a class=\"rsImg\" data-rsw=\"1280\" data-rsh=\"960\" data-rsBigImg=\"https:\/\/www.ofoutdoorkitchens.com\/wp-content\/uploads\/2023\/03\/apar3-6256614340-scaled.jpg\" href=\"https:\/\/www.ofoutdoorkitchens.com\/wp-content\/uploads\/2023\/03\/apar3-6256614340-scaled.jpg\"><span data-alt=\"\"><\/span><\/a><\/div><div class=\"rsContent\"><a class=\"rsImg\" data-rsw=\"1200\" data-rsh=\"800\" data-rsBigImg=\"https:\/\/www.ofoutdoorkitchens.com\/wp-content\/uploads\/2023\/04\/dove-posizionare-la-tua-nuova-cucina-outdoor-ecco-qualche-idea-per-te-prima-dell-acquisto-89.jpg\" href=\"https:\/\/www.ofoutdoorkitchens.com\/wp-content\/uploads\/2023\/04\/dove-posizionare-la-tua-nuova-cucina-outdoor-ecco-qualche-idea-per-te-prima-dell-acquisto-89.jpg\"><span data-alt=\"\"><\/span><\/a><\/div><div class=\"rsContent\"><a class=\"rsImg\" data-rsw=\"1200\" data-rsh=\"900\" data-rsBigImg=\"https:\/\/www.ofoutdoorkitchens.com\/wp-content\/uploads\/2023\/09\/Guida-acquisto-cucina-da-esterno-vicino-piscina.webp\" href=\"https:\/\/www.ofoutdoorkitchens.com\/wp-content\/uploads\/2023\/09\/Guida-acquisto-cucina-da-esterno-vicino-piscina.webp\"><span data-alt=\"Cucina da esterno vicino piscina all'aperto\"><\/span><\/a><\/div><div class=\"rsContent\"><a class=\"rsImg\" data-rsw=\"1024\" data-rsh=\"768\" data-rsBigImg=\"https:\/\/www.ofoutdoorkitchens.com\/wp-content\/uploads\/2023\/03\/1632133249380-copia-5139472387.jpg\" href=\"https:\/\/www.ofoutdoorkitchens.com\/wp-content\/uploads\/2023\/03\/1632133249380-copia-5139472387.jpg\"><span data-alt=\"\"><\/span><\/a><\/div><div class=\"rsContent\"><a class=\"rsImg\" data-rsw=\"1200\" data-rsh=\"800\" data-rsBigImg=\"https:\/\/www.ofoutdoorkitchens.com\/wp-content\/uploads\/2023\/03\/IMG_0344-Modifica-copia-1352112910.jpg\" href=\"https:\/\/www.ofoutdoorkitchens.com\/wp-content\/uploads\/2023\/03\/IMG_0344-Modifica-copia-1352112910.jpg\"><span data-alt=\"\"><\/span><\/a><\/div><div class=\"rsContent\"><a class=\"rsImg\" data-rsw=\"1280\" data-rsh=\"853\" data-rsBigImg=\"https:\/\/www.ofoutdoorkitchens.com\/wp-content\/uploads\/2023\/03\/PHOTO-2022-07-06-12-10-36-1783305861-scaled.jpg\" href=\"https:\/\/www.ofoutdoorkitchens.com\/wp-content\/uploads\/2023\/03\/PHOTO-2022-07-06-12-10-36-1783305861-scaled.jpg\"><span data-alt=\"\"><\/span><\/a><\/div><div class=\"rsContent\"><a class=\"rsImg\" data-rsw=\"1280\" data-rsh=\"854\" data-rsBigImg=\"https:\/\/www.ofoutdoorkitchens.com\/wp-content\/uploads\/2023\/03\/cucine-da-esterno-e-casa-cosi-aumenta-il-valore-del-tuo-immobile-11-scaled.jpg\" href=\"https:\/\/www.ofoutdoorkitchens.com\/wp-content\/uploads\/2023\/03\/cucine-da-esterno-e-casa-cosi-aumenta-il-valore-del-tuo-immobile-11-scaled.jpg\"><span data-alt=\"\"><\/span><\/a><\/div><div class=\"rsContent\"><a class=\"rsImg\" data-rsw=\"1200\" data-rsh=\"800\" data-rsBigImg=\"https:\/\/www.ofoutdoorkitchens.com\/wp-content\/uploads\/2023\/03\/Salone-del-Mobile-Effetto-Ruggine-2.jpg\" href=\"https:\/\/www.ofoutdoorkitchens.com\/wp-content\/uploads\/2023\/03\/Salone-del-Mobile-Effetto-Ruggine-2.jpg\"><span data-alt=\"\"><\/span><\/a><\/div><div class=\"rsContent\"><a class=\"rsImg\" data-rsw=\"1200\" data-rsh=\"800\" data-rsBigImg=\"https:\/\/www.ofoutdoorkitchens.com\/wp-content\/uploads\/2023\/03\/fano1-1.jpg\" href=\"https:\/\/www.ofoutdoorkitchens.com\/wp-content\/uploads\/2023\/03\/fano1-1.jpg\"><span data-alt=\"\"><\/span><\/a><\/div><\/div><img decoding=\"async\" src=\"https:\/\/www.ofoutdoorkitchens.com\/wp-content\/uploads\/2024\/08\/Piscina-foto-scaled.jpg\" width=\"1280\" height=\"853\" alt loading=\"lazy\"><\/div><div class=\"w-slider-json\" onclick='return {&quot;autoScaleSlider&quot;:true,&quot;addActiveClass&quot;:true,&quot;loop&quot;:true,&quot;fadeInLoadedSlide&quot;:false,&quot;slidesSpacing&quot;:0,&quot;imageScalePadding&quot;:0,&quot;numImagesToPreload&quot;:2,&quot;arrowsNav&quot;:true,&quot;arrowsNavAutoHide&quot;:false,&quot;transitionType&quot;:&quot;move&quot;,&quot;transitionSpeed&quot;:250,&quot;block&quot;:{&quot;moveEffect&quot;:&quot;none&quot;,&quot;speed&quot;:300},&quot;thumbs&quot;:{&quot;fitInViewport&quot;:false,&quot;firstMargin&quot;:false,&quot;spacing&quot;:4},&quot;controlNavigation&quot;:&quot;none&quot;,&quot;fullscreen&quot;:{&quot;enabled&quot;:true},&quot;autoScaleSliderWidth&quot;:1280,&quot;autoScaleSliderHeight&quot;:853}'><\/div><\/div><\/div><\/div><div class=\"wpb_column vc_column_container\"><div class=\"vc_column-inner\"><div class=\"wpb_text_column\"><div class=\"wpb_wrapper\"><h3 style=\"text-align: left;\"><span style=\"color: #000000;\"><strong>VIA NOLFI<\/p>\n<\/div><\/div><div class=\"w-text us_custom_48349235 has_text_color\"><span class=\"w-text-h\"><span class=\"w-text-value\">Dal Design rigoroso e pulito, grazie al profilo gola che rende possibile possibile l\u2019apertura di ante e cassetti in assenza di maniglie, Via Nolfi \u00e8 disponibile nella Versione a Parete e ad Isola e si contraddistingue per l\u2019ampia modularit\u00e0 che permette combinazioni e composizioni uniche ed infinite, oltre alle 5 composizioni Base proposte da OF.<\/span><\/span><\/div><\/div><\/div><\/div><\/div><\/section><section class=\"l-section wpb_row us_custom_623ba360 height_small\"><div class=\"l-section-h i-cf\"><div class=\"g-cols vc_row via_grid cols_1 laptops-cols_inherit tablets-cols_inherit mobiles-cols_1 valign_bottom type_default stacking_default\" style=\"--gap:1rem;\"><div class=\"wpb_column vc_column_container\"><div class=\"vc_column-inner\"><div class=\"w-separator us_custom_6df4bc3a has_text_color size_custom with_line width_default thick_1 style_solid color_text align_center\" style=\"height:10px\"><div class=\"w-separator-h\"><\/div><\/div><\/div><\/div><\/div><\/div><\/section><section class=\"l-section wpb_row us_custom_96d18c45 height_auto\"><div class=\"l-section-h i-cf\"><div class=\"g-cols vc_row via_grid cols_2 laptops-cols_inherit tablets-cols_inherit mobiles-cols_1 valign_top type_default stacking_default\" style=\"--gap:1rem;\"><div class=\"wpb_column vc_column_container\"><div class=\"vc_column-inner\"><div class=\"wpb_text_column us_custom_274ff3f1 has_text_color\"><div class=\"wpb_wrapper\"><p><\/strong><\/span><\/h3>\n<h3 style=\"text-align: left;\"><strong>CURA NEI DETTAGLI MADE IN ITALY <\/strong><\/h3>\n<\/div><\/div><\/div><\/div><div class=\"wpb_column vc_column_container\"><div class=\"vc_column-inner\"><div class=\"w-text us_custom_3415c6d7 has_text_color\"><span class=\"w-text-h\"><span class=\"w-text-value\">Le guarnizioni, presenti su ogni Anta e Frontale Cassetto garantiscono impermeabilit\u00e0 proteggendo il contenuto e gli elettrodomestici delle Cucine Outdoor OF. Il profilo Gola valorizza le linee minimali del Modello Via Nolfi di OF Outdoorkitchens.<\/span><\/span><\/div><\/div><\/div><\/div><\/div><\/section><section class=\"l-section wpb_row us_custom_21501de1 height_medium\"><div class=\"l-section-h i-cf\"><div class=\"g-cols vc_row via_grid cols_2 laptops-cols_inherit tablets-cols_inherit mobiles-cols_1 valign_top type_default stacking_default\" style=\"--gap:1.5rem;\"><div class=\"wpb_column vc_column_container\"><div class=\"vc_column-inner\"><div class=\"w-image align_none\"><div class=\"w-image-h\"><img decoding=\"async\" width=\"485\" height=\"552\" src=\"https:\/\/www.ofoutdoorkitchens.com\/wp-content\/uploads\/2024\/08\/DettNolfi2_edited2.jpg\" class=\"attachment-large size-large\" alt=\"\" loading=\"lazy\" srcset=\"https:\/\/www.ofoutdoorkitchens.com\/wp-content\/uploads\/2024\/08\/DettNolfi2_edited2.jpg 485w, https:\/\/www.ofoutdoorkitchens.com\/wp-content\/uploads\/2024\/08\/DettNolfi2_edited2-264x300.jpg 264w\" sizes=\"auto, (max-width: 485px) 100vw, 485px\" \/><\/div><\/div><\/div><\/div><div class=\"wpb_column vc_column_container\"><div class=\"vc_column-inner\"><div class=\"w-image align_left\"><div class=\"w-image-h\"><img decoding=\"async\" width=\"562\" height=\"552\" src=\"https:\/\/www.ofoutdoorkitchens.com\/wp-content\/uploads\/2024\/08\/DettNolfi1_edited.jpg\" class=\"attachment-large size-large\" alt=\"\" loading=\"lazy\" srcset=\"https:\/\/www.ofoutdoorkitchens.com\/wp-content\/uploads\/2024\/08\/DettNolfi1_edited.jpg 562w, https:\/\/www.ofoutdoorkitchens.com\/wp-content\/uploads\/2024\/08\/DettNolfi1_edited-300x295.jpg 300w\" sizes=\"auto, (max-width: 562px) 100vw, 562px\" \/><\/div><\/div><\/div><\/div><\/div><\/div><\/section><section class=\"l-section wpb_row height_large\"><div class=\"l-section-h i-cf\"><div class=\"g-cols vc_row via_grid cols_1 laptops-cols_inherit tablets-cols_inherit mobiles-cols_1 valign_top type_default stacking_default\"><div class=\"wpb_column vc_column_container\"><div class=\"vc_column-inner\"><div class=\"w-hwrapper valign_top align_none\"><div class=\"w-btn-wrapper align_none\"><a class=\"w-btn us-btn-style_1 icon_atright\" target=\"_blank\" rel=\"nofollow\" title=\"Scarica il catalogo\" href=\"https:\/\/drive.google.com\/drive\/u\/0\/folders\/1-PsLPixHF8SCrnyWmIG9ugoKOTuAU2P4\"><span class=\"w-btn-label\">scarica il catalogo 2025<\/span><i class=\"fas fa-download\"><\/i><\/a><\/div><div class=\"w-btn-wrapper align_none\"><a class=\"w-btn us-btn-style_1 icon_atright\" title=\"istruzioni montaggio\" href=\"https:\/\/www.ofoutdoorkitchens.com\/it\/istruzioni-montaggio\/\"><span class=\"w-btn-label\">istruzioni di montaggio<\/span><i class=\"fas fa-long-arrow-down\"><\/i><\/a><\/div><div class=\"w-btn-wrapper align_none\"><a class=\"w-btn us-btn-style_1 icon_atright\" title=\"Pulizia\" href=\"https:\/\/www.ofoutdoorkitchens.com\/it\/pulizia\/\"><span class=\"w-btn-label\">istruzioni per la pulizia<\/span><i class=\"fas fa-long-arrow-down\"><\/i><\/a><\/div><\/div><div class=\"w-separator size_medium with_line width_default thick_1 style_solid color_border align_center\"><div class=\"w-separator-h\"><\/div><\/div><div class=\"wpb_text_column\"><div class=\"wpb_wrapper\"><p>OF outdoorkitchens \u00e8 leader nella produzione di cucine da esterno in acciaio inox modulari.I modelli di cucine da esterno pronti all&#8217;ordine di OF sono pensati per mettere al centro del progetto, il \u201cbello\u201d abitativo dei nostri clienti, unito al materiale eterno per antonomasia, l\u2019acciaio, il tutto coniugato con un design d\u2019avanguardia e soluzioni estetiche di prim\u2019ordine. Il focus del progetto \u00e8, infatti, la gestione modulare degli spazi e del contenimento, come sinora solo all\u2019interno dell\u2019abitazione era possibile. OF d\u00e0 un nuovo sapore alla vita di casa, allargandone i confini allo spazio outdoor, unendo convivialit\u00e0 e personalit\u00e0, libert\u00e0 della vita all\u2019aperto senza rinunciare ad alcuna delle comodit\u00e0 a cui siamo abituati: dal barbecue professionale a tutti gli attrezzi necessari per cucinare all\u2019aperto.<strong>Ecco perch\u00e9 scegliere OF outdoorkitchens:<\/strong><\/p>\n<ul>\n<li>Le cucine OF outdoorkitchens, sempre di grande pregio e rifinite con grande cura;<br \/>\nSono modulari e pertanto costruite &#8220;in serie&#8221;. Le basi ad una o due ante disponibili in 3 misure. Abbiamo inoltre diverse tipologie di cassettiere con un\u2019unica costante: l\u2019 acciaio inox.<\/li>\n<li>OF outdoorkitchens gode di tutta l\u2019esperienza e la tecnologia di Officine Fanesi, per garantire, anche all\u2019esterno, la gestione modulare degli spazi tipica dell\u2019ambiente interno;<\/li>\n<li>OF outdoorkitchens \u00e8 particolarmente attenta al prezzo e alla facilit\u00e0 propositiva. Un\u2019azienda smart basata sul concetto di componibilit\u00e0.<br \/>\n<\/div><\/div><div class=\"w-grid type_grid layout_344 cols_3 valign_center ratio_1x1\" id=\"us_grid_1\" style=\"--gap:20px;\" data-filterable=\"true\"><style>@media (max-width:1024px){#us_grid_1 .w-grid-item{width:50%}#us_grid_1 .w-grid-item.size_2x1,#us_grid_1 .w-grid-item.size_2x2{width:100%}}@media (max-width:600px){#us_grid_1 .w-grid-list{margin:0}#us_grid_1 .w-grid-item{width:100%;padding:0;margin-bottom:var(--gap,0px)}}#us_grid_1 .w-grid-item-h:before{padding-bottom:100%}.layout_344 .w-grid-item-h:before{padding-bottom:100%}@media (min-width:601px){.layout_344 .w-grid-item.size_1x2 .w-grid-item-h:before{padding-bottom:calc(200% + var(--gap,0px) * 2)}.layout_344 .w-grid-item.size_2x1 .w-grid-item-h:before{padding-bottom:calc(50% - var(--gap,0px) * 1)}.layout_344 .w-grid-item.size_2x2 .w-grid-item-h:before{padding-bottom:calc(100% - var(--gap,0px) * 0)}}.layout_344 .w-grid-item-h{}.layout_344 .usg_post_image_1{transition-duration:0.25s;transform-origin:50% 50%;transform:scale(1) translate(0%,0%)}.layout_344 .w-grid-item-h:hover .usg_post_image_1{transform:scale(1) translate(0%,0%);opacity:0.1}.layout_344 .usg_post_title_1{transition-duration:0.25s;transform-origin:50% 50%;transform:scale(1) translate(0%,-50%);opacity:0}.layout_344 .w-grid-item-h:hover .usg_post_title_1{transform:scale(1) translate(0%,0%);opacity:1}.layout_344 .usg_post_taxonomy_1{transition-duration:0.25s;transform-origin:50% 50%;transform:scale(1) translate(0%,75%);opacity:0}.layout_344 .w-grid-item-h:hover .usg_post_taxonomy_1{transform:scale(1) translate(0%,0%);opacity:0.9}.layout_344 .usg_post_content_1{transition-duration:0.3s;transform-origin:50% 50%;transform:scale(1) translate(0%,0%);opacity:0}.layout_344 .w-grid-item-h:hover .usg_post_content_1{transform:scale(1) translate(0%,0%);opacity:1}.layout_344 .usg_post_image_1{position:absolute!important;left:0!important;top:0!important;bottom:0!important;right:0!important}.layout_344 .usg_vwrapper_1{position:absolute!important;top:0!important;right:0!important;bottom:0!important;left:0!important;padding:4rem!important}.layout_344 .usg_post_title_1{color:inherit!important;font-size:1.4rem!important}<\/style><div class=\"w-grid-list\">\t<article class=\"w-grid-item size_1x1 post-809 us_portfolio type-us_portfolio status-publish has-post-thumbnail hentry us_portfolio_category-cucine-da-esterno\" data-id=\"809\">\r\n\t\t<div class=\"w-grid-item-h\">\r\n\t\t\t\t\t\t\t<a href=\"https:\/\/www.ofoutdoorkitchens.com\/it\/portfolio\/via-nolfi-527\/\" class=\"w-grid-item-anchor\" aria-label=\"Via Nolfi 527\"><\/a>\r\n\t\t\t\t\t\t<div class=\"w-post-elm post_image usg_post_image_1 stretched\"><img loading=\"lazy\" decoding=\"async\" width=\"1024\" height=\"724\" src=\"https:\/\/www.ofoutdoorkitchens.com\/wp-content\/uploads\/2023\/03\/527_PP-1024x724.jpg\" class=\"attachment-large size-large wp-post-image\" alt=\"\" srcset=\"https:\/\/www.ofoutdoorkitchens.com\/wp-content\/uploads\/2023\/03\/527_PP-1024x724.jpg 1024w, https:\/\/www.ofoutdoorkitchens.com\/wp-content\/uploads\/2023\/03\/527_PP-300x212.jpg 300w, https:\/\/www.ofoutdoorkitchens.com\/wp-content\/uploads\/2023\/03\/527_PP-scaled.jpg 1280w\" sizes=\"auto, (max-width: 1024px) 100vw, 1024px\" \/><\/div><div class=\"w-vwrapper usg_vwrapper_1 grid_style_12 align_center valign_middle\"><h2 class=\"w-post-elm post_title usg_post_title_1 has_text_color entry-title color_link_inherit\">Via Nolfi 527<\/h2><div class=\"w-post-elm post_taxonomy usg_post_taxonomy_1 style_simple color_link_inherit\"><a class=\"term-6 term-cucine-da-esterno\" href=\"https:\/\/www.ofoutdoorkitchens.com\/it\/portfolio_category\/cucine-da-esterno\/\">Cucine da esterno<\/a><\/div><div class=\"w-post-elm post_content usg_post_content_1\">DIMENSIONI: L 210,8 CM<\/div><\/div>\t\t<\/div>\r\n\t\t\t<\/article>\r\n\t<article class=\"w-grid-item size_1x1 post-271 us_portfolio type-us_portfolio status-publish has-post-thumbnail hentry us_portfolio_category-cucine-da-esterno\" data-id=\"271\">\r\n\t\t<div class=\"w-grid-item-h\">\r\n\t\t\t\t\t\t\t<a href=\"https:\/\/www.ofoutdoorkitchens.com\/it\/portfolio\/via-nolfi-528\/\" class=\"w-grid-item-anchor\" aria-label=\"Via Nolfi 528\"><\/a>\r\n\t\t\t\t\t\t<div class=\"w-post-elm post_image usg_post_image_1 stretched\"><img loading=\"lazy\" decoding=\"async\" width=\"1024\" height=\"722\" src=\"https:\/\/www.ofoutdoorkitchens.com\/wp-content\/uploads\/2023\/01\/528_PP-1024x722.jpg\" class=\"attachment-large size-large wp-post-image\" alt=\"\" srcset=\"https:\/\/www.ofoutdoorkitchens.com\/wp-content\/uploads\/2023\/01\/528_PP-1024x722.jpg 1024w, https:\/\/www.ofoutdoorkitchens.com\/wp-content\/uploads\/2023\/01\/528_PP-300x211.jpg 300w, https:\/\/www.ofoutdoorkitchens.com\/wp-content\/uploads\/2023\/01\/528_PP-scaled.jpg 1280w\" sizes=\"auto, (max-width: 1024px) 100vw, 1024px\" \/><\/div><div class=\"w-vwrapper usg_vwrapper_1 grid_style_12 align_center valign_middle\"><h2 class=\"w-post-elm post_title usg_post_title_1 has_text_color entry-title color_link_inherit\">Via Nolfi 528<\/h2><div class=\"w-post-elm post_taxonomy usg_post_taxonomy_1 style_simple color_link_inherit\"><a class=\"term-6 term-cucine-da-esterno\" href=\"https:\/\/www.ofoutdoorkitchens.com\/it\/portfolio_category\/cucine-da-esterno\/\">Cucine da esterno<\/a><\/div><div class=\"w-post-elm post_content usg_post_content_1\">DIMENSIONI:\u00a0L 330,8 CM<\/div><\/div>\t\t<\/div>\r\n\t\t\t<\/article>\r\n\t<article class=\"w-grid-item size_1x1 post-274 us_portfolio type-us_portfolio status-publish has-post-thumbnail hentry us_portfolio_category-cucine-da-esterno\" data-id=\"274\">\r\n\t\t<div class=\"w-grid-item-h\">\r\n\t\t\t\t\t\t\t<a href=\"https:\/\/www.ofoutdoorkitchens.com\/it\/portfolio\/via-nolfi-529\/\" class=\"w-grid-item-anchor\" aria-label=\"Via Nolfi 529\"><\/a>\r\n\t\t\t\t\t\t<div class=\"w-post-elm post_image usg_post_image_1 stretched\"><img loading=\"lazy\" decoding=\"async\" width=\"800\" height=\"600\" src=\"https:\/\/www.ofoutdoorkitchens.com\/wp-content\/uploads\/2023\/01\/via-nolfi-529-ok.jpg\" class=\"attachment-large size-large wp-post-image\" alt=\"\" srcset=\"https:\/\/www.ofoutdoorkitchens.com\/wp-content\/uploads\/2023\/01\/via-nolfi-529-ok.jpg 800w, https:\/\/www.ofoutdoorkitchens.com\/wp-content\/uploads\/2023\/01\/via-nolfi-529-ok-300x225.jpg 300w\" sizes=\"auto, (max-width: 800px) 100vw, 800px\" \/><\/div><div class=\"w-vwrapper usg_vwrapper_1 grid_style_12 align_center valign_middle\"><h2 class=\"w-post-elm post_title usg_post_title_1 has_text_color entry-title color_link_inherit\">Via Nolfi 529<\/h2><div class=\"w-post-elm post_taxonomy usg_post_taxonomy_1 style_simple color_link_inherit\"><a class=\"term-6 term-cucine-da-esterno\" href=\"https:\/\/www.ofoutdoorkitchens.com\/it\/portfolio_category\/cucine-da-esterno\/\">Cucine da esterno<\/a><\/div><div class=\"w-post-elm post_content usg_post_content_1\">DIMENSIONI:\u00a0L 270,8 CM<\/div><\/div>\t\t<\/div>\r\n\t\t\t<\/article>\r\n\t<article class=\"w-grid-item size_1x1 post-286 us_portfolio type-us_portfolio status-publish has-post-thumbnail hentry us_portfolio_category-cucine-da-esterno\" data-id=\"286\">\r\n\t\t<div class=\"w-grid-item-h\">\r\n\t\t\t\t\t\t\t<a href=\"https:\/\/www.ofoutdoorkitchens.com\/it\/portfolio\/via-nolfi-530\/\" class=\"w-grid-item-anchor\" aria-label=\"Via Nolfi 530\"><\/a>\r\n\t\t\t\t\t\t<div class=\"w-post-elm post_image usg_post_image_1 stretched\"><img loading=\"lazy\" decoding=\"async\" width=\"1024\" height=\"777\" src=\"https:\/\/www.ofoutdoorkitchens.com\/wp-content\/uploads\/2023\/01\/via-nolfi-530-14-1024x777.jpg\" class=\"attachment-large size-large wp-post-image\" alt=\"\" srcset=\"https:\/\/www.ofoutdoorkitchens.com\/wp-content\/uploads\/2023\/01\/via-nolfi-530-14-1024x777.jpg 1024w, https:\/\/www.ofoutdoorkitchens.com\/wp-content\/uploads\/2023\/01\/via-nolfi-530-14-300x228.jpg 300w, https:\/\/www.ofoutdoorkitchens.com\/wp-content\/uploads\/2023\/01\/via-nolfi-530-14.jpg 1200w\" sizes=\"auto, (max-width: 1024px) 100vw, 1024px\" \/><\/div><div class=\"w-vwrapper usg_vwrapper_1 grid_style_12 align_center valign_middle\"><h2 class=\"w-post-elm post_title usg_post_title_1 has_text_color entry-title color_link_inherit\">Via Nolfi 530<\/h2><div class=\"w-post-elm post_taxonomy usg_post_taxonomy_1 style_simple color_link_inherit\"><a class=\"term-6 term-cucine-da-esterno\" href=\"https:\/\/www.ofoutdoorkitchens.com\/it\/portfolio_category\/cucine-da-esterno\/\">Cucine da esterno<\/a><\/div><div class=\"w-post-elm post_content usg_post_content_1\">DIMENSIONI: L 270,8 CM<\/div><\/div>\t\t<\/div>\r\n\t\t\t<\/article>\r\n\t<article class=\"w-grid-item size_1x1 post-812 us_portfolio type-us_portfolio status-publish has-post-thumbnail hentry us_portfolio_category-cucine-da-esterno\" data-id=\"812\">\r\n\t\t<div class=\"w-grid-item-h\">\r\n\t\t\t\t\t\t\t<a href=\"https:\/\/www.ofoutdoorkitchens.com\/it\/portfolio\/via-nolfi-531\/\" class=\"w-grid-item-anchor\" aria-label=\"Via Nolfi 531\"><\/a>\r\n\t\t\t\t\t\t<div class=\"w-post-elm post_image usg_post_image_1 stretched\"><img loading=\"lazy\" decoding=\"async\" width=\"800\" height=\"600\" src=\"https:\/\/www.ofoutdoorkitchens.com\/wp-content\/uploads\/2023\/03\/via-nolfi-531.jpg\" class=\"attachment-large size-large wp-post-image\" alt=\"\" srcset=\"https:\/\/www.ofoutdoorkitchens.com\/wp-content\/uploads\/2023\/03\/via-nolfi-531.jpg 800w, https:\/\/www.ofoutdoorkitchens.com\/wp-content\/uploads\/2023\/03\/via-nolfi-531-300x225.jpg 300w\" sizes=\"auto, (max-width: 800px) 100vw, 800px\" \/><\/div><div class=\"w-vwrapper usg_vwrapper_1 grid_style_12 align_center valign_middle\"><h2 class=\"w-post-elm post_title usg_post_title_1 has_text_color entry-title color_link_inherit\">Via Nolfi 531<\/h2><div class=\"w-post-elm post_taxonomy usg_post_taxonomy_1 style_simple color_link_inherit\"><a class=\"term-6 term-cucine-da-esterno\" href=\"https:\/\/www.ofoutdoorkitchens.com\/it\/portfolio_category\/cucine-da-esterno\/\">Cucine da esterno<\/a><\/div><div class=\"w-post-elm post_content usg_post_content_1\">DIMENSIONI: L 270,8 CM<\/div><\/div>\t\t<\/div>\r\n\t\t\t<\/article>\r\n<\/div><div class=\"w-grid-preloader\">\t<div class=\"g-preloader type_1\">\r\n\t\t<div><\/div>\r\n\t<\/div>\r\n\t<\/div>\t<div class=\"w-grid-json hidden\" onclick='return {&quot;action&quot;:&quot;us_ajax_grid&quot;,&quot;infinite_scroll&quot;:0,&quot;max_num_pages&quot;:1,&quot;pagination&quot;:&quot;none&quot;,&quot;template_vars&quot;:{&quot;columns&quot;:&quot;3&quot;,&quot;exclude_items&quot;:&quot;none&quot;,&quot;img_size&quot;:&quot;large&quot;,&quot;ignore_items_size&quot;:0,&quot;items_layout&quot;:&quot;344&quot;,&quot;items_offset&quot;:&quot;1&quot;,&quot;load_animation&quot;:&quot;none&quot;,&quot;overriding_link&quot;:&quot;%7B%22type%22%3A%22post%22%7D&quot;,&quot;post_id&quot;:0,&quot;query_args&quot;:{&quot;post_type&quot;:[&quot;us_portfolio&quot;],&quot;tax_query&quot;:[{&quot;taxonomy&quot;:&quot;us_portfolio_category&quot;,&quot;field&quot;:&quot;slug&quot;,&quot;terms&quot;:[&quot;cucine-da-esterno&quot;]}],&quot;post_status&quot;:[&quot;publish&quot;,&quot;mapped&quot;,&quot;needs_update&quot;],&quot;posts_per_page&quot;:&quot;100&quot;},&quot;orderby_query_args&quot;:{&quot;orderby&quot;:{&quot;title&quot;:&quot;ASC&quot;},&quot;order&quot;:&quot;ASC&quot;},&quot;type&quot;:&quot;grid&quot;,&quot;us_grid_post_type&quot;:&quot;us_portfolio&quot;,&quot;us_grid_ajax_index&quot;:1,&quot;us_grid_filter_query_string&quot;:null,&quot;us_grid_index&quot;:1,&quot;page_args&quot;:[],&quot;lang&quot;:&quot;it&quot;}}'><\/div>\r\n\t<\/div><div class=\"w-separator size_medium with_line width_default thick_1 style_solid color_border align_center\"><div class=\"w-separator-h\"><\/div><\/div><\/div><\/div><\/div><\/div><\/section><section class=\"l-section wpb_row height_auto\" id=\"personaliz\"><div class=\"l-section-h i-cf\"><div class=\"g-cols vc_row via_grid cols_1-2 laptops-cols_inherit tablets-cols_inherit mobiles-cols_1 valign_top type_default stacking_default\"><div class=\"wpb_column vc_column_container\"><div class=\"vc_column-inner\"><div class=\"wpb_text_column\"><div class=\"wpb_wrapper\"><h3><strong>Cucine da personalizzare <\/p>\n<\/div><\/div><div class=\"w-separator size_medium\"><\/div><div class=\"wpb_text_column\"><div class=\"wpb_wrapper\"><p><strong>La tua cucina in acciaio.<br \/>\n<strong>Solo tuaNessuna delle nostre cucine standard in acciaio da esterno soddisfa le tue esigenze di stile e di spazio?<br \/>\nNessun problema.<br \/>\nCon OF outdoorkitchens puoi progettare la tua soluzione in ogni dettaglio e finitura. Sar\u00e0 la tua cucina in acciaio. Solo tua.<br \/>\nNel vero senso della parola.<strong>Scopri tutte le possibilit\u00e0 di personalizzazione.<\/p>\n<\/div><\/div><div class=\"w-separator size_medium\"><\/div><div class=\"w-btn-wrapper align_none\"><a class=\"w-btn us-btn-style_1 icon_atright\" title=\"Cucine da esterno da personalizzare\" href=\"https:\/\/www.ofoutdoorkitchens.com\/it\/cucine-da-esterno-da-personalizzare\/\"><span class=\"w-btn-label\">vedi tutte le opzioni<\/span><i class=\"far fa-long-arrow-right\"><\/i><\/a><\/div><\/div><\/div><div class=\"wpb_column vc_column_container\"><div class=\"vc_column-inner\"><div class=\"w-image align_none\"><div class=\"w-image-h\"><img decoding=\"async\" width=\"1280\" height=\"998\" src=\"https:\/\/www.ofoutdoorkitchens.com\/wp-content\/uploads\/2023\/03\/OF_cucina-tecnica-personaliz2.jpg\" class=\"attachment-full size-full\" alt=\"\" loading=\"lazy\" srcset=\"https:\/\/www.ofoutdoorkitchens.com\/wp-content\/uploads\/2023\/03\/OF_cucina-tecnica-personaliz2.jpg 1280w, https:\/\/www.ofoutdoorkitchens.com\/wp-content\/uploads\/2023\/03\/OF_cucina-tecnica-personaliz2-300x234.jpg 300w, https:\/\/www.ofoutdoorkitchens.com\/wp-content\/uploads\/2023\/03\/OF_cucina-tecnica-personaliz2-1024x798.jpg 1024w\" sizes=\"auto, (max-width: 1280px) 100vw, 1280px\" \/><\/div><\/div><\/div><\/div><\/div><\/div><\/section><section class=\"l-section wpb_row height_auto\"><div class=\"l-section-h i-cf\"><div class=\"g-cols vc_row via_grid cols_1 laptops-cols_inherit tablets-cols_inherit mobiles-cols_1 valign_top type_default stacking_default\"><div class=\"wpb_column vc_column_container\"><div class=\"vc_column-inner\"><\/div><\/div><\/div><\/div><\/section><section class=\"l-section wpb_row height_auto\"><div class=\"l-section-h i-cf\"><div class=\"g-cols vc_row via_grid cols_1 laptops-cols_inherit tablets-cols_inherit mobiles-cols_1 valign_top type_default stacking_default\"><div class=\"wpb_column vc_column_container\"><div class=\"vc_column-inner\"><div class=\"w-separator size_medium\"><\/div><\/div><\/div><\/div><\/div><\/section><section class=\"l-section wpb_row height_medium\"><div class=\"l-section-h i-cf\"><div class=\"g-cols vc_row via_grid cols_1 laptops-cols_inherit tablets-cols_inherit mobiles-cols_1 valign_top type_default stacking_default\"><div class=\"wpb_column vc_column_container\"><div class=\"vc_column-inner\"><div class=\"wpb_text_column\"><div class=\"wpb_wrapper\"><p><\/strong><\/strong><\/strong><\/strong><\/h3>\n<\/div><\/div><\/div><\/div><\/div><\/div><\/section><section class=\"l-section wpb_row height_medium\"><div class=\"l-section-h i-cf\"><div class=\"g-cols vc_row via_grid cols_1 laptops-cols_inherit tablets-cols_inherit mobiles-cols_1 valign_top type_default stacking_default\"><div class=\"wpb_column vc_column_container\"><div class=\"vc_column-inner\"><div class=\"wpb_text_column\"><div class=\"wpb_wrapper\"><\/li>\n<\/ul>\n<\/div><\/div><\/div><\/div><\/div><\/div><\/section>\n","protected":false},"excerpt":{"rendered":"&nbsp; DIMENSIONI:\u00a0L 270,8 CM Cucina da esterno in acciaio inox delabr\u00e9 composta da base anta sinistra (60cm) con fornello a gas, base due ante (90cm) con barbecue 4 fuochi, base frigorifero (60cm), base lavello (60cm) con lavello sopratop e rubinetto \u201csquare\u201d. Disponibile anche nella versione ad isola. Disponibile anche con lavello a sinistra (Via Nolfi...","protected":false},"author":1,"featured_media":0,"parent":0,"menu_order":0,"comment_status":"closed","ping_status":"closed","template":"","meta":{"om_disable_all_campaigns":false,"_uf_show_specific_survey":0,"_uf_disable_surveys":false,"footnotes":""},"class_list":["post-6342","page","type-page","status-publish","hentry"],"yoast_head":"<!-- This site is optimized with the Yoast SEO plugin v23.4 - https:\/\/yoast.com\/wordpress\/plugins\/seo\/ -->\n<title>Modelli di cucine da esterno pronti all&#039;ordine | OF outdoorkitchens<\/title>\n<meta name=\"robots\" content=\"index, follow, max-snippet:-1, max-image-preview:large, max-video-preview:-1\" \/>\n<link rel=\"canonical\" href=\"https:\/\/www.ofoutdoorkitchens.com\/it\/via-nolfi\/\" \/>\n<meta property=\"og:locale\" content=\"it_IT\" \/>\n<meta property=\"og:type\" content=\"article\" \/>\n<meta property=\"og:title\" content=\"Modelli di cucine da esterno pronti all&#039;ordine | OF outdoorkitchens\" \/>\n<meta property=\"og:url\" content=\"https:\/\/www.ofoutdoorkitchens.com\/it\/via-nolfi\/\" \/>\n<meta property=\"og:site_name\" content=\"OF Outdoorkitchens\" \/>\n<meta property=\"article:publisher\" content=\"https:\/\/www.facebook.com\/ofoutdoorkitchens\" \/>\n<meta property=\"article:modified_time\" content=\"2025-09-24T13:52:36+00:00\" \/>\n<meta name=\"twitter:card\" content=\"summary_large_image\" \/>\n<meta name=\"twitter:label1\" content=\"Tempo di lettura stimato\" \/>\n\t<meta name=\"twitter:data1\" content=\"3 minuti\" \/>\n<!-- \/ Yoast SEO plugin. -->","yoast_head_json":{"title":"Modelli di cucine da esterno pronti all'ordine | OF outdoorkitchens","robots":{"index":"index","follow":"follow","max-snippet":"max-snippet:-1","max-image-preview":"max-image-preview:large","max-video-preview":"max-video-preview:-1"},"canonical":"https:\/\/www.ofoutdoorkitchens.com\/it\/via-nolfi\/","og_locale":"it_IT","og_type":"article","og_title":"Modelli di cucine da esterno pronti all'ordine | OF outdoorkitchens","og_url":"https:\/\/www.ofoutdoorkitchens.com\/it\/via-nolfi\/","og_site_name":"OF Outdoorkitchens","article_publisher":"https:\/\/www.facebook.com\/ofoutdoorkitchens","article_modified_time":"2025-09-24T13:52:36+00:00","twitter_card":"summary_large_image","twitter_misc":{"Tempo di lettura stimato":"3 minuti"},"schema":{"@context":"https:\/\/schema.org","@graph":[{"@type":"WebPage","@id":"https:\/\/www.ofoutdoorkitchens.com\/it\/via-nolfi\/","url":"https:\/\/www.ofoutdoorkitchens.com\/it\/via-nolfi\/","name":"Modelli di cucine da esterno pronti all'ordine | OF outdoorkitchens","isPartOf":{"@id":"https:\/\/www.ofoutdoorkitchens.com\/it\/#website"},"datePublished":"2024-03-07T18:29:04+00:00","dateModified":"2025-09-24T13:52:36+00:00","breadcrumb":{"@id":"https:\/\/www.ofoutdoorkitchens.com\/it\/via-nolfi\/#breadcrumb"},"inLanguage":"it-IT","potentialAction":[{"@type":"ReadAction","target":["https:\/\/www.ofoutdoorkitchens.com\/it\/via-nolfi\/"]}]},{"@type":"BreadcrumbList","@id":"https:\/\/www.ofoutdoorkitchens.com\/it\/via-nolfi\/#breadcrumb","itemListElement":[{"@type":"ListItem","position":1,"name":"Home","item":"https:\/\/www.ofoutdoorkitchens.com\/it\/"},{"@type":"ListItem","position":2,"name":"Via Nolfi"}]},{"@type":"WebSite","@id":"https:\/\/www.ofoutdoorkitchens.com\/it\/#website","url":"https:\/\/www.ofoutdoorkitchens.com\/it\/","name":"OF Outdoorkitchens","description":"","publisher":{"@id":"https:\/\/www.ofoutdoorkitchens.com\/it\/#organization"},"potentialAction":[{"@type":"SearchAction","target":{"@type":"EntryPoint","urlTemplate":"https:\/\/www.ofoutdoorkitchens.com\/it\/?s={search_term_string}"},"query-input":{"@type":"PropertyValueSpecification","valueRequired":true,"valueName":"search_term_string"}}],"inLanguage":"it-IT"},{"@type":"Organization","@id":"https:\/\/www.ofoutdoorkitchens.com\/it\/#organization","name":"OF Outdoorkitchens","url":"https:\/\/www.ofoutdoorkitchens.com\/it\/","logo":{"@type":"ImageObject","inLanguage":"it-IT","@id":"https:\/\/www.ofoutdoorkitchens.com\/it\/#\/schema\/logo\/image\/","url":"https:\/\/www.ofoutdoorkitchens.com\/wp-content\/uploads\/2023\/03\/logo-OF-2023-def150.png","contentUrl":"https:\/\/www.ofoutdoorkitchens.com\/wp-content\/uploads\/2023\/03\/logo-OF-2023-def150.png","width":150,"height":150,"caption":"OF Outdoorkitchens"},"image":{"@id":"https:\/\/www.ofoutdoorkitchens.com\/it\/#\/schema\/logo\/image\/"},"sameAs":["https:\/\/www.facebook.com\/ofoutdoorkitchens","https:\/\/www.instagram.com\/of.outdoorkitchens\/","https:\/\/www.linkedin.com\/company\/of-out-door-kitchens\/"]}]}},"_links":{"self":[{"href":"https:\/\/www.ofoutdoorkitchens.com\/it\/wp-json\/wp\/v2\/pages\/6342","targetHints":{"allow":["GET"]}}],"collection":[{"href":"https:\/\/www.ofoutdoorkitchens.com\/it\/wp-json\/wp\/v2\/pages"}],"about":[{"href":"https:\/\/www.ofoutdoorkitchens.com\/it\/wp-json\/wp\/v2\/types\/page"}],"author":[{"embeddable":true,"href":"https:\/\/www.ofoutdoorkitchens.com\/it\/wp-json\/wp\/v2\/users\/1"}],"replies":[{"embeddable":true,"href":"https:\/\/www.ofoutdoorkitchens.com\/it\/wp-json\/wp\/v2\/comments?post=6342"}],"version-history":[{"count":65,"href":"https:\/\/www.ofoutdoorkitchens.com\/it\/wp-json\/wp\/v2\/pages\/6342\/revisions"}],"predecessor-version":[{"id":8410,"href":"https:\/\/www.ofoutdoorkitchens.com\/it\/wp-json\/wp\/v2\/pages\/6342\/revisions\/8410"}],"wp:attachment":[{"href":"https:\/\/www.ofoutdoorkitchens.com\/it\/wp-json\/wp\/v2\/media?parent=6342"}],"curies":[{"name":"wp","href":"https:\/\/api.w.org\/{rel}","templated":true}]}}