{"id":6341,"date":"2024-03-07T19:29:04","date_gmt":"2024-03-07T18:29:04","guid":{"rendered":"https:\/\/www.ofoutdoorkitchens.com\/?page_id=6341"},"modified":"2024-07-05T17:38:32","modified_gmt":"2024-07-05T15:38:32","slug":"via-nolfi","status":"publish","type":"page","link":"https:\/\/www.ofoutdoorkitchens.com\/fr\/via-nolfi\/","title":{"rendered":"Via Nolfi"},"content":{"rendered":"<section class=\"l-section wpb_row height_medium\"><div class=\"l-section-h i-cf\"><div class=\"g-cols vc_row via_grid cols_2-1 laptops-cols_inherit tablets-cols_inherit mobiles-cols_1 valign_top type_default stacking_default\"><div class=\"wpb_column vc_column_container\"><div class=\"vc_column-inner\"><div class=\"w-slider style_none fit_contain nav_none count_24\"><div class=\"w-slider-h\"><div class=\"royalSlider\"><div class=\"rsContent\"><a class=\"rsImg\" data-rsw=\"1024\" data-rsh=\"768\" data-rsBigImg=\"https:\/\/www.ofoutdoorkitchens.com\/wp-content\/uploads\/2023\/03\/Malta1-1.jpg\" href=\"https:\/\/www.ofoutdoorkitchens.com\/wp-content\/uploads\/2023\/03\/Malta1-1.jpg\"><span data-alt=\"\"><\/span><\/a><\/div><div class=\"rsContent\"><a class=\"rsImg\" data-rsw=\"1200\" data-rsh=\"800\" data-rsBigImg=\"https:\/\/www.ofoutdoorkitchens.com\/wp-content\/uploads\/2023\/03\/cucina12-7511728638.jpg\" href=\"https:\/\/www.ofoutdoorkitchens.com\/wp-content\/uploads\/2023\/03\/cucina12-7511728638.jpg\"><span data-alt=\"\"><\/span><\/a><\/div><div class=\"rsContent\"><a class=\"rsImg\" data-rsw=\"1200\" data-rsh=\"800\" data-rsBigImg=\"https:\/\/www.ofoutdoorkitchens.com\/wp-content\/uploads\/2023\/03\/1-8496547123.png\" href=\"https:\/\/www.ofoutdoorkitchens.com\/wp-content\/uploads\/2023\/03\/1-8496547123.png\"><span data-alt=\"\"><\/span><\/a><\/div><div class=\"rsContent\"><a class=\"rsImg\" data-rsw=\"1280\" data-rsh=\"853\" data-rsBigImg=\"https:\/\/www.ofoutdoorkitchens.com\/wp-content\/uploads\/2023\/03\/Cucina-da-esterno-vintage-scaled.jpg\" href=\"https:\/\/www.ofoutdoorkitchens.com\/wp-content\/uploads\/2023\/03\/Cucina-da-esterno-vintage-scaled.jpg\"><span data-alt=\"\"><\/span><\/a><\/div><div class=\"rsContent\"><a class=\"rsImg\" data-rsw=\"1198\" data-rsh=\"800\" data-rsBigImg=\"https:\/\/www.ofoutdoorkitchens.com\/wp-content\/uploads\/2023\/03\/DSC04479-5432648981.jpg\" href=\"https:\/\/www.ofoutdoorkitchens.com\/wp-content\/uploads\/2023\/03\/DSC04479-5432648981.jpg\"><span data-alt=\"\"><\/span><\/a><\/div><div class=\"rsContent\"><a class=\"rsImg\" data-rsw=\"1280\" data-rsh=\"854\" data-rsBigImg=\"https:\/\/www.ofoutdoorkitchens.com\/wp-content\/uploads\/2023\/07\/image3-corretto-scaled.jpg\" href=\"https:\/\/www.ofoutdoorkitchens.com\/wp-content\/uploads\/2023\/07\/image3-corretto-scaled.jpg\"><span data-alt=\"\"><\/span><\/a><\/div><div class=\"rsContent\"><a class=\"rsImg\" data-rsw=\"1200\" data-rsh=\"900\" data-rsBigImg=\"https:\/\/www.ofoutdoorkitchens.com\/wp-content\/uploads\/2023\/07\/Outdoor-mon-amour-la-passione-per-le-cucine-da-esterno-cresce.webp\" href=\"https:\/\/www.ofoutdoorkitchens.com\/wp-content\/uploads\/2023\/07\/Outdoor-mon-amour-la-passione-per-le-cucine-da-esterno-cresce.webp\"><span data-alt=\"Outdoor mon amour la passione per le cucine da esterno cresce\"><\/span><\/a><\/div><div class=\"rsContent\"><a class=\"rsImg\" data-rsw=\"1280\" data-rsh=\"960\" data-rsBigImg=\"https:\/\/www.ofoutdoorkitchens.com\/wp-content\/uploads\/2023\/03\/sassuolo1-1-scaled.jpg\" href=\"https:\/\/www.ofoutdoorkitchens.com\/wp-content\/uploads\/2023\/03\/sassuolo1-1-scaled.jpg\"><span data-alt=\"\"><\/span><\/a><\/div><div class=\"rsContent\"><a class=\"rsImg\" data-rsw=\"1280\" data-rsh=\"529\" data-rsBigImg=\"https:\/\/www.ofoutdoorkitchens.com\/wp-content\/uploads\/2023\/05\/Cucine-da-esterno-of-outdoor-kitchens-scaled.jpg\" href=\"https:\/\/www.ofoutdoorkitchens.com\/wp-content\/uploads\/2023\/05\/Cucine-da-esterno-of-outdoor-kitchens-scaled.jpg\"><span data-alt=\"\"><\/span><\/a><\/div><div class=\"rsContent\"><a class=\"rsImg\" data-rsw=\"1280\" data-rsh=\"855\" data-rsBigImg=\"https:\/\/www.ofoutdoorkitchens.com\/wp-content\/uploads\/2023\/03\/perche-scegliere-una-cucina-outdoor-ecco-5-motivi-per-acquistare-una-cucina-per-esterno-5-scaled.jpg\" href=\"https:\/\/www.ofoutdoorkitchens.com\/wp-content\/uploads\/2023\/03\/perche-scegliere-una-cucina-outdoor-ecco-5-motivi-per-acquistare-una-cucina-per-esterno-5-scaled.jpg\"><span data-alt=\"\"><\/span><\/a><\/div><div class=\"rsContent\"><a class=\"rsImg\" data-rsw=\"1198\" data-rsh=\"800\" data-rsBigImg=\"https:\/\/www.ofoutdoorkitchens.com\/wp-content\/uploads\/2023\/03\/DSC0032-6476932274.jpg\" href=\"https:\/\/www.ofoutdoorkitchens.com\/wp-content\/uploads\/2023\/03\/DSC0032-6476932274.jpg\"><span data-alt=\"\"><\/span><\/a><\/div><div class=\"rsContent\"><a class=\"rsImg\" data-rsw=\"1024\" data-rsh=\"768\" data-rsBigImg=\"https:\/\/www.ofoutdoorkitchens.com\/wp-content\/uploads\/2023\/03\/2-OFF-1244107596.jpg\" href=\"https:\/\/www.ofoutdoorkitchens.com\/wp-content\/uploads\/2023\/03\/2-OFF-1244107596.jpg\"><span data-alt=\"\"><\/span><\/a><\/div><div class=\"rsContent\"><a class=\"rsImg\" data-rsw=\"1280\" data-rsh=\"960\" data-rsBigImg=\"https:\/\/www.ofoutdoorkitchens.com\/wp-content\/uploads\/2023\/08\/Storia-del-design-outdoor-scaled.webp\" href=\"https:\/\/www.ofoutdoorkitchens.com\/wp-content\/uploads\/2023\/08\/Storia-del-design-outdoor-scaled.webp\"><span data-alt=\"design outdoorkitchens\"><\/span><\/a><\/div><div class=\"rsContent\"><a class=\"rsImg\" data-rsw=\"1280\" data-rsh=\"960\" data-rsBigImg=\"https:\/\/www.ofoutdoorkitchens.com\/wp-content\/uploads\/2023\/09\/Cucine-da-esterno-di-design-il-punto-su-stili-e-tendenze-scaled.webp\" href=\"https:\/\/www.ofoutdoorkitchens.com\/wp-content\/uploads\/2023\/09\/Cucine-da-esterno-di-design-il-punto-su-stili-e-tendenze-scaled.webp\"><span data-alt=\"Cuisines d'ext\u00e9rieur design: faisons le point sur les styles et les tendances\"><\/span><\/a><\/div><div class=\"rsContent\"><a class=\"rsImg\" data-rsw=\"1200\" data-rsh=\"800\" data-rsBigImg=\"https:\/\/www.ofoutdoorkitchens.com\/wp-content\/uploads\/2023\/06\/Cuocere-pizza-nel-barbecue-Cucina-per-esterno-OF.webp\" href=\"https:\/\/www.ofoutdoorkitchens.com\/wp-content\/uploads\/2023\/06\/Cuocere-pizza-nel-barbecue-Cucina-per-esterno-OF.webp\"><span data-alt=\"Come Cuocere pizza nel barbecue Cucina per esterno OF\"><\/span><\/a><\/div><div class=\"rsContent\"><a class=\"rsImg\" data-rsw=\"1280\" data-rsh=\"960\" data-rsBigImg=\"https:\/\/www.ofoutdoorkitchens.com\/wp-content\/uploads\/2023\/03\/apar3-6256614340-scaled.jpg\" href=\"https:\/\/www.ofoutdoorkitchens.com\/wp-content\/uploads\/2023\/03\/apar3-6256614340-scaled.jpg\"><span data-alt=\"\"><\/span><\/a><\/div><div class=\"rsContent\"><a class=\"rsImg\" data-rsw=\"1200\" data-rsh=\"800\" data-rsBigImg=\"https:\/\/www.ofoutdoorkitchens.com\/wp-content\/uploads\/2023\/04\/dove-posizionare-la-tua-nuova-cucina-outdoor-ecco-qualche-idea-per-te-prima-dell-acquisto-89.jpg\" href=\"https:\/\/www.ofoutdoorkitchens.com\/wp-content\/uploads\/2023\/04\/dove-posizionare-la-tua-nuova-cucina-outdoor-ecco-qualche-idea-per-te-prima-dell-acquisto-89.jpg\"><span data-alt=\"\"><\/span><\/a><\/div><div class=\"rsContent\"><a class=\"rsImg\" data-rsw=\"1200\" data-rsh=\"900\" data-rsBigImg=\"https:\/\/www.ofoutdoorkitchens.com\/wp-content\/uploads\/2023\/09\/Guida-acquisto-cucina-da-esterno-vicino-piscina.webp\" href=\"https:\/\/www.ofoutdoorkitchens.com\/wp-content\/uploads\/2023\/09\/Guida-acquisto-cucina-da-esterno-vicino-piscina.webp\"><span data-alt=\"Cucina da esterno vicino piscina all'aperto\"><\/span><\/a><\/div><div class=\"rsContent\"><a class=\"rsImg\" data-rsw=\"1024\" data-rsh=\"768\" data-rsBigImg=\"https:\/\/www.ofoutdoorkitchens.com\/wp-content\/uploads\/2023\/03\/1632133249380-copia-5139472387.jpg\" href=\"https:\/\/www.ofoutdoorkitchens.com\/wp-content\/uploads\/2023\/03\/1632133249380-copia-5139472387.jpg\"><span data-alt=\"\"><\/span><\/a><\/div><div class=\"rsContent\"><a class=\"rsImg\" data-rsw=\"1200\" data-rsh=\"800\" data-rsBigImg=\"https:\/\/www.ofoutdoorkitchens.com\/wp-content\/uploads\/2023\/03\/IMG_0344-Modifica-copia-1352112910.jpg\" href=\"https:\/\/www.ofoutdoorkitchens.com\/wp-content\/uploads\/2023\/03\/IMG_0344-Modifica-copia-1352112910.jpg\"><span data-alt=\"\"><\/span><\/a><\/div><div class=\"rsContent\"><a class=\"rsImg\" data-rsw=\"1280\" data-rsh=\"853\" data-rsBigImg=\"https:\/\/www.ofoutdoorkitchens.com\/wp-content\/uploads\/2023\/03\/PHOTO-2022-07-06-12-10-36-1783305861-scaled.jpg\" href=\"https:\/\/www.ofoutdoorkitchens.com\/wp-content\/uploads\/2023\/03\/PHOTO-2022-07-06-12-10-36-1783305861-scaled.jpg\"><span data-alt=\"\"><\/span><\/a><\/div><div class=\"rsContent\"><a class=\"rsImg\" data-rsw=\"1280\" data-rsh=\"854\" data-rsBigImg=\"https:\/\/www.ofoutdoorkitchens.com\/wp-content\/uploads\/2023\/03\/cucine-da-esterno-e-casa-cosi-aumenta-il-valore-del-tuo-immobile-11-scaled.jpg\" href=\"https:\/\/www.ofoutdoorkitchens.com\/wp-content\/uploads\/2023\/03\/cucine-da-esterno-e-casa-cosi-aumenta-il-valore-del-tuo-immobile-11-scaled.jpg\"><span data-alt=\"\"><\/span><\/a><\/div><div class=\"rsContent\"><a class=\"rsImg\" data-rsw=\"1200\" data-rsh=\"800\" data-rsBigImg=\"https:\/\/www.ofoutdoorkitchens.com\/wp-content\/uploads\/2023\/03\/Salone-del-Mobile-Effetto-Ruggine-2.jpg\" href=\"https:\/\/www.ofoutdoorkitchens.com\/wp-content\/uploads\/2023\/03\/Salone-del-Mobile-Effetto-Ruggine-2.jpg\"><span data-alt=\"\"><\/span><\/a><\/div><div class=\"rsContent\"><a class=\"rsImg\" data-rsw=\"1200\" data-rsh=\"800\" data-rsBigImg=\"https:\/\/www.ofoutdoorkitchens.com\/wp-content\/uploads\/2023\/03\/fano1-1.jpg\" href=\"https:\/\/www.ofoutdoorkitchens.com\/wp-content\/uploads\/2023\/03\/fano1-1.jpg\"><span data-alt=\"\"><\/span><\/a><\/div><\/div><img decoding=\"async\" src=\"https:\/\/www.ofoutdoorkitchens.com\/wp-content\/uploads\/2023\/03\/Malta1-1.jpg\" width=\"1024\" height=\"768\" alt loading=\"lazy\"><\/div><div class=\"w-slider-json\" onclick='return {&quot;autoScaleSlider&quot;:true,&quot;addActiveClass&quot;:true,&quot;loop&quot;:true,&quot;fadeInLoadedSlide&quot;:false,&quot;slidesSpacing&quot;:0,&quot;imageScalePadding&quot;:0,&quot;numImagesToPreload&quot;:2,&quot;arrowsNav&quot;:true,&quot;arrowsNavAutoHide&quot;:false,&quot;transitionType&quot;:&quot;move&quot;,&quot;transitionSpeed&quot;:250,&quot;block&quot;:{&quot;moveEffect&quot;:&quot;none&quot;,&quot;speed&quot;:300},&quot;thumbs&quot;:{&quot;fitInViewport&quot;:false,&quot;firstMargin&quot;:false,&quot;spacing&quot;:4},&quot;controlNavigation&quot;:&quot;none&quot;,&quot;fullscreen&quot;:{&quot;enabled&quot;:true},&quot;autoScaleSliderWidth&quot;:1024,&quot;autoScaleSliderHeight&quot;:768}'><\/div><\/div><\/div><\/div><div class=\"wpb_column vc_column_container\"><div class=\"vc_column-inner\"><div class=\"wpb_text_column\"><div class=\"wpb_wrapper\"><h2 style=\"text-align: left;\"><span style=\"color: #5e5e5e;\"><strong>Via Nolfi<\/strong><\/span><\/h2>\n<\/div><\/div><div class=\"wpb_text_column\"><div class=\"wpb_wrapper\"><p style=\"text-align: left;\">Avec un design rigoureux et \u00e9pur\u00e9, gr\u00e2ce au profil \u00e0 rainure qui permet d&#8217;ouvrir les portes et les tiroirs sans poign\u00e9es, Via Nolfi est disponible dans la version murale et \u00eelot et se caract\u00e9rise par sa large modularit\u00e9 qui permet des combinaisons et des compositions uniques et infinies, en plus des 5 compositions de base propos\u00e9es par OF.<\/p>\n<\/div><\/div><\/div><\/div><\/div><\/div><\/section><section class=\"l-section wpb_row height_large\"><div class=\"l-section-h i-cf\"><div class=\"g-cols vc_row via_grid cols_1 laptops-cols_inherit tablets-cols_inherit mobiles-cols_1 valign_top type_default stacking_default\"><div class=\"wpb_column vc_column_container\"><div class=\"vc_column-inner\"><div class=\"w-hwrapper valign_top align_none\" style=\"--hwrapper-gap:1.20rem\"><div class=\"w-btn-wrapper align_none\"><a class=\"w-btn us-btn-style_1 icon_atright\" target=\"_blank\" rel=\"nofollow\" title=\"Scarica il catalogo\" href=\"https:\/\/www.ofoutdoorkitchens.com\/wp-content\/uploads\/2024\/06\/OF-outdoorkitchens-Catalogo-Tecnico-2023.pdf\"><span class=\"w-btn-label\">scarica il catalogo 2023<\/span><i class=\"fas fa-long-arrow-down\"><\/i><\/a><\/div><div class=\"w-btn-wrapper align_none\"><a class=\"w-btn us-btn-style_1 icon_atright\" title=\"istruzioni montaggio\" href=\"https:\/\/www.ofoutdoorkitchens.com\/it\/istruzioni-montaggio\/\"><span class=\"w-btn-label\">istruzioni di montaggio<\/span><i class=\"fas fa-long-arrow-down\"><\/i><\/a><\/div><div class=\"w-btn-wrapper align_none\"><a class=\"w-btn us-btn-style_1 icon_atright\" title=\"Pulizia\" href=\"https:\/\/www.ofoutdoorkitchens.com\/it\/pulizia\/\"><span class=\"w-btn-label\">istruzioni per la pulizia<\/span><i class=\"fas fa-long-arrow-down\"><\/i><\/a><\/div><\/div><div class=\"w-separator size_medium with_line width_default thick_1 style_solid color_border align_center\"><div class=\"w-separator-h\"><\/div><\/div><div class=\"wpb_text_column\"><div class=\"wpb_wrapper\"><p>OF outdoorkitchens \u00e8 leader nella produzione di cucine da esterno in acciaio inox modulari.<\/p>\n<p>I <strong>modelli di cucine da esterno pronti all&#8217;ordine<\/strong> di OF sono pensati per mettere al centro del progetto, il \u201cbello\u201d abitativo dei nostri clienti, unito al materiale eterno per antonomasia, l\u2019acciaio, il tutto coniugato con un design d\u2019avanguardia e soluzioni estetiche di prim\u2019ordine. Il focus del progetto \u00e8, infatti, la gestione modulare degli spazi e del contenimento, come sinora solo all\u2019interno dell\u2019abitazione era possibile. OF d\u00e0 un nuovo sapore alla vita di casa, allargandone i confini allo spazio outdoor, unendo convivialit\u00e0 e personalit\u00e0, libert\u00e0 della vita all\u2019aperto senza rinunciare ad alcuna delle comodit\u00e0 a cui siamo abituati: dal barbecue professionale a tutti gli attrezzi necessari per cucinare all\u2019aperto.<\/p>\n<h3>Ecco perch\u00e9 scegliere OF outdoorkitchens:<\/h3>\n<ul>\n<li>Le cucine OF outdoorkitchens, sempre di grande pregio e rifinite con grande cura;<br \/>\nSono modulari e pertanto costruite &#8220;in serie&#8221;. Le basi ad una o due ante disponibili in 3 misure. Abbiamo inoltre diverse tipologie di cassettiere con un\u2019unica costante: l\u2019 acciaio inox.<\/li>\n<li>OF outdoorkitchens gode di tutta l\u2019esperienza e la tecnologia di Officine Fanesi, per garantire, anche all\u2019esterno, la gestione modulare degli spazi tipica dell\u2019ambiente interno;<\/li>\n<li>OF outdoorkitchens \u00e8 particolarmente attenta al prezzo e alla facilit\u00e0 propositiva. Un\u2019azienda smart basata sul concetto di componibilit\u00e0.<\/li>\n<\/ul>\n<\/div><\/div><div class=\"w-grid type_grid layout_344 cols_3 valign_center ratio_1x1\" id=\"us_grid_1\" style=\"--gap:20px;\" data-filterable=\"true\"><style>@media (max-width:1024px){#us_grid_1 .w-grid-item{width:50%}#us_grid_1 .w-grid-item.size_2x1,#us_grid_1 .w-grid-item.size_2x2{width:100%}}@media (max-width:600px){#us_grid_1 .w-grid-list{margin:0}#us_grid_1 .w-grid-item{width:100%;padding:0;margin-bottom:var(--gap,0px)}}#us_grid_1 .w-grid-item-h:before{padding-bottom:100%}.layout_344 .w-grid-item-h:before{padding-bottom:100%}@media (min-width:601px){.layout_344 .w-grid-item.size_1x2 .w-grid-item-h:before{padding-bottom:calc(200% + var(--gap,0px) * 2)}.layout_344 .w-grid-item.size_2x1 .w-grid-item-h:before{padding-bottom:calc(50% - var(--gap,0px) * 1)}.layout_344 .w-grid-item.size_2x2 .w-grid-item-h:before{padding-bottom:calc(100% - var(--gap,0px) * 0)}}.layout_344 .w-grid-item-h{}.layout_344 .usg_post_image_1{transition-duration:0.25s;transform-origin:50% 50%;transform:scale(1) translate(0%,0%)}.layout_344 .w-grid-item-h:hover .usg_post_image_1{transform:scale(1) translate(0%,0%);opacity:0.1}.layout_344 .usg_post_title_1{transition-duration:0.25s;transform-origin:50% 50%;transform:scale(1) translate(0%,-50%);opacity:0}.layout_344 .w-grid-item-h:hover .usg_post_title_1{transform:scale(1) translate(0%,0%);opacity:1}.layout_344 .usg_post_taxonomy_1{transition-duration:0.25s;transform-origin:50% 50%;transform:scale(1) translate(0%,75%);opacity:0}.layout_344 .w-grid-item-h:hover .usg_post_taxonomy_1{transform:scale(1) translate(0%,0%);opacity:0.9}.layout_344 .usg_post_content_1{transition-duration:0.3s;transform-origin:50% 50%;transform:scale(1) translate(0%,0%);opacity:0}.layout_344 .w-grid-item-h:hover .usg_post_content_1{transform:scale(1) translate(0%,0%);opacity:1}.layout_344 .usg_post_image_1{position:absolute!important;left:0!important;top:0!important;bottom:0!important;right:0!important}.layout_344 .usg_vwrapper_1{position:absolute!important;top:0!important;right:0!important;bottom:0!important;left:0!important;padding:4rem!important}.layout_344 .usg_post_title_1{color:inherit!important;font-size:1.4rem!important}<\/style><div class=\"w-grid-list\">\t<article class=\"w-grid-item size_1x1 post-3446 us_portfolio type-us_portfolio status-publish has-post-thumbnail hentry us_portfolio_category-cuisines-dexterieur\" data-id=\"3446\">\r\n\t\t<div class=\"w-grid-item-h\">\r\n\t\t\t\t\t\t\t<a href=\"https:\/\/www.ofoutdoorkitchens.com\/fr\/portfolio\/via-nolfi-527\/\" class=\"w-grid-item-anchor\" aria-label=\"Via Nolfi 527\"><\/a>\r\n\t\t\t\t\t\t<div class=\"w-post-elm post_image usg_post_image_1 stretched\"><img loading=\"lazy\" decoding=\"async\" width=\"1024\" height=\"724\" src=\"https:\/\/www.ofoutdoorkitchens.com\/wp-content\/uploads\/2023\/03\/527_PP-1024x724.jpg\" class=\"attachment-large size-large wp-post-image\" alt=\"\" srcset=\"https:\/\/www.ofoutdoorkitchens.com\/wp-content\/uploads\/2023\/03\/527_PP-1024x724.jpg 1024w, https:\/\/www.ofoutdoorkitchens.com\/wp-content\/uploads\/2023\/03\/527_PP-300x212.jpg 300w, https:\/\/www.ofoutdoorkitchens.com\/wp-content\/uploads\/2023\/03\/527_PP-scaled.jpg 1280w\" sizes=\"auto, (max-width: 1024px) 100vw, 1024px\" \/><\/div><div class=\"w-vwrapper usg_vwrapper_1 grid_style_12 align_center valign_middle\"><h2 class=\"w-post-elm post_title usg_post_title_1 has_text_color entry-title color_link_inherit\">Via Nolfi 527<\/h2><div class=\"w-post-elm post_taxonomy usg_post_taxonomy_1 style_simple color_link_inherit\"><a class=\"term-54 term-cuisines-dexterieur\" href=\"https:\/\/www.ofoutdoorkitchens.com\/fr\/portfolio_category\/cuisines-dexterieur\/\">Cuisines d'ext\u00e9rieur<\/a><\/div><div class=\"w-post-elm post_content usg_post_content_1\">DIMENSIONES: L 210,8 CM<\/div><\/div>\t\t<\/div>\r\n\t\t\t<\/article>\r\n\t<article class=\"w-grid-item size_1x1 post-3535 us_portfolio type-us_portfolio status-publish has-post-thumbnail hentry us_portfolio_category-cuisines-dexterieur\" data-id=\"3535\">\r\n\t\t<div class=\"w-grid-item-h\">\r\n\t\t\t\t\t\t\t<a href=\"https:\/\/www.ofoutdoorkitchens.com\/fr\/portfolio\/via-nolfi-528\/\" class=\"w-grid-item-anchor\" aria-label=\"Via Nolfi 528\"><\/a>\r\n\t\t\t\t\t\t<div class=\"w-post-elm post_image usg_post_image_1 stretched\"><img loading=\"lazy\" decoding=\"async\" width=\"1024\" height=\"722\" src=\"https:\/\/www.ofoutdoorkitchens.com\/wp-content\/uploads\/2023\/01\/528_PP-1024x722.jpg\" class=\"attachment-large size-large wp-post-image\" alt=\"\" srcset=\"https:\/\/www.ofoutdoorkitchens.com\/wp-content\/uploads\/2023\/01\/528_PP-1024x722.jpg 1024w, https:\/\/www.ofoutdoorkitchens.com\/wp-content\/uploads\/2023\/01\/528_PP-300x211.jpg 300w, https:\/\/www.ofoutdoorkitchens.com\/wp-content\/uploads\/2023\/01\/528_PP-scaled.jpg 1280w\" sizes=\"auto, (max-width: 1024px) 100vw, 1024px\" \/><\/div><div class=\"w-vwrapper usg_vwrapper_1 grid_style_12 align_center valign_middle\"><h2 class=\"w-post-elm post_title usg_post_title_1 has_text_color entry-title color_link_inherit\">Via Nolfi 528<\/h2><div class=\"w-post-elm post_taxonomy usg_post_taxonomy_1 style_simple color_link_inherit\"><a class=\"term-54 term-cuisines-dexterieur\" href=\"https:\/\/www.ofoutdoorkitchens.com\/fr\/portfolio_category\/cuisines-dexterieur\/\">Cuisines d'ext\u00e9rieur<\/a><\/div><div class=\"w-post-elm post_content usg_post_content_1\">DIMENSIONES:\u00a0L 330,8 CM<\/div><\/div>\t\t<\/div>\r\n\t\t\t<\/article>\r\n\t<article class=\"w-grid-item size_1x1 post-3533 us_portfolio type-us_portfolio status-publish has-post-thumbnail hentry us_portfolio_category-cuisines-dexterieur\" data-id=\"3533\">\r\n\t\t<div class=\"w-grid-item-h\">\r\n\t\t\t\t\t\t\t<a href=\"https:\/\/www.ofoutdoorkitchens.com\/fr\/portfolio\/via-nolfi-529\/\" class=\"w-grid-item-anchor\" aria-label=\"Via Nolfi 529\"><\/a>\r\n\t\t\t\t\t\t<div class=\"w-post-elm post_image usg_post_image_1 stretched\"><img loading=\"lazy\" decoding=\"async\" width=\"800\" height=\"600\" src=\"https:\/\/www.ofoutdoorkitchens.com\/wp-content\/uploads\/2023\/01\/via-nolfi-529-ok.jpg\" class=\"attachment-large size-large wp-post-image\" alt=\"\" srcset=\"https:\/\/www.ofoutdoorkitchens.com\/wp-content\/uploads\/2023\/01\/via-nolfi-529-ok.jpg 800w, https:\/\/www.ofoutdoorkitchens.com\/wp-content\/uploads\/2023\/01\/via-nolfi-529-ok-300x225.jpg 300w\" sizes=\"auto, (max-width: 800px) 100vw, 800px\" \/><\/div><div class=\"w-vwrapper usg_vwrapper_1 grid_style_12 align_center valign_middle\"><h2 class=\"w-post-elm post_title usg_post_title_1 has_text_color entry-title color_link_inherit\">Via Nolfi 529<\/h2><div class=\"w-post-elm post_taxonomy usg_post_taxonomy_1 style_simple color_link_inherit\"><a class=\"term-54 term-cuisines-dexterieur\" href=\"https:\/\/www.ofoutdoorkitchens.com\/fr\/portfolio_category\/cuisines-dexterieur\/\">Cuisines d'ext\u00e9rieur<\/a><\/div><div class=\"w-post-elm post_content usg_post_content_1\">DIMENSIONES:\u00a0L 270,8 CM<\/div><\/div>\t\t<\/div>\r\n\t\t\t<\/article>\r\n\t<article class=\"w-grid-item size_1x1 post-3531 us_portfolio type-us_portfolio status-publish has-post-thumbnail hentry us_portfolio_category-cuisines-dexterieur\" data-id=\"3531\">\r\n\t\t<div class=\"w-grid-item-h\">\r\n\t\t\t\t\t\t\t<a href=\"https:\/\/www.ofoutdoorkitchens.com\/fr\/portfolio\/via-nolfi-530\/\" class=\"w-grid-item-anchor\" aria-label=\"Via Nolfi 530\"><\/a>\r\n\t\t\t\t\t\t<div class=\"w-post-elm post_image usg_post_image_1 stretched\"><img loading=\"lazy\" decoding=\"async\" width=\"1024\" height=\"777\" src=\"https:\/\/www.ofoutdoorkitchens.com\/wp-content\/uploads\/2023\/01\/via-nolfi-530-14-1024x777.jpg\" class=\"attachment-large size-large wp-post-image\" alt=\"\" srcset=\"https:\/\/www.ofoutdoorkitchens.com\/wp-content\/uploads\/2023\/01\/via-nolfi-530-14-1024x777.jpg 1024w, https:\/\/www.ofoutdoorkitchens.com\/wp-content\/uploads\/2023\/01\/via-nolfi-530-14-300x228.jpg 300w, https:\/\/www.ofoutdoorkitchens.com\/wp-content\/uploads\/2023\/01\/via-nolfi-530-14.jpg 1200w\" sizes=\"auto, (max-width: 1024px) 100vw, 1024px\" \/><\/div><div class=\"w-vwrapper usg_vwrapper_1 grid_style_12 align_center valign_middle\"><h2 class=\"w-post-elm post_title usg_post_title_1 has_text_color entry-title color_link_inherit\">Via Nolfi 530<\/h2><div class=\"w-post-elm post_taxonomy usg_post_taxonomy_1 style_simple color_link_inherit\"><a class=\"term-54 term-cuisines-dexterieur\" href=\"https:\/\/www.ofoutdoorkitchens.com\/fr\/portfolio_category\/cuisines-dexterieur\/\">Cuisines d'ext\u00e9rieur<\/a><\/div><div class=\"w-post-elm post_content usg_post_content_1\">DIMENSIONES: L 270,8 CM<\/div><\/div>\t\t<\/div>\r\n\t\t\t<\/article>\r\n\t<article class=\"w-grid-item size_1x1 post-3444 us_portfolio type-us_portfolio status-publish has-post-thumbnail hentry us_portfolio_category-cuisines-dexterieur\" data-id=\"3444\">\r\n\t\t<div class=\"w-grid-item-h\">\r\n\t\t\t\t\t\t\t<a href=\"https:\/\/www.ofoutdoorkitchens.com\/fr\/portfolio\/via-nolfi-531\/\" class=\"w-grid-item-anchor\" aria-label=\"Via Nolfi 531\"><\/a>\r\n\t\t\t\t\t\t<div class=\"w-post-elm post_image usg_post_image_1 stretched\"><img loading=\"lazy\" decoding=\"async\" width=\"800\" height=\"600\" src=\"https:\/\/www.ofoutdoorkitchens.com\/wp-content\/uploads\/2023\/03\/via-nolfi-531.jpg\" class=\"attachment-large size-large wp-post-image\" alt=\"\" srcset=\"https:\/\/www.ofoutdoorkitchens.com\/wp-content\/uploads\/2023\/03\/via-nolfi-531.jpg 800w, https:\/\/www.ofoutdoorkitchens.com\/wp-content\/uploads\/2023\/03\/via-nolfi-531-300x225.jpg 300w\" sizes=\"auto, (max-width: 800px) 100vw, 800px\" \/><\/div><div class=\"w-vwrapper usg_vwrapper_1 grid_style_12 align_center valign_middle\"><h2 class=\"w-post-elm post_title usg_post_title_1 has_text_color entry-title color_link_inherit\">Via Nolfi 531<\/h2><div class=\"w-post-elm post_taxonomy usg_post_taxonomy_1 style_simple color_link_inherit\"><a class=\"term-54 term-cuisines-dexterieur\" href=\"https:\/\/www.ofoutdoorkitchens.com\/fr\/portfolio_category\/cuisines-dexterieur\/\">Cuisines d'ext\u00e9rieur<\/a><\/div><div class=\"w-post-elm post_content usg_post_content_1\">DIMENSIONES: L 270,8 CM<\/div><\/div>\t\t<\/div>\r\n\t\t\t<\/article>\r\n<\/div><div class=\"w-grid-preloader\">\t<div class=\"g-preloader type_1\">\r\n\t\t<div><\/div>\r\n\t<\/div>\r\n\t<\/div>\t<div class=\"w-grid-json hidden\" onclick='return {&quot;action&quot;:&quot;us_ajax_grid&quot;,&quot;infinite_scroll&quot;:0,&quot;max_num_pages&quot;:1,&quot;pagination&quot;:&quot;none&quot;,&quot;template_vars&quot;:{&quot;columns&quot;:&quot;3&quot;,&quot;exclude_items&quot;:&quot;none&quot;,&quot;img_size&quot;:&quot;large&quot;,&quot;ignore_items_size&quot;:0,&quot;items_layout&quot;:&quot;344&quot;,&quot;items_offset&quot;:&quot;1&quot;,&quot;load_animation&quot;:&quot;none&quot;,&quot;overriding_link&quot;:&quot;%7B%22type%22%3A%22post%22%7D&quot;,&quot;post_id&quot;:0,&quot;query_args&quot;:{&quot;post_type&quot;:[&quot;us_portfolio&quot;],&quot;tax_query&quot;:[{&quot;taxonomy&quot;:&quot;us_portfolio_category&quot;,&quot;field&quot;:&quot;slug&quot;,&quot;terms&quot;:[&quot;cucine-da-esterno&quot;]}],&quot;post_status&quot;:[&quot;publish&quot;,&quot;mapped&quot;,&quot;needs_update&quot;],&quot;posts_per_page&quot;:&quot;100&quot;},&quot;orderby_query_args&quot;:{&quot;orderby&quot;:{&quot;title&quot;:&quot;ASC&quot;},&quot;order&quot;:&quot;ASC&quot;},&quot;type&quot;:&quot;grid&quot;,&quot;us_grid_post_type&quot;:&quot;us_portfolio&quot;,&quot;us_grid_ajax_index&quot;:1,&quot;us_grid_filter_query_string&quot;:null,&quot;us_grid_index&quot;:1,&quot;page_args&quot;:[],&quot;lang&quot;:&quot;fr&quot;}}'><\/div>\r\n\t<\/div><div class=\"w-separator size_medium with_line width_default thick_1 style_solid color_border align_center\"><div class=\"w-separator-h\"><\/div><\/div><\/div><\/div><\/div><\/div><\/section><section class=\"l-section wpb_row height_auto\" id=\"personaliz\"><div class=\"l-section-h i-cf\"><div class=\"g-cols vc_row via_grid cols_1-2 laptops-cols_inherit tablets-cols_inherit mobiles-cols_1 valign_top type_default stacking_default\"><div class=\"wpb_column vc_column_container\"><div class=\"vc_column-inner\"><div class=\"wpb_text_column\"><div class=\"wpb_wrapper\"><h2>Cuisines \u00e0 personnaliser<\/h2>\n<\/div><\/div><div class=\"w-separator size_medium\"><\/div><div class=\"wpb_text_column\"><div class=\"wpb_wrapper\"><p><strong>Ta cuisine en acier.<\/strong><br \/>\n<strong>Seulement \u00e0 toi<\/strong><\/p>\n<p>Aucune de nos cuisines d&#8217;ext\u00e9rieur standard en acier ne r\u00e9pond \u00e0 tes exigences de style et d&#8217;espace?<br \/>\nPas de probl\u00e8me.<br \/>\nAvec OF outdoorkitchens tu peux concevoir ta solution dans les moindres d\u00e9tails et finitions. Ce sera ta cuisine en acier. Seulement \u00e0 toi.<br \/>\nAu sens propre du terme<\/p>\n<p>&nbsp;<\/p>\n<p><strong>D\u00e9couvre toutes les possibilit\u00e9s de personnalisation.<\/strong><\/p>\n<\/div><\/div><div class=\"w-separator size_medium\"><\/div><div class=\"w-btn-wrapper align_none\"><a class=\"w-btn us-btn-style_1 icon_atright\" title=\"Outdoor kitchens to customize\" href=\"https:\/\/www.ofoutdoorkitchens.com\/fr\/cuisines-a-personnaliser\/\"><span class=\"w-btn-label\">Voir toutes les options<\/span><i class=\"far fa-long-arrow-right\"><\/i><\/a><\/div><\/div><\/div><div class=\"wpb_column vc_column_container\"><div class=\"vc_column-inner\"><div class=\"w-image align_none\"><div class=\"w-image-h\"><img decoding=\"async\" width=\"1280\" height=\"998\" src=\"https:\/\/www.ofoutdoorkitchens.com\/wp-content\/uploads\/2023\/03\/OF_cucina-tecnica-personaliz2.jpg\" class=\"attachment-full size-full\" alt=\"\" loading=\"lazy\" srcset=\"https:\/\/www.ofoutdoorkitchens.com\/wp-content\/uploads\/2023\/03\/OF_cucina-tecnica-personaliz2.jpg 1280w, https:\/\/www.ofoutdoorkitchens.com\/wp-content\/uploads\/2023\/03\/OF_cucina-tecnica-personaliz2-300x234.jpg 300w, https:\/\/www.ofoutdoorkitchens.com\/wp-content\/uploads\/2023\/03\/OF_cucina-tecnica-personaliz2-1024x798.jpg 1024w\" sizes=\"auto, (max-width: 1280px) 100vw, 1280px\" \/><\/div><\/div><\/div><\/div><\/div><\/div><\/section><section class=\"l-section wpb_row height_auto\"><div class=\"l-section-h i-cf\"><div class=\"g-cols vc_row via_grid cols_1 laptops-cols_inherit tablets-cols_inherit mobiles-cols_1 valign_top type_default stacking_default\"><div class=\"wpb_column vc_column_container\"><div class=\"vc_column-inner\"><div class=\"w-separator size_medium with_line width_default thick_1 style_solid color_border align_center\"><div class=\"w-separator-h\"><\/div><\/div><\/div><\/div><\/div><\/div><\/section><section class=\"l-section wpb_row height_auto\"><div class=\"l-section-h i-cf\"><div class=\"g-cols vc_row via_grid cols_1 laptops-cols_inherit tablets-cols_inherit mobiles-cols_1 valign_top type_default stacking_default\"><div class=\"wpb_column vc_column_container\"><div class=\"vc_column-inner\"><div class=\"w-hwrapper valign_top align_none\" style=\"--hwrapper-gap:1.20rem\"><div class=\"w-btn-wrapper align_none\"><a class=\"w-btn us-btn-style_1 icon_atright\" title=\"Download catalogue\" target=\"_blank\" rel=\"nofollow\" href=\"https:\/\/www.ofoutdoorkitchens.com\/fr\/telecharger-le-catalogue\/\"><span class=\"w-btn-label\">T\u00e9l\u00e9charger le catalogue 2023<\/span><i class=\"fas fa-long-arrow-down\"><\/i><\/a><\/div><div class=\"w-btn-wrapper align_none\"><a class=\"w-btn us-btn-style_1 icon_atright\" title=\"istruzioni montaggio\" href=\"https:\/\/www.ofoutdoorkitchens.com\/fr\/instructions-de-montage\/\"><span class=\"w-btn-label\">Instructions de montage<\/span><i class=\"fas fa-long-arrow-down\"><\/i><\/a><\/div><div class=\"w-btn-wrapper align_none\"><a class=\"w-btn us-btn-style_1 icon_atright\" title=\"Cleaning\" href=\"https:\/\/www.ofoutdoorkitchens.com\/fr\/nettoyage\/\"><span class=\"w-btn-label\">Nettoyage<\/span><i class=\"fas fa-long-arrow-down\"><\/i><\/a><\/div><\/div><div class=\"w-separator size_medium\"><\/div><\/div><\/div><\/div><\/div><\/section>\n","protected":false},"excerpt":{"rendered":"DIMENSIONES: L 270,8 CM Cuisine d&#8217;ext\u00e9rieur en acier inox d\u00e9labr\u00e9 compl\u00e8te de base vantail gauche (60cm) avec cuisini\u00e8re \u00e0 gaz, base \u00e0 deux vantaux (90cm) avec barbecue 4 feux, base frigo (62cm), base \u00e9vier (60cm) avec \u00e9vier sur plan et robinet \u201csquare\u201d. \u00c9galement disponible dans la version \u00eelot. \u00c9galement disponible avec \u00e9vier \u00e0 gauche (Via...","protected":false},"author":1,"featured_media":0,"parent":0,"menu_order":0,"comment_status":"closed","ping_status":"closed","template":"","meta":{"om_disable_all_campaigns":false,"_uf_show_specific_survey":0,"_uf_disable_surveys":false,"footnotes":""},"class_list":["post-6341","page","type-page","status-publish","hentry"],"yoast_head":"<!-- This site is optimized with the Yoast SEO plugin v23.4 - https:\/\/yoast.com\/wordpress\/plugins\/seo\/ -->\n<title>Via Nolfi - OF Outdoorkitchens<\/title>\n<meta name=\"robots\" content=\"index, follow, max-snippet:-1, max-image-preview:large, max-video-preview:-1\" \/>\n<link rel=\"canonical\" href=\"https:\/\/www.ofoutdoorkitchens.com\/fr\/via-nolfi\/\" \/>\n<meta property=\"og:locale\" content=\"fr_FR\" \/>\n<meta property=\"og:type\" content=\"article\" \/>\n<meta property=\"og:title\" content=\"Via Nolfi - OF Outdoorkitchens\" \/>\n<meta property=\"og:url\" content=\"https:\/\/www.ofoutdoorkitchens.com\/fr\/via-nolfi\/\" \/>\n<meta property=\"og:site_name\" content=\"OF Outdoorkitchens\" \/>\n<meta property=\"article:publisher\" content=\"https:\/\/www.facebook.com\/ofoutdoorkitchens\" \/>\n<meta property=\"article:modified_time\" content=\"2024-07-05T15:38:32+00:00\" \/>\n<meta name=\"twitter:card\" content=\"summary_large_image\" \/>\n<meta name=\"twitter:label1\" content=\"Dur\u00e9e de lecture estim\u00e9e\" \/>\n\t<meta name=\"twitter:data1\" content=\"2 minutes\" \/>\n<!-- \/ Yoast SEO plugin. -->","yoast_head_json":{"title":"Via Nolfi - OF Outdoorkitchens","robots":{"index":"index","follow":"follow","max-snippet":"max-snippet:-1","max-image-preview":"max-image-preview:large","max-video-preview":"max-video-preview:-1"},"canonical":"https:\/\/www.ofoutdoorkitchens.com\/fr\/via-nolfi\/","og_locale":"fr_FR","og_type":"article","og_title":"Via Nolfi - OF Outdoorkitchens","og_url":"https:\/\/www.ofoutdoorkitchens.com\/fr\/via-nolfi\/","og_site_name":"OF Outdoorkitchens","article_publisher":"https:\/\/www.facebook.com\/ofoutdoorkitchens","article_modified_time":"2024-07-05T15:38:32+00:00","twitter_card":"summary_large_image","twitter_misc":{"Dur\u00e9e de lecture estim\u00e9e":"2 minutes"},"schema":{"@context":"https:\/\/schema.org","@graph":[{"@type":"WebPage","@id":"https:\/\/www.ofoutdoorkitchens.com\/fr\/via-nolfi\/","url":"https:\/\/www.ofoutdoorkitchens.com\/fr\/via-nolfi\/","name":"Via Nolfi - OF Outdoorkitchens","isPartOf":{"@id":"https:\/\/www.ofoutdoorkitchens.com\/fr\/#website"},"datePublished":"2024-03-07T18:29:04+00:00","dateModified":"2024-07-05T15:38:32+00:00","breadcrumb":{"@id":"https:\/\/www.ofoutdoorkitchens.com\/fr\/via-nolfi\/#breadcrumb"},"inLanguage":"fr-FR","potentialAction":[{"@type":"ReadAction","target":["https:\/\/www.ofoutdoorkitchens.com\/fr\/via-nolfi\/"]}]},{"@type":"BreadcrumbList","@id":"https:\/\/www.ofoutdoorkitchens.com\/fr\/via-nolfi\/#breadcrumb","itemListElement":[{"@type":"ListItem","position":1,"name":"Home","item":"https:\/\/www.ofoutdoorkitchens.com\/fr\/"},{"@type":"ListItem","position":2,"name":"Via Nolfi"}]},{"@type":"WebSite","@id":"https:\/\/www.ofoutdoorkitchens.com\/fr\/#website","url":"https:\/\/www.ofoutdoorkitchens.com\/fr\/","name":"OF Outdoorkitchens","description":"","publisher":{"@id":"https:\/\/www.ofoutdoorkitchens.com\/fr\/#organization"},"potentialAction":[{"@type":"SearchAction","target":{"@type":"EntryPoint","urlTemplate":"https:\/\/www.ofoutdoorkitchens.com\/fr\/?s={search_term_string}"},"query-input":{"@type":"PropertyValueSpecification","valueRequired":true,"valueName":"search_term_string"}}],"inLanguage":"fr-FR"},{"@type":"Organization","@id":"https:\/\/www.ofoutdoorkitchens.com\/fr\/#organization","name":"OF Outdoorkitchens","url":"https:\/\/www.ofoutdoorkitchens.com\/fr\/","logo":{"@type":"ImageObject","inLanguage":"fr-FR","@id":"https:\/\/www.ofoutdoorkitchens.com\/fr\/#\/schema\/logo\/image\/","url":"https:\/\/www.ofoutdoorkitchens.com\/wp-content\/uploads\/2023\/03\/logo-OF-2023-def150.png","contentUrl":"https:\/\/www.ofoutdoorkitchens.com\/wp-content\/uploads\/2023\/03\/logo-OF-2023-def150.png","width":150,"height":150,"caption":"OF Outdoorkitchens"},"image":{"@id":"https:\/\/www.ofoutdoorkitchens.com\/fr\/#\/schema\/logo\/image\/"},"sameAs":["https:\/\/www.facebook.com\/ofoutdoorkitchens","https:\/\/www.instagram.com\/of.outdoorkitchens\/","https:\/\/www.linkedin.com\/company\/of-out-door-kitchens\/"]}]}},"_links":{"self":[{"href":"https:\/\/www.ofoutdoorkitchens.com\/fr\/wp-json\/wp\/v2\/pages\/6341","targetHints":{"allow":["GET"]}}],"collection":[{"href":"https:\/\/www.ofoutdoorkitchens.com\/fr\/wp-json\/wp\/v2\/pages"}],"about":[{"href":"https:\/\/www.ofoutdoorkitchens.com\/fr\/wp-json\/wp\/v2\/types\/page"}],"author":[{"embeddable":true,"href":"https:\/\/www.ofoutdoorkitchens.com\/fr\/wp-json\/wp\/v2\/users\/1"}],"replies":[{"embeddable":true,"href":"https:\/\/www.ofoutdoorkitchens.com\/fr\/wp-json\/wp\/v2\/comments?post=6341"}],"version-history":[{"count":8,"href":"https:\/\/www.ofoutdoorkitchens.com\/fr\/wp-json\/wp\/v2\/pages\/6341\/revisions"}],"predecessor-version":[{"id":7473,"href":"https:\/\/www.ofoutdoorkitchens.com\/fr\/wp-json\/wp\/v2\/pages\/6341\/revisions\/7473"}],"wp:attachment":[{"href":"https:\/\/www.ofoutdoorkitchens.com\/fr\/wp-json\/wp\/v2\/media?parent=6341"}],"curies":[{"name":"wp","href":"https:\/\/api.w.org\/{rel}","templated":true}]}}