{"id":3412,"date":"2023-03-09T19:57:01","date_gmt":"2023-03-09T18:57:01","guid":{"rendered":"https:\/\/www.ofoutdoorkitchens.com\/portfolio\/"},"modified":"2024-02-13T07:27:05","modified_gmt":"2024-02-13T06:27:05","slug":"portfolio","status":"publish","type":"page","link":"https:\/\/www.ofoutdoorkitchens.com\/fr\/portfolio\/","title":{"rendered":"Portfolio"},"content":{"rendered":"<section class=\"l-section wpb_row height_large\"><div class=\"l-section-h i-cf\"><div class=\"g-cols vc_row via_grid cols_1 laptops-cols_inherit tablets-cols_inherit mobiles-cols_1 valign_top type_default stacking_default\"><div class=\"wpb_column vc_column_container\"><div class=\"vc_column-inner\"><div class=\"wpb_text_column\"><div class=\"wpb_wrapper\"><h1 style=\"text-align: center;\">Portfolio &#8211; Tous nos mod\u00e8les<\/h1>\n<p>Durabilit\u00e9, design italien et mat\u00e9riaux de qualit\u00e9 : OF outdoorkitchens s&#8217;est toujours engag\u00e9 dans la qualit\u00e9 de ses cuisines ext\u00e9rieures, produisant et commercialisant de v\u00e9ritables chefs-d&#8217;\u0153uvre pour am\u00e9liorer la vie de nos clients. Sur cette page, vous trouverez les images les plus belles de cuisines ext\u00e9rieures, \u00e0 travers lesquelles vous pourrez d\u00e9couvrir notre Portfolio de produits con\u00e7us pour r\u00e9pondre aux besoins les plus divers. Cuisines en acier corten, acier delabr\u00e9, pierre et acier, acier laqu\u00e9 mat, brillant, satin\u00e9, vintage&#8230; avec ou sans BBQ ; nos produits modulaires sont tous con\u00e7us pour am\u00e9liorer la vie en plein air des personnes, refl\u00e9tant le style de ceux qui connaissent la valeur d&#8217;\u00eatre ensemble \u00e0 l&#8217;ext\u00e9rieur. Apr\u00e8s tout, notre devise est simplement : La vie est en plein air.<\/p>\n<\/div><\/div><div class=\"w-separator size_medium\"><\/div><div class=\"w-grid us_custom_df5f4c97 has_text_color type_grid layout_portfolio_2 cols_4 valign_center pagination_infinite with_filters ratio_1x1\" id=\"us_grid_1\" style=\"--gap:10px;\"><style>@media (max-width:1380px){#us_grid_1 .w-grid-item{width:33.3333%}#us_grid_1 .w-grid-item.size_2x1,#us_grid_1 .w-grid-item.size_2x2{width:66.6667%}}@media (max-width:1024px){#us_grid_1 .w-grid-item{width:50%}#us_grid_1 .w-grid-item.size_2x1,#us_grid_1 .w-grid-item.size_2x2{width:100%}}@media (max-width:600px){#us_grid_1 .w-grid-list{margin:0}#us_grid_1 .w-grid-item{width:100%;padding:0;margin-bottom:var(--gap,0px)}}.layout_portfolio_2 .w-grid-item-h:before{padding-bottom:100%}@media (min-width:601px){.layout_portfolio_2 .w-grid-item.size_1x2 .w-grid-item-h:before{padding-bottom:calc(200% + var(--gap,0px) * 2)}.layout_portfolio_2 .w-grid-item.size_2x1 .w-grid-item-h:before{padding-bottom:calc(50% - var(--gap,0px) * 1)}.layout_portfolio_2 .w-grid-item.size_2x2 .w-grid-item-h:before{padding-bottom:calc(100% - var(--gap,0px) * 0)}}.layout_portfolio_2 .w-grid-item-h{background:#333}.layout_portfolio_2 .usg_post_image_1{transition-duration:0.35s;transform-origin:50% 50%;transform:scale(1) translate(0%,0%)}.layout_portfolio_2 .w-grid-item-h:hover .usg_post_image_1{transform:scale(1.1) translate(0%,0%);opacity:0.1}.layout_portfolio_2 .usg_post_image_1{position:absolute!important;top:0!important;right:0!important;bottom:0!important;left:0!important}.layout_portfolio_2 .usg_vwrapper_1{position:absolute!important;right:0!important;bottom:0!important;left:0!important;background:linear-gradient(transparent,rgba(30,30,30,0.8))!important;padding:4rem 2rem 1.5rem 2rem!important}.layout_portfolio_2 .usg_post_title_1{color:#fff!important;font-size:1.2rem!important}.layout_portfolio_2 .usg_post_taxonomy_1{color:#fff!important;font-size:0.9rem!important}<\/style><div class=\"g-filters style_3 align_center\"><button class=\"g-filters-item active\" data-taxonomy=\"*\"><span>Tous<\/span><\/button><button class=\"g-filters-item\" data-taxonomy=\"acier\" data-amount=\"31\"><span>Acier<\/span><span class=\"g-filters-item-amount\">31<\/span><\/button><button class=\"g-filters-item\" data-taxonomy=\"acier-et-pierre\" data-amount=\"10\"><span>Acier et Pierre<\/span><span class=\"g-filters-item-amount\">10<\/span><\/button><\/div><div class=\"w-grid-list\" data-filter_taxonomy_name=\"us_portfolio_category\" data-filter_default_taxonomies=\"acciaio,acciaio-e-pietra\">\t<article class=\"w-grid-item size_1x1 post-3426 us_portfolio type-us_portfolio status-publish has-post-thumbnail hentry us_portfolio_category-acier\" data-id=\"3426\">\r\n\t\t<div class=\"w-grid-item-h\">\r\n\t\t\t\t\t\t\t<a href=\"https:\/\/www.ofoutdoorkitchens.com\/fr\/portfolio\/acier-inox-vintage-is\/\" class=\"w-grid-item-anchor\" aria-label=\"Acier inox vintage &#8211; IS\"><\/a>\r\n\t\t\t\t\t\t<div class=\"w-post-elm post_image usg_post_image_1 stretched\"><img loading=\"lazy\" decoding=\"async\" width=\"960\" height=\"1280\" src=\"https:\/\/www.ofoutdoorkitchens.com\/wp-content\/uploads\/2023\/06\/PHOTO-2023-05-29-10-32-04-scaled.jpg\" class=\"attachment-full size-full wp-post-image\" alt=\"\" srcset=\"https:\/\/www.ofoutdoorkitchens.com\/wp-content\/uploads\/2023\/06\/PHOTO-2023-05-29-10-32-04-scaled.jpg 960w, https:\/\/www.ofoutdoorkitchens.com\/wp-content\/uploads\/2023\/06\/PHOTO-2023-05-29-10-32-04-225x300.jpg 225w, https:\/\/www.ofoutdoorkitchens.com\/wp-content\/uploads\/2023\/06\/PHOTO-2023-05-29-10-32-04-768x1024.jpg 768w\" sizes=\"auto, (max-width: 960px) 100vw, 960px\" \/><\/div><div class=\"w-vwrapper usg_vwrapper_1 align_none valign_top\"><h2 class=\"w-post-elm post_title usg_post_title_1 has_text_color entry-title color_link_inherit\">Acier inox vintage &#8211; IS<\/h2><div class=\"w-post-elm post_taxonomy usg_post_taxonomy_1 has_text_color style_simple color_link_inherit\"><a class=\"term-48 term-acier\" href=\"https:\/\/www.ofoutdoorkitchens.com\/fr\/portfolio_category\/acier\/\">Acier<\/a><\/div><\/div>\t\t<\/div>\r\n\t\t\t<\/article>\r\n\t<article class=\"w-grid-item size_1x1 post-3428 us_portfolio type-us_portfolio status-publish has-post-thumbnail hentry us_portfolio_category-acier\" data-id=\"3428\">\r\n\t\t<div class=\"w-grid-item-h\">\r\n\t\t\t\t\t\t\t<a href=\"https:\/\/www.ofoutdoorkitchens.com\/fr\/portfolio\/acier-inoxy-laque-mate-gaufre-me\/\" class=\"w-grid-item-anchor\" aria-label=\"Acier inoxy laqu\u00e9 mate gaufr\u00e9 &#8211; ME\"><\/a>\r\n\t\t\t\t\t\t<div class=\"w-post-elm post_image usg_post_image_1 stretched\"><img loading=\"lazy\" decoding=\"async\" width=\"1280\" height=\"854\" src=\"https:\/\/www.ofoutdoorkitchens.com\/wp-content\/uploads\/2023\/06\/image3-corretto-scaled.jpg\" class=\"attachment-full size-full wp-post-image\" alt=\"\" srcset=\"https:\/\/www.ofoutdoorkitchens.com\/wp-content\/uploads\/2023\/06\/image3-corretto-scaled.jpg 1280w, https:\/\/www.ofoutdoorkitchens.com\/wp-content\/uploads\/2023\/06\/image3-corretto-300x200.jpg 300w, https:\/\/www.ofoutdoorkitchens.com\/wp-content\/uploads\/2023\/06\/image3-corretto-1024x684.jpg 1024w\" sizes=\"auto, (max-width: 1280px) 100vw, 1280px\" \/><\/div><div class=\"w-vwrapper usg_vwrapper_1 align_none valign_top\"><h2 class=\"w-post-elm post_title usg_post_title_1 has_text_color entry-title color_link_inherit\">Acier inoxy laqu\u00e9 mate gaufr\u00e9 &#8211; ME<\/h2><div class=\"w-post-elm post_taxonomy usg_post_taxonomy_1 has_text_color style_simple color_link_inherit\"><a class=\"term-48 term-acier\" href=\"https:\/\/www.ofoutdoorkitchens.com\/fr\/portfolio_category\/acier\/\">Acier<\/a><\/div><\/div>\t\t<\/div>\r\n\t\t\t<\/article>\r\n\t<article class=\"w-grid-item size_1x1 post-3440 us_portfolio type-us_portfolio status-publish has-post-thumbnail hentry us_portfolio_category-acier\" data-id=\"3440\">\r\n\t\t<div class=\"w-grid-item-h\">\r\n\t\t\t\t\t\t\t<a href=\"https:\/\/www.ofoutdoorkitchens.com\/fr\/portfolio\/acier-inox-laque-mate-gaufre-mc\/\" class=\"w-grid-item-anchor\" aria-label=\"Acier inox laqu\u00e9 mate gaufr\u00e9 &#8211; MC\"><\/a>\r\n\t\t\t\t\t\t<div class=\"w-post-elm post_image usg_post_image_1 stretched\"><img loading=\"lazy\" decoding=\"async\" width=\"1200\" height=\"800\" src=\"https:\/\/www.ofoutdoorkitchens.com\/wp-content\/uploads\/2023\/03\/Acciaio-inox-laccato-opaco-goffrato-MC-1.jpg\" class=\"attachment-full size-full wp-post-image\" alt=\"\" srcset=\"https:\/\/www.ofoutdoorkitchens.com\/wp-content\/uploads\/2023\/03\/Acciaio-inox-laccato-opaco-goffrato-MC-1.jpg 1200w, https:\/\/www.ofoutdoorkitchens.com\/wp-content\/uploads\/2023\/03\/Acciaio-inox-laccato-opaco-goffrato-MC-1-300x200.jpg 300w, https:\/\/www.ofoutdoorkitchens.com\/wp-content\/uploads\/2023\/03\/Acciaio-inox-laccato-opaco-goffrato-MC-1-1024x683.jpg 1024w\" sizes=\"auto, (max-width: 1200px) 100vw, 1200px\" \/><\/div><div class=\"w-vwrapper usg_vwrapper_1 align_none valign_top\"><h2 class=\"w-post-elm post_title usg_post_title_1 has_text_color entry-title color_link_inherit\">Acier inox laqu\u00e9 mate gaufr\u00e9 &#8211; MC<\/h2><div class=\"w-post-elm post_taxonomy usg_post_taxonomy_1 has_text_color style_simple color_link_inherit\"><a class=\"term-48 term-acier\" href=\"https:\/\/www.ofoutdoorkitchens.com\/fr\/portfolio_category\/acier\/\">Acier<\/a><\/div><\/div>\t\t<\/div>\r\n\t\t\t<\/article>\r\n\t<article class=\"w-grid-item size_1x1 post-3442 us_portfolio type-us_portfolio status-publish has-post-thumbnail hentry us_portfolio_category-acier-et-pierre\" data-id=\"3442\">\r\n\t\t<div class=\"w-grid-item-h\">\r\n\t\t\t\t\t\t\t<a href=\"https:\/\/www.ofoutdoorkitchens.com\/fr\/portfolio\/acier-inox-delabre-lmg\/\" class=\"w-grid-item-anchor\" aria-label=\"Acier inox d\u00e9labr\u00e9 &#8211; LMG\"><\/a>\r\n\t\t\t\t\t\t<div class=\"w-post-elm post_image usg_post_image_1 stretched\"><img loading=\"lazy\" decoding=\"async\" width=\"1024\" height=\"768\" src=\"https:\/\/www.ofoutdoorkitchens.com\/wp-content\/uploads\/2023\/03\/Acciaio-inox-delabre-LMG-1.jpg\" class=\"attachment-full size-full wp-post-image\" alt=\"\" srcset=\"https:\/\/www.ofoutdoorkitchens.com\/wp-content\/uploads\/2023\/03\/Acciaio-inox-delabre-LMG-1.jpg 1024w, https:\/\/www.ofoutdoorkitchens.com\/wp-content\/uploads\/2023\/03\/Acciaio-inox-delabre-LMG-1-300x225.jpg 300w\" sizes=\"auto, (max-width: 1024px) 100vw, 1024px\" \/><\/div><div class=\"w-vwrapper usg_vwrapper_1 align_none valign_top\"><h2 class=\"w-post-elm post_title usg_post_title_1 has_text_color entry-title color_link_inherit\">Acier inox d\u00e9labr\u00e9 &#8211; LMG<\/h2><div class=\"w-post-elm post_taxonomy usg_post_taxonomy_1 has_text_color style_simple color_link_inherit\"><a class=\"term-52 term-acier-et-pierre\" href=\"https:\/\/www.ofoutdoorkitchens.com\/fr\/portfolio_category\/acier-et-pierre\/\">Acier et Pierre<\/a><\/div><\/div>\t\t<\/div>\r\n\t\t\t<\/article>\r\n\t<article class=\"w-grid-item size_1x1 post-3452 us_portfolio type-us_portfolio status-publish has-post-thumbnail hentry us_portfolio_category-acier-et-pierre\" data-id=\"3452\">\r\n\t\t<div class=\"w-grid-item-h\">\r\n\t\t\t\t\t\t\t<a href=\"https:\/\/www.ofoutdoorkitchens.com\/fr\/portfolio\/acier-inox-laque-mate-gaufre-va1\/\" class=\"w-grid-item-anchor\" aria-label=\"Acier inox laqu\u00e9 mate gaufr\u00e9 &#8211; VA1\"><\/a>\r\n\t\t\t\t\t\t<div class=\"w-post-elm post_image usg_post_image_1 stretched\"><img loading=\"lazy\" decoding=\"async\" width=\"1198\" height=\"800\" src=\"https:\/\/www.ofoutdoorkitchens.com\/wp-content\/uploads\/2023\/03\/varese1-1.jpg\" class=\"attachment-full size-full wp-post-image\" alt=\"\" srcset=\"https:\/\/www.ofoutdoorkitchens.com\/wp-content\/uploads\/2023\/03\/varese1-1.jpg 1198w, https:\/\/www.ofoutdoorkitchens.com\/wp-content\/uploads\/2023\/03\/varese1-1-300x200.jpg 300w, https:\/\/www.ofoutdoorkitchens.com\/wp-content\/uploads\/2023\/03\/varese1-1-1024x684.jpg 1024w\" sizes=\"auto, (max-width: 1198px) 100vw, 1198px\" \/><\/div><div class=\"w-vwrapper usg_vwrapper_1 align_none valign_top\"><h2 class=\"w-post-elm post_title usg_post_title_1 has_text_color entry-title color_link_inherit\">Acier inox laqu\u00e9 mate gaufr\u00e9 &#8211; VA1<\/h2><div class=\"w-post-elm post_taxonomy usg_post_taxonomy_1 has_text_color style_simple color_link_inherit\"><a class=\"term-52 term-acier-et-pierre\" href=\"https:\/\/www.ofoutdoorkitchens.com\/fr\/portfolio_category\/acier-et-pierre\/\">Acier et Pierre<\/a><\/div><\/div>\t\t<\/div>\r\n\t\t\t<\/article>\r\n\t<article class=\"w-grid-item size_1x1 post-3454 us_portfolio type-us_portfolio status-publish has-post-thumbnail hentry us_portfolio_category-acier-et-pierre\" data-id=\"3454\">\r\n\t\t<div class=\"w-grid-item-h\">\r\n\t\t\t\t\t\t\t<a href=\"https:\/\/www.ofoutdoorkitchens.com\/fr\/portfolio\/acier-inox-laque-mate-gaufre-tv\/\" class=\"w-grid-item-anchor\" aria-label=\"Acier inox laqu\u00e9 mate gaufr\u00e9 &#8211; TV\"><\/a>\r\n\t\t\t\t\t\t<div class=\"w-post-elm post_image usg_post_image_1 stretched\"><img loading=\"lazy\" decoding=\"async\" width=\"1280\" height=\"720\" src=\"https:\/\/www.ofoutdoorkitchens.com\/wp-content\/uploads\/2023\/03\/treviso1-1-scaled.jpg\" class=\"attachment-full size-full wp-post-image\" alt=\"\" srcset=\"https:\/\/www.ofoutdoorkitchens.com\/wp-content\/uploads\/2023\/03\/treviso1-1-scaled.jpg 1280w, https:\/\/www.ofoutdoorkitchens.com\/wp-content\/uploads\/2023\/03\/treviso1-1-300x169.jpg 300w, https:\/\/www.ofoutdoorkitchens.com\/wp-content\/uploads\/2023\/03\/treviso1-1-1024x576.jpg 1024w\" sizes=\"auto, (max-width: 1280px) 100vw, 1280px\" \/><\/div><div class=\"w-vwrapper usg_vwrapper_1 align_none valign_top\"><h2 class=\"w-post-elm post_title usg_post_title_1 has_text_color entry-title color_link_inherit\">Acier inox laqu\u00e9 mate gaufr\u00e9 &#8211; TV<\/h2><div class=\"w-post-elm post_taxonomy usg_post_taxonomy_1 has_text_color style_simple color_link_inherit\"><a class=\"term-52 term-acier-et-pierre\" href=\"https:\/\/www.ofoutdoorkitchens.com\/fr\/portfolio_category\/acier-et-pierre\/\">Acier et Pierre<\/a><\/div><\/div>\t\t<\/div>\r\n\t\t\t<\/article>\r\n\t<article class=\"w-grid-item size_1x1 post-3456 us_portfolio type-us_portfolio status-publish has-post-thumbnail hentry us_portfolio_category-acier\" data-id=\"3456\">\r\n\t\t<div class=\"w-grid-item-h\">\r\n\t\t\t\t\t\t\t<a href=\"https:\/\/www.ofoutdoorkitchens.com\/fr\/portfolio\/acier-inox-delabre-showroom-outdoor-4\/\" class=\"w-grid-item-anchor\" aria-label=\"Acier inox d\u00e9labr\u00e9 &#8211; SHOWROOM OUTDOOR 4\"><\/a>\r\n\t\t\t\t\t\t<div class=\"w-post-elm post_image usg_post_image_1 stretched\"><img loading=\"lazy\" decoding=\"async\" width=\"1280\" height=\"853\" src=\"https:\/\/www.ofoutdoorkitchens.com\/wp-content\/uploads\/2023\/03\/showroom4-1-scaled.jpg\" class=\"attachment-full size-full wp-post-image\" alt=\"\" srcset=\"https:\/\/www.ofoutdoorkitchens.com\/wp-content\/uploads\/2023\/03\/showroom4-1-scaled.jpg 1280w, https:\/\/www.ofoutdoorkitchens.com\/wp-content\/uploads\/2023\/03\/showroom4-1-300x200.jpg 300w, https:\/\/www.ofoutdoorkitchens.com\/wp-content\/uploads\/2023\/03\/showroom4-1-1024x683.jpg 1024w\" sizes=\"auto, (max-width: 1280px) 100vw, 1280px\" \/><\/div><div class=\"w-vwrapper usg_vwrapper_1 align_none valign_top\"><h2 class=\"w-post-elm post_title usg_post_title_1 has_text_color entry-title color_link_inherit\">Acier inox d\u00e9labr\u00e9 &#8211; SHOWROOM OUTDOOR 4<\/h2><div class=\"w-post-elm post_taxonomy usg_post_taxonomy_1 has_text_color style_simple color_link_inherit\"><a class=\"term-48 term-acier\" href=\"https:\/\/www.ofoutdoorkitchens.com\/fr\/portfolio_category\/acier\/\">Acier<\/a><\/div><\/div>\t\t<\/div>\r\n\t\t\t<\/article>\r\n\t<article class=\"w-grid-item size_1x1 post-3458 us_portfolio type-us_portfolio status-publish has-post-thumbnail hentry us_portfolio_category-acier\" data-id=\"3458\">\r\n\t\t<div class=\"w-grid-item-h\">\r\n\t\t\t\t\t\t\t<a href=\"https:\/\/www.ofoutdoorkitchens.com\/fr\/portfolio\/acier-inox-laque-mate-gaufre-showroom-outdoor-3\/\" class=\"w-grid-item-anchor\" aria-label=\"Acier inox laqu\u00e9 mate gaufr\u00e9 &#8211; SHOWROOM OUTDOOR 3\"><\/a>\r\n\t\t\t\t\t\t<div class=\"w-post-elm post_image usg_post_image_1 stretched\"><img loading=\"lazy\" decoding=\"async\" width=\"1280\" height=\"853\" src=\"https:\/\/www.ofoutdoorkitchens.com\/wp-content\/uploads\/2023\/03\/showroom3-1-scaled.jpg\" class=\"attachment-full size-full wp-post-image\" alt=\"\" srcset=\"https:\/\/www.ofoutdoorkitchens.com\/wp-content\/uploads\/2023\/03\/showroom3-1-scaled.jpg 1280w, https:\/\/www.ofoutdoorkitchens.com\/wp-content\/uploads\/2023\/03\/showroom3-1-300x200.jpg 300w, https:\/\/www.ofoutdoorkitchens.com\/wp-content\/uploads\/2023\/03\/showroom3-1-1024x683.jpg 1024w\" sizes=\"auto, (max-width: 1280px) 100vw, 1280px\" \/><\/div><div class=\"w-vwrapper usg_vwrapper_1 align_none valign_top\"><h2 class=\"w-post-elm post_title usg_post_title_1 has_text_color entry-title color_link_inherit\">Acier inox laqu\u00e9 mate gaufr\u00e9 &#8211; SHOWROOM OUTDOOR 3<\/h2><div class=\"w-post-elm post_taxonomy usg_post_taxonomy_1 has_text_color style_simple color_link_inherit\"><a class=\"term-48 term-acier\" href=\"https:\/\/www.ofoutdoorkitchens.com\/fr\/portfolio_category\/acier\/\">Acier<\/a><\/div><\/div>\t\t<\/div>\r\n\t\t\t<\/article>\r\n\t<article class=\"w-grid-item size_1x1 post-3460 us_portfolio type-us_portfolio status-publish has-post-thumbnail hentry us_portfolio_category-acier\" data-id=\"3460\">\r\n\t\t<div class=\"w-grid-item-h\">\r\n\t\t\t\t\t\t\t<a href=\"https:\/\/www.ofoutdoorkitchens.com\/fr\/portfolio\/acier-inox-laque-mate-gaufre-showroom-outdoor-2\/\" class=\"w-grid-item-anchor\" aria-label=\"Acier inox laqu\u00e9 mate gaufr\u00e9 &#8211; SHOWROOM OUTDOOR 2\"><\/a>\r\n\t\t\t\t\t\t<div class=\"w-post-elm post_image usg_post_image_1 stretched\"><img loading=\"lazy\" decoding=\"async\" width=\"1280\" height=\"853\" src=\"https:\/\/www.ofoutdoorkitchens.com\/wp-content\/uploads\/2023\/03\/showroom2-1-scaled.jpg\" class=\"attachment-full size-full wp-post-image\" alt=\"\" srcset=\"https:\/\/www.ofoutdoorkitchens.com\/wp-content\/uploads\/2023\/03\/showroom2-1-scaled.jpg 1280w, https:\/\/www.ofoutdoorkitchens.com\/wp-content\/uploads\/2023\/03\/showroom2-1-300x200.jpg 300w, https:\/\/www.ofoutdoorkitchens.com\/wp-content\/uploads\/2023\/03\/showroom2-1-1024x683.jpg 1024w\" sizes=\"auto, (max-width: 1280px) 100vw, 1280px\" \/><\/div><div class=\"w-vwrapper usg_vwrapper_1 align_none valign_top\"><h2 class=\"w-post-elm post_title usg_post_title_1 has_text_color entry-title color_link_inherit\">Acier inox laqu\u00e9 mate gaufr\u00e9 &#8211; SHOWROOM OUTDOOR 2<\/h2><div class=\"w-post-elm post_taxonomy usg_post_taxonomy_1 has_text_color style_simple color_link_inherit\"><a class=\"term-48 term-acier\" href=\"https:\/\/www.ofoutdoorkitchens.com\/fr\/portfolio_category\/acier\/\">Acier<\/a><\/div><\/div>\t\t<\/div>\r\n\t\t\t<\/article>\r\n\t<article class=\"w-grid-item size_1x1 post-3462 us_portfolio type-us_portfolio status-publish has-post-thumbnail hentry us_portfolio_category-acier-et-pierre\" data-id=\"3462\">\r\n\t\t<div class=\"w-grid-item-h\">\r\n\t\t\t\t\t\t\t<a href=\"https:\/\/www.ofoutdoorkitchens.com\/fr\/portfolio\/acier-inox-laque-mate-gaufre-showroom-outdoor-1\/\" class=\"w-grid-item-anchor\" aria-label=\"Acier inox laqu\u00e9 mate gaufr\u00e9 &#8211; SHOWROOM OUTDOOR 1\"><\/a>\r\n\t\t\t\t\t\t<div class=\"w-post-elm post_image usg_post_image_1 stretched\"><img loading=\"lazy\" decoding=\"async\" width=\"1280\" height=\"853\" src=\"https:\/\/www.ofoutdoorkitchens.com\/wp-content\/uploads\/2023\/03\/showroom1-1-1-scaled.jpg\" class=\"attachment-full size-full wp-post-image\" alt=\"\" srcset=\"https:\/\/www.ofoutdoorkitchens.com\/wp-content\/uploads\/2023\/03\/showroom1-1-1-scaled.jpg 1280w, https:\/\/www.ofoutdoorkitchens.com\/wp-content\/uploads\/2023\/03\/showroom1-1-1-300x200.jpg 300w, https:\/\/www.ofoutdoorkitchens.com\/wp-content\/uploads\/2023\/03\/showroom1-1-1-1024x683.jpg 1024w\" sizes=\"auto, (max-width: 1280px) 100vw, 1280px\" \/><\/div><div class=\"w-vwrapper usg_vwrapper_1 align_none valign_top\"><h2 class=\"w-post-elm post_title usg_post_title_1 has_text_color entry-title color_link_inherit\">Acier inox laqu\u00e9 mate gaufr\u00e9 &#8211; SHOWROOM OUTDOOR 1<\/h2><div class=\"w-post-elm post_taxonomy usg_post_taxonomy_1 has_text_color style_simple color_link_inherit\"><a class=\"term-52 term-acier-et-pierre\" href=\"https:\/\/www.ofoutdoorkitchens.com\/fr\/portfolio_category\/acier-et-pierre\/\">Acier et Pierre<\/a><\/div><\/div>\t\t<\/div>\r\n\t\t\t<\/article>\r\n\t<article class=\"w-grid-item size_1x1 post-3464 us_portfolio type-us_portfolio status-publish has-post-thumbnail hentry us_portfolio_category-acier\" data-id=\"3464\">\r\n\t\t<div class=\"w-grid-item-h\">\r\n\t\t\t\t\t\t\t<a href=\"https:\/\/www.ofoutdoorkitchens.com\/fr\/portfolio\/acier-inox-delabre-showroom\/\" class=\"w-grid-item-anchor\" aria-label=\"Acier inox d\u00e9labr\u00e9 &#8211; SHOWROOM\"><\/a>\r\n\t\t\t\t\t\t<div class=\"w-post-elm post_image usg_post_image_1 stretched\"><img loading=\"lazy\" decoding=\"async\" width=\"1280\" height=\"853\" src=\"https:\/\/www.ofoutdoorkitchens.com\/wp-content\/uploads\/2023\/03\/showroom1-1-scaled.jpg\" class=\"attachment-full size-full wp-post-image\" alt=\"\" srcset=\"https:\/\/www.ofoutdoorkitchens.com\/wp-content\/uploads\/2023\/03\/showroom1-1-scaled.jpg 1280w, https:\/\/www.ofoutdoorkitchens.com\/wp-content\/uploads\/2023\/03\/showroom1-1-300x200.jpg 300w, https:\/\/www.ofoutdoorkitchens.com\/wp-content\/uploads\/2023\/03\/showroom1-1-1024x683.jpg 1024w\" sizes=\"auto, (max-width: 1280px) 100vw, 1280px\" \/><\/div><div class=\"w-vwrapper usg_vwrapper_1 align_none valign_top\"><h2 class=\"w-post-elm post_title usg_post_title_1 has_text_color entry-title color_link_inherit\">Acier inox d\u00e9labr\u00e9 &#8211; SHOWROOM<\/h2><div class=\"w-post-elm post_taxonomy usg_post_taxonomy_1 has_text_color style_simple color_link_inherit\"><a class=\"term-48 term-acier\" href=\"https:\/\/www.ofoutdoorkitchens.com\/fr\/portfolio_category\/acier\/\">Acier<\/a><\/div><\/div>\t\t<\/div>\r\n\t\t\t<\/article>\r\n\t<article class=\"w-grid-item size_1x1 post-3469 us_portfolio type-us_portfolio status-publish has-post-thumbnail hentry us_portfolio_category-acier\" data-id=\"3469\">\r\n\t\t<div class=\"w-grid-item-h\">\r\n\t\t\t\t\t\t\t<a href=\"https:\/\/www.ofoutdoorkitchens.com\/fr\/portfolio\/acier-inox-naturel-pt\/\" class=\"w-grid-item-anchor\" aria-label=\"Acier inox naturel  &#8211; PT\"><\/a>\r\n\t\t\t\t\t\t<div class=\"w-post-elm post_image usg_post_image_1 stretched\"><img loading=\"lazy\" decoding=\"async\" width=\"1200\" height=\"900\" src=\"https:\/\/www.ofoutdoorkitchens.com\/wp-content\/uploads\/2023\/03\/portogallo1-1.jpg\" class=\"attachment-full size-full wp-post-image\" alt=\"\" srcset=\"https:\/\/www.ofoutdoorkitchens.com\/wp-content\/uploads\/2023\/03\/portogallo1-1.jpg 1200w, https:\/\/www.ofoutdoorkitchens.com\/wp-content\/uploads\/2023\/03\/portogallo1-1-300x225.jpg 300w, https:\/\/www.ofoutdoorkitchens.com\/wp-content\/uploads\/2023\/03\/portogallo1-1-1024x768.jpg 1024w\" sizes=\"auto, (max-width: 1200px) 100vw, 1200px\" \/><\/div><div class=\"w-vwrapper usg_vwrapper_1 align_none valign_top\"><h2 class=\"w-post-elm post_title usg_post_title_1 has_text_color entry-title color_link_inherit\">Acier inox naturel  &#8211; PT<\/h2><div class=\"w-post-elm post_taxonomy usg_post_taxonomy_1 has_text_color style_simple color_link_inherit\"><a class=\"term-48 term-acier\" href=\"https:\/\/www.ofoutdoorkitchens.com\/fr\/portfolio_category\/acier\/\">Acier<\/a><\/div><\/div>\t\t<\/div>\r\n\t\t\t<\/article>\r\n\t<article class=\"w-grid-item size_1x1 post-3471 us_portfolio type-us_portfolio status-publish has-post-thumbnail hentry us_portfolio_category-acier\" data-id=\"3471\">\r\n\t\t<div class=\"w-grid-item-h\">\r\n\t\t\t\t\t\t\t<a href=\"https:\/\/www.ofoutdoorkitchens.com\/fr\/portfolio\/acier-inox-naturel-pg\/\" class=\"w-grid-item-anchor\" aria-label=\"Acier inox naturel  &#8211; PG\"><\/a>\r\n\t\t\t\t\t\t<div class=\"w-post-elm post_image usg_post_image_1 stretched\"><img loading=\"lazy\" decoding=\"async\" width=\"1280\" height=\"960\" src=\"https:\/\/www.ofoutdoorkitchens.com\/wp-content\/uploads\/2023\/03\/perugia1-1-scaled.jpg\" class=\"attachment-full size-full wp-post-image\" alt=\"\" srcset=\"https:\/\/www.ofoutdoorkitchens.com\/wp-content\/uploads\/2023\/03\/perugia1-1-scaled.jpg 1280w, https:\/\/www.ofoutdoorkitchens.com\/wp-content\/uploads\/2023\/03\/perugia1-1-300x225.jpg 300w, https:\/\/www.ofoutdoorkitchens.com\/wp-content\/uploads\/2023\/03\/perugia1-1-1024x768.jpg 1024w\" sizes=\"auto, (max-width: 1280px) 100vw, 1280px\" \/><\/div><div class=\"w-vwrapper usg_vwrapper_1 align_none valign_top\"><h2 class=\"w-post-elm post_title usg_post_title_1 has_text_color entry-title color_link_inherit\">Acier inox naturel  &#8211; PG<\/h2><div class=\"w-post-elm post_taxonomy usg_post_taxonomy_1 has_text_color style_simple color_link_inherit\"><a class=\"term-48 term-acier\" href=\"https:\/\/www.ofoutdoorkitchens.com\/fr\/portfolio_category\/acier\/\">Acier<\/a><\/div><\/div>\t\t<\/div>\r\n\t\t\t<\/article>\r\n\t<article class=\"w-grid-item size_1x1 post-3475 us_portfolio type-us_portfolio status-publish has-post-thumbnail hentry us_portfolio_category-acier\" data-id=\"3475\">\r\n\t\t<div class=\"w-grid-item-h\">\r\n\t\t\t\t\t\t\t<a href=\"https:\/\/www.ofoutdoorkitchens.com\/fr\/portfolio\/acier-inox-naturel-pd3\/\" class=\"w-grid-item-anchor\" aria-label=\"Acier inox naturel  &#8211; PD3\"><\/a>\r\n\t\t\t\t\t\t<div class=\"w-post-elm post_image usg_post_image_1 stretched\"><img loading=\"lazy\" decoding=\"async\" width=\"1280\" height=\"960\" src=\"https:\/\/www.ofoutdoorkitchens.com\/wp-content\/uploads\/2023\/03\/padova3-1-scaled.jpg\" class=\"attachment-full size-full wp-post-image\" alt=\"\" srcset=\"https:\/\/www.ofoutdoorkitchens.com\/wp-content\/uploads\/2023\/03\/padova3-1-scaled.jpg 1280w, https:\/\/www.ofoutdoorkitchens.com\/wp-content\/uploads\/2023\/03\/padova3-1-300x225.jpg 300w, https:\/\/www.ofoutdoorkitchens.com\/wp-content\/uploads\/2023\/03\/padova3-1-1024x768.jpg 1024w\" sizes=\"auto, (max-width: 1280px) 100vw, 1280px\" \/><\/div><div class=\"w-vwrapper usg_vwrapper_1 align_none valign_top\"><h2 class=\"w-post-elm post_title usg_post_title_1 has_text_color entry-title color_link_inherit\">Acier inox naturel  &#8211; PD3<\/h2><div class=\"w-post-elm post_taxonomy usg_post_taxonomy_1 has_text_color style_simple color_link_inherit\"><a class=\"term-48 term-acier\" href=\"https:\/\/www.ofoutdoorkitchens.com\/fr\/portfolio_category\/acier\/\">Acier<\/a><\/div><\/div>\t\t<\/div>\r\n\t\t\t<\/article>\r\n\t<article class=\"w-grid-item size_1x1 post-3477 us_portfolio type-us_portfolio status-publish has-post-thumbnail hentry us_portfolio_category-acier\" data-id=\"3477\">\r\n\t\t<div class=\"w-grid-item-h\">\r\n\t\t\t\t\t\t\t<a href=\"https:\/\/www.ofoutdoorkitchens.com\/fr\/portfolio\/acier-inox-vintage-pd2\/\" class=\"w-grid-item-anchor\" aria-label=\"Acier inox vintage &#8211; PD2\"><\/a>\r\n\t\t\t\t\t\t<div class=\"w-post-elm post_image usg_post_image_1 stretched\"><img loading=\"lazy\" decoding=\"async\" width=\"1280\" height=\"960\" src=\"https:\/\/www.ofoutdoorkitchens.com\/wp-content\/uploads\/2023\/03\/padova2-1-scaled.jpg\" class=\"attachment-full size-full wp-post-image\" alt=\"\" srcset=\"https:\/\/www.ofoutdoorkitchens.com\/wp-content\/uploads\/2023\/03\/padova2-1-scaled.jpg 1280w, https:\/\/www.ofoutdoorkitchens.com\/wp-content\/uploads\/2023\/03\/padova2-1-300x225.jpg 300w, https:\/\/www.ofoutdoorkitchens.com\/wp-content\/uploads\/2023\/03\/padova2-1-1024x768.jpg 1024w\" sizes=\"auto, (max-width: 1280px) 100vw, 1280px\" \/><\/div><div class=\"w-vwrapper usg_vwrapper_1 align_none valign_top\"><h2 class=\"w-post-elm post_title usg_post_title_1 has_text_color entry-title color_link_inherit\">Acier inox vintage &#8211; PD2<\/h2><div class=\"w-post-elm post_taxonomy usg_post_taxonomy_1 has_text_color style_simple color_link_inherit\"><a class=\"term-48 term-acier\" href=\"https:\/\/www.ofoutdoorkitchens.com\/fr\/portfolio_category\/acier\/\">Acier<\/a><\/div><\/div>\t\t<\/div>\r\n\t\t\t<\/article>\r\n\t<article class=\"w-grid-item size_1x1 post-3479 us_portfolio type-us_portfolio status-publish has-post-thumbnail hentry us_portfolio_category-acier-et-pierre\" data-id=\"3479\">\r\n\t\t<div class=\"w-grid-item-h\">\r\n\t\t\t\t\t\t\t<a href=\"https:\/\/www.ofoutdoorkitchens.com\/fr\/portfolio\/acier-inox-vintage-pd1\/\" class=\"w-grid-item-anchor\" aria-label=\"Acier inox vintage &#8211; PD1\"><\/a>\r\n\t\t\t\t\t\t<div class=\"w-post-elm post_image usg_post_image_1 stretched\"><img loading=\"lazy\" decoding=\"async\" width=\"1200\" height=\"900\" src=\"https:\/\/www.ofoutdoorkitchens.com\/wp-content\/uploads\/2023\/03\/padova1-1.jpg\" class=\"attachment-full size-full wp-post-image\" alt=\"\" srcset=\"https:\/\/www.ofoutdoorkitchens.com\/wp-content\/uploads\/2023\/03\/padova1-1.jpg 1200w, https:\/\/www.ofoutdoorkitchens.com\/wp-content\/uploads\/2023\/03\/padova1-1-300x225.jpg 300w, https:\/\/www.ofoutdoorkitchens.com\/wp-content\/uploads\/2023\/03\/padova1-1-1024x768.jpg 1024w\" sizes=\"auto, (max-width: 1200px) 100vw, 1200px\" \/><\/div><div class=\"w-vwrapper usg_vwrapper_1 align_none valign_top\"><h2 class=\"w-post-elm post_title usg_post_title_1 has_text_color entry-title color_link_inherit\">Acier inox vintage &#8211; PD1<\/h2><div class=\"w-post-elm post_taxonomy usg_post_taxonomy_1 has_text_color style_simple color_link_inherit\"><a class=\"term-52 term-acier-et-pierre\" href=\"https:\/\/www.ofoutdoorkitchens.com\/fr\/portfolio_category\/acier-et-pierre\/\">Acier et Pierre<\/a><\/div><\/div>\t\t<\/div>\r\n\t\t\t<\/article>\r\n\t<article class=\"w-grid-item size_1x1 post-3481 us_portfolio type-us_portfolio status-publish has-post-thumbnail hentry us_portfolio_category-acier-et-pierre\" data-id=\"3481\">\r\n\t\t<div class=\"w-grid-item-h\">\r\n\t\t\t\t\t\t\t<a href=\"https:\/\/www.ofoutdoorkitchens.com\/fr\/portfolio\/acier-inox-laque-mate-gaufre-mb\/\" class=\"w-grid-item-anchor\" aria-label=\"Acier inox laqu\u00e9 mate gaufr\u00e9 &#8211; MB\"><\/a>\r\n\t\t\t\t\t\t<div class=\"w-post-elm post_image usg_post_image_1 stretched\"><img loading=\"lazy\" decoding=\"async\" width=\"1024\" height=\"768\" src=\"https:\/\/www.ofoutdoorkitchens.com\/wp-content\/uploads\/2023\/03\/monza1-1.jpg\" class=\"attachment-full size-full wp-post-image\" alt=\"\" srcset=\"https:\/\/www.ofoutdoorkitchens.com\/wp-content\/uploads\/2023\/03\/monza1-1.jpg 1024w, https:\/\/www.ofoutdoorkitchens.com\/wp-content\/uploads\/2023\/03\/monza1-1-300x225.jpg 300w\" sizes=\"auto, (max-width: 1024px) 100vw, 1024px\" \/><\/div><div class=\"w-vwrapper usg_vwrapper_1 align_none valign_top\"><h2 class=\"w-post-elm post_title usg_post_title_1 has_text_color entry-title color_link_inherit\">Acier inox laqu\u00e9 mate gaufr\u00e9 &#8211; MB<\/h2><div class=\"w-post-elm post_taxonomy usg_post_taxonomy_1 has_text_color style_simple color_link_inherit\"><a class=\"term-52 term-acier-et-pierre\" href=\"https:\/\/www.ofoutdoorkitchens.com\/fr\/portfolio_category\/acier-et-pierre\/\">Acier et Pierre<\/a><\/div><\/div>\t\t<\/div>\r\n\t\t\t<\/article>\r\n\t<article class=\"w-grid-item size_1x1 post-3483 us_portfolio type-us_portfolio status-publish has-post-thumbnail hentry us_portfolio_category-acier\" data-id=\"3483\">\r\n\t\t<div class=\"w-grid-item-h\">\r\n\t\t\t\t\t\t\t<a href=\"https:\/\/www.ofoutdoorkitchens.com\/fr\/portfolio\/acier-inox-laque-mate-gaufre-mt4\/\" class=\"w-grid-item-anchor\" aria-label=\"Acier inox laqu\u00e9 mate gaufr\u00e9 &#8211; MT4\"><\/a>\r\n\t\t\t\t\t\t<div class=\"w-post-elm post_image usg_post_image_1 stretched\"><img loading=\"lazy\" decoding=\"async\" width=\"1280\" height=\"853\" src=\"https:\/\/www.ofoutdoorkitchens.com\/wp-content\/uploads\/2023\/03\/Malta4-1-scaled.jpg\" class=\"attachment-full size-full wp-post-image\" alt=\"\" srcset=\"https:\/\/www.ofoutdoorkitchens.com\/wp-content\/uploads\/2023\/03\/Malta4-1-scaled.jpg 1280w, https:\/\/www.ofoutdoorkitchens.com\/wp-content\/uploads\/2023\/03\/Malta4-1-300x200.jpg 300w, https:\/\/www.ofoutdoorkitchens.com\/wp-content\/uploads\/2023\/03\/Malta4-1-1024x682.jpg 1024w\" sizes=\"auto, (max-width: 1280px) 100vw, 1280px\" \/><\/div><div class=\"w-vwrapper usg_vwrapper_1 align_none valign_top\"><h2 class=\"w-post-elm post_title usg_post_title_1 has_text_color entry-title color_link_inherit\">Acier inox laqu\u00e9 mate gaufr\u00e9 &#8211; MT4<\/h2><div class=\"w-post-elm post_taxonomy usg_post_taxonomy_1 has_text_color style_simple color_link_inherit\"><a class=\"term-48 term-acier\" href=\"https:\/\/www.ofoutdoorkitchens.com\/fr\/portfolio_category\/acier\/\">Acier<\/a><\/div><\/div>\t\t<\/div>\r\n\t\t\t<\/article>\r\n\t<article class=\"w-grid-item size_1x1 post-3485 us_portfolio type-us_portfolio status-publish has-post-thumbnail hentry us_portfolio_category-acier\" data-id=\"3485\">\r\n\t\t<div class=\"w-grid-item-h\">\r\n\t\t\t\t\t\t\t<a href=\"https:\/\/www.ofoutdoorkitchens.com\/fr\/portfolio\/acier-inox-laque-mate-gaufre-mt3\/\" class=\"w-grid-item-anchor\" aria-label=\"Acier inox laqu\u00e9 mate gaufr\u00e9 &#8211; MT3\"><\/a>\r\n\t\t\t\t\t\t<div class=\"w-post-elm post_image usg_post_image_1 stretched\"><img loading=\"lazy\" decoding=\"async\" width=\"1200\" height=\"800\" src=\"https:\/\/www.ofoutdoorkitchens.com\/wp-content\/uploads\/2023\/03\/Malta3-1.jpg\" class=\"attachment-full size-full wp-post-image\" alt=\"\" srcset=\"https:\/\/www.ofoutdoorkitchens.com\/wp-content\/uploads\/2023\/03\/Malta3-1.jpg 1200w, https:\/\/www.ofoutdoorkitchens.com\/wp-content\/uploads\/2023\/03\/Malta3-1-300x200.jpg 300w, https:\/\/www.ofoutdoorkitchens.com\/wp-content\/uploads\/2023\/03\/Malta3-1-1024x683.jpg 1024w\" sizes=\"auto, (max-width: 1200px) 100vw, 1200px\" \/><\/div><div class=\"w-vwrapper usg_vwrapper_1 align_none valign_top\"><h2 class=\"w-post-elm post_title usg_post_title_1 has_text_color entry-title color_link_inherit\">Acier inox laqu\u00e9 mate gaufr\u00e9 &#8211; MT3<\/h2><div class=\"w-post-elm post_taxonomy usg_post_taxonomy_1 has_text_color style_simple color_link_inherit\"><a class=\"term-48 term-acier\" href=\"https:\/\/www.ofoutdoorkitchens.com\/fr\/portfolio_category\/acier\/\">Acier<\/a><\/div><\/div>\t\t<\/div>\r\n\t\t\t<\/article>\r\n\t<article class=\"w-grid-item size_1x1 post-3487 us_portfolio type-us_portfolio status-publish has-post-thumbnail hentry us_portfolio_category-acier\" data-id=\"3487\">\r\n\t\t<div class=\"w-grid-item-h\">\r\n\t\t\t\t\t\t\t<a href=\"https:\/\/www.ofoutdoorkitchens.com\/fr\/portfolio\/acier-inox-delabre-mt2\/\" class=\"w-grid-item-anchor\" aria-label=\"Acier inox d\u00e9labr\u00e9 &#8211; MT2\"><\/a>\r\n\t\t\t\t\t\t<div class=\"w-post-elm post_image usg_post_image_1 stretched\"><img loading=\"lazy\" decoding=\"async\" width=\"1280\" height=\"853\" src=\"https:\/\/www.ofoutdoorkitchens.com\/wp-content\/uploads\/2023\/03\/Malta2-1-scaled.jpg\" class=\"attachment-full size-full wp-post-image\" alt=\"\" srcset=\"https:\/\/www.ofoutdoorkitchens.com\/wp-content\/uploads\/2023\/03\/Malta2-1-scaled.jpg 1280w, https:\/\/www.ofoutdoorkitchens.com\/wp-content\/uploads\/2023\/03\/Malta2-1-300x200.jpg 300w, https:\/\/www.ofoutdoorkitchens.com\/wp-content\/uploads\/2023\/03\/Malta2-1-1024x682.jpg 1024w\" sizes=\"auto, (max-width: 1280px) 100vw, 1280px\" \/><\/div><div class=\"w-vwrapper usg_vwrapper_1 align_none valign_top\"><h2 class=\"w-post-elm post_title usg_post_title_1 has_text_color entry-title color_link_inherit\">Acier inox d\u00e9labr\u00e9 &#8211; MT2<\/h2><div class=\"w-post-elm post_taxonomy usg_post_taxonomy_1 has_text_color style_simple color_link_inherit\"><a class=\"term-48 term-acier\" href=\"https:\/\/www.ofoutdoorkitchens.com\/fr\/portfolio_category\/acier\/\">Acier<\/a><\/div><\/div>\t\t<\/div>\r\n\t\t\t<\/article>\r\n\t<article class=\"w-grid-item size_1x1 post-3489 us_portfolio type-us_portfolio status-publish has-post-thumbnail hentry us_portfolio_category-acier\" data-id=\"3489\">\r\n\t\t<div class=\"w-grid-item-h\">\r\n\t\t\t\t\t\t\t<a href=\"https:\/\/www.ofoutdoorkitchens.com\/fr\/portfolio\/acier-corten-mt1\/\" class=\"w-grid-item-anchor\" aria-label=\"Acier corten &#8211; MT1\"><\/a>\r\n\t\t\t\t\t\t<div class=\"w-post-elm post_image usg_post_image_1 stretched\"><img loading=\"lazy\" decoding=\"async\" width=\"1024\" height=\"768\" src=\"https:\/\/www.ofoutdoorkitchens.com\/wp-content\/uploads\/2023\/03\/Malta1-1.jpg\" class=\"attachment-full size-full wp-post-image\" alt=\"\" srcset=\"https:\/\/www.ofoutdoorkitchens.com\/wp-content\/uploads\/2023\/03\/Malta1-1.jpg 1024w, https:\/\/www.ofoutdoorkitchens.com\/wp-content\/uploads\/2023\/03\/Malta1-1-300x225.jpg 300w\" sizes=\"auto, (max-width: 1024px) 100vw, 1024px\" \/><\/div><div class=\"w-vwrapper usg_vwrapper_1 align_none valign_top\"><h2 class=\"w-post-elm post_title usg_post_title_1 has_text_color entry-title color_link_inherit\">Acier corten &#8211; MT1<\/h2><div class=\"w-post-elm post_taxonomy usg_post_taxonomy_1 has_text_color style_simple color_link_inherit\"><a class=\"term-48 term-acier\" href=\"https:\/\/www.ofoutdoorkitchens.com\/fr\/portfolio_category\/acier\/\">Acier<\/a><\/div><\/div>\t\t<\/div>\r\n\t\t\t<\/article>\r\n\t<article class=\"w-grid-item size_1x1 post-3491 us_portfolio type-us_portfolio status-publish has-post-thumbnail hentry us_portfolio_category-acier\" data-id=\"3491\">\r\n\t\t<div class=\"w-grid-item-h\">\r\n\t\t\t\t\t\t\t<a href=\"https:\/\/www.ofoutdoorkitchens.com\/fr\/portfolio\/acier-inox-naturel-le2\/\" class=\"w-grid-item-anchor\" aria-label=\"Acier inox naturel &#8211; LE2\"><\/a>\r\n\t\t\t\t\t\t<div class=\"w-post-elm post_image usg_post_image_1 stretched\"><img loading=\"lazy\" decoding=\"async\" width=\"1280\" height=\"622\" src=\"https:\/\/www.ofoutdoorkitchens.com\/wp-content\/uploads\/2023\/03\/Lecce-2-1-scaled.jpg\" class=\"attachment-full size-full wp-post-image\" alt=\"\" srcset=\"https:\/\/www.ofoutdoorkitchens.com\/wp-content\/uploads\/2023\/03\/Lecce-2-1-scaled.jpg 1280w, https:\/\/www.ofoutdoorkitchens.com\/wp-content\/uploads\/2023\/03\/Lecce-2-1-300x146.jpg 300w, https:\/\/www.ofoutdoorkitchens.com\/wp-content\/uploads\/2023\/03\/Lecce-2-1-1024x497.jpg 1024w\" sizes=\"auto, (max-width: 1280px) 100vw, 1280px\" \/><\/div><div class=\"w-vwrapper usg_vwrapper_1 align_none valign_top\"><h2 class=\"w-post-elm post_title usg_post_title_1 has_text_color entry-title color_link_inherit\">Acier inox naturel &#8211; LE2<\/h2><div class=\"w-post-elm post_taxonomy usg_post_taxonomy_1 has_text_color style_simple color_link_inherit\"><a class=\"term-48 term-acier\" href=\"https:\/\/www.ofoutdoorkitchens.com\/fr\/portfolio_category\/acier\/\">Acier<\/a><\/div><\/div>\t\t<\/div>\r\n\t\t\t<\/article>\r\n\t<article class=\"w-grid-item size_1x1 post-3493 us_portfolio type-us_portfolio status-publish has-post-thumbnail hentry us_portfolio_category-acier\" data-id=\"3493\">\r\n\t\t<div class=\"w-grid-item-h\">\r\n\t\t\t\t\t\t\t<a href=\"https:\/\/www.ofoutdoorkitchens.com\/fr\/portfolio\/acier-inox-naturel-le1\/\" class=\"w-grid-item-anchor\" aria-label=\"Acier inox naturel &#8211; LE1\"><\/a>\r\n\t\t\t\t\t\t<div class=\"w-post-elm post_image usg_post_image_1 stretched\"><img loading=\"lazy\" decoding=\"async\" width=\"1198\" height=\"800\" src=\"https:\/\/www.ofoutdoorkitchens.com\/wp-content\/uploads\/2023\/03\/Lecce-1-1.jpg\" class=\"attachment-full size-full wp-post-image\" alt=\"\" srcset=\"https:\/\/www.ofoutdoorkitchens.com\/wp-content\/uploads\/2023\/03\/Lecce-1-1.jpg 1198w, https:\/\/www.ofoutdoorkitchens.com\/wp-content\/uploads\/2023\/03\/Lecce-1-1-300x200.jpg 300w, https:\/\/www.ofoutdoorkitchens.com\/wp-content\/uploads\/2023\/03\/Lecce-1-1-1024x684.jpg 1024w\" sizes=\"auto, (max-width: 1198px) 100vw, 1198px\" \/><\/div><div class=\"w-vwrapper usg_vwrapper_1 align_none valign_top\"><h2 class=\"w-post-elm post_title usg_post_title_1 has_text_color entry-title color_link_inherit\">Acier inox naturel &#8211; LE1<\/h2><div class=\"w-post-elm post_taxonomy usg_post_taxonomy_1 has_text_color style_simple color_link_inherit\"><a class=\"term-48 term-acier\" href=\"https:\/\/www.ofoutdoorkitchens.com\/fr\/portfolio_category\/acier\/\">Acier<\/a><\/div><\/div>\t\t<\/div>\r\n\t\t\t<\/article>\r\n\t<article class=\"w-grid-item size_1x1 post-3495 us_portfolio type-us_portfolio status-publish has-post-thumbnail hentry us_portfolio_category-acier\" data-id=\"3495\">\r\n\t\t<div class=\"w-grid-item-h\">\r\n\t\t\t\t\t\t\t<a href=\"https:\/\/www.ofoutdoorkitchens.com\/fr\/portfolio\/acier-inox-delabre-im\/\" class=\"w-grid-item-anchor\" aria-label=\"Acier inox d\u00e9labr\u00e9 &#8211; IM\"><\/a>\r\n\t\t\t\t\t\t<div class=\"w-post-elm post_image usg_post_image_1 stretched\"><img loading=\"lazy\" decoding=\"async\" width=\"1198\" height=\"800\" src=\"https:\/\/www.ofoutdoorkitchens.com\/wp-content\/uploads\/2023\/03\/Imperia-1.jpg\" class=\"attachment-full size-full wp-post-image\" alt=\"\" srcset=\"https:\/\/www.ofoutdoorkitchens.com\/wp-content\/uploads\/2023\/03\/Imperia-1.jpg 1198w, https:\/\/www.ofoutdoorkitchens.com\/wp-content\/uploads\/2023\/03\/Imperia-1-300x200.jpg 300w, https:\/\/www.ofoutdoorkitchens.com\/wp-content\/uploads\/2023\/03\/Imperia-1-1024x684.jpg 1024w\" sizes=\"auto, (max-width: 1198px) 100vw, 1198px\" \/><\/div><div class=\"w-vwrapper usg_vwrapper_1 align_none valign_top\"><h2 class=\"w-post-elm post_title usg_post_title_1 has_text_color entry-title color_link_inherit\">Acier inox d\u00e9labr\u00e9 &#8211; IM<\/h2><div class=\"w-post-elm post_taxonomy usg_post_taxonomy_1 has_text_color style_simple color_link_inherit\"><a class=\"term-48 term-acier\" href=\"https:\/\/www.ofoutdoorkitchens.com\/fr\/portfolio_category\/acier\/\">Acier<\/a><\/div><\/div>\t\t<\/div>\r\n\t\t\t<\/article>\r\n\t<article class=\"w-grid-item size_1x1 post-3497 us_portfolio type-us_portfolio status-publish has-post-thumbnail hentry us_portfolio_category-acier\" data-id=\"3497\">\r\n\t\t<div class=\"w-grid-item-h\">\r\n\t\t\t\t\t\t\t<a href=\"https:\/\/www.ofoutdoorkitchens.com\/fr\/portfolio\/acier-inox-delabre-ge\/\" class=\"w-grid-item-anchor\" aria-label=\"Acier inox d\u00e9labr\u00e9 &#8211; GE\"><\/a>\r\n\t\t\t\t\t\t<div class=\"w-post-elm post_image usg_post_image_1 stretched\"><img loading=\"lazy\" decoding=\"async\" width=\"1198\" height=\"800\" src=\"https:\/\/www.ofoutdoorkitchens.com\/wp-content\/uploads\/2023\/03\/Genova-1.jpg\" class=\"attachment-full size-full wp-post-image\" alt=\"\" srcset=\"https:\/\/www.ofoutdoorkitchens.com\/wp-content\/uploads\/2023\/03\/Genova-1.jpg 1198w, https:\/\/www.ofoutdoorkitchens.com\/wp-content\/uploads\/2023\/03\/Genova-1-300x200.jpg 300w, https:\/\/www.ofoutdoorkitchens.com\/wp-content\/uploads\/2023\/03\/Genova-1-1024x684.jpg 1024w\" sizes=\"auto, (max-width: 1198px) 100vw, 1198px\" \/><\/div><div class=\"w-vwrapper usg_vwrapper_1 align_none valign_top\"><h2 class=\"w-post-elm post_title usg_post_title_1 has_text_color entry-title color_link_inherit\">Acier inox d\u00e9labr\u00e9 &#8211; GE<\/h2><div class=\"w-post-elm post_taxonomy usg_post_taxonomy_1 has_text_color style_simple color_link_inherit\"><a class=\"term-48 term-acier\" href=\"https:\/\/www.ofoutdoorkitchens.com\/fr\/portfolio_category\/acier\/\">Acier<\/a><\/div><\/div>\t\t<\/div>\r\n\t\t\t<\/article>\r\n\t<article class=\"w-grid-item size_1x1 post-3499 us_portfolio type-us_portfolio status-publish has-post-thumbnail hentry us_portfolio_category-acier\" data-id=\"3499\">\r\n\t\t<div class=\"w-grid-item-h\">\r\n\t\t\t\t\t\t\t<a href=\"https:\/\/www.ofoutdoorkitchens.com\/fr\/portfolio\/acier-inox-delabre-pu3\/\" class=\"w-grid-item-anchor\" aria-label=\"Acier inox d\u00e9labr\u00e9 &#8211; PU3\"><\/a>\r\n\t\t\t\t\t\t<div class=\"w-post-elm post_image usg_post_image_1 stretched\"><img loading=\"lazy\" decoding=\"async\" width=\"1200\" height=\"800\" src=\"https:\/\/www.ofoutdoorkitchens.com\/wp-content\/uploads\/2023\/03\/Fano-2-1.jpg\" class=\"attachment-full size-full wp-post-image\" alt=\"\" srcset=\"https:\/\/www.ofoutdoorkitchens.com\/wp-content\/uploads\/2023\/03\/Fano-2-1.jpg 1200w, https:\/\/www.ofoutdoorkitchens.com\/wp-content\/uploads\/2023\/03\/Fano-2-1-300x200.jpg 300w, https:\/\/www.ofoutdoorkitchens.com\/wp-content\/uploads\/2023\/03\/Fano-2-1-1024x683.jpg 1024w\" sizes=\"auto, (max-width: 1200px) 100vw, 1200px\" \/><\/div><div class=\"w-vwrapper usg_vwrapper_1 align_none valign_top\"><h2 class=\"w-post-elm post_title usg_post_title_1 has_text_color entry-title color_link_inherit\">Acier inox d\u00e9labr\u00e9 &#8211; PU3<\/h2><div class=\"w-post-elm post_taxonomy usg_post_taxonomy_1 has_text_color style_simple color_link_inherit\"><a class=\"term-48 term-acier\" href=\"https:\/\/www.ofoutdoorkitchens.com\/fr\/portfolio_category\/acier\/\">Acier<\/a><\/div><\/div>\t\t<\/div>\r\n\t\t\t<\/article>\r\n\t<article class=\"w-grid-item size_1x1 post-3501 us_portfolio type-us_portfolio status-publish has-post-thumbnail hentry us_portfolio_category-acier\" data-id=\"3501\">\r\n\t\t<div class=\"w-grid-item-h\">\r\n\t\t\t\t\t\t\t<a href=\"https:\/\/www.ofoutdoorkitchens.com\/fr\/portfolio\/acier-inox-delabre-pu2\/\" class=\"w-grid-item-anchor\" aria-label=\"Acier inox d\u00e9labr\u00e9 &#8211; PU2\"><\/a>\r\n\t\t\t\t\t\t<div class=\"w-post-elm post_image usg_post_image_1 stretched\"><img loading=\"lazy\" decoding=\"async\" width=\"1200\" height=\"800\" src=\"https:\/\/www.ofoutdoorkitchens.com\/wp-content\/uploads\/2023\/03\/fano1-1.jpg\" class=\"attachment-full size-full wp-post-image\" alt=\"\" srcset=\"https:\/\/www.ofoutdoorkitchens.com\/wp-content\/uploads\/2023\/03\/fano1-1.jpg 1200w, https:\/\/www.ofoutdoorkitchens.com\/wp-content\/uploads\/2023\/03\/fano1-1-300x200.jpg 300w, https:\/\/www.ofoutdoorkitchens.com\/wp-content\/uploads\/2023\/03\/fano1-1-1024x683.jpg 1024w\" sizes=\"auto, (max-width: 1200px) 100vw, 1200px\" \/><\/div><div class=\"w-vwrapper usg_vwrapper_1 align_none valign_top\"><h2 class=\"w-post-elm post_title usg_post_title_1 has_text_color entry-title color_link_inherit\">Acier inox d\u00e9labr\u00e9 &#8211; PU2<\/h2><div class=\"w-post-elm post_taxonomy usg_post_taxonomy_1 has_text_color style_simple color_link_inherit\"><a class=\"term-48 term-acier\" href=\"https:\/\/www.ofoutdoorkitchens.com\/fr\/portfolio_category\/acier\/\">Acier<\/a><\/div><\/div>\t\t<\/div>\r\n\t\t\t<\/article>\r\n\t<article class=\"w-grid-item size_1x1 post-3503 us_portfolio type-us_portfolio status-publish has-post-thumbnail hentry us_portfolio_category-acier\" data-id=\"3503\">\r\n\t\t<div class=\"w-grid-item-h\">\r\n\t\t\t\t\t\t\t<a href=\"https:\/\/www.ofoutdoorkitchens.com\/fr\/portfolio\/acier-inox-delabre-pu1\/\" class=\"w-grid-item-anchor\" aria-label=\"Acier inox d\u00e9labr\u00e9 &#8211; PU1\"><\/a>\r\n\t\t\t\t\t\t<div class=\"w-post-elm post_image usg_post_image_1 stretched\"><img loading=\"lazy\" decoding=\"async\" width=\"1280\" height=\"855\" src=\"https:\/\/www.ofoutdoorkitchens.com\/wp-content\/uploads\/2023\/03\/fano-1-scaled.jpg\" class=\"attachment-full size-full wp-post-image\" alt=\"\" srcset=\"https:\/\/www.ofoutdoorkitchens.com\/wp-content\/uploads\/2023\/03\/fano-1-scaled.jpg 1280w, https:\/\/www.ofoutdoorkitchens.com\/wp-content\/uploads\/2023\/03\/fano-1-300x200.jpg 300w, https:\/\/www.ofoutdoorkitchens.com\/wp-content\/uploads\/2023\/03\/fano-1-1024x684.jpg 1024w\" sizes=\"auto, (max-width: 1280px) 100vw, 1280px\" \/><\/div><div class=\"w-vwrapper usg_vwrapper_1 align_none valign_top\"><h2 class=\"w-post-elm post_title usg_post_title_1 has_text_color entry-title color_link_inherit\">Acier inox d\u00e9labr\u00e9 &#8211; PU1<\/h2><div class=\"w-post-elm post_taxonomy usg_post_taxonomy_1 has_text_color style_simple color_link_inherit\"><a class=\"term-48 term-acier\" href=\"https:\/\/www.ofoutdoorkitchens.com\/fr\/portfolio_category\/acier\/\">Acier<\/a><\/div><\/div>\t\t<\/div>\r\n\t\t\t<\/article>\r\n\t<article class=\"w-grid-item size_1x1 post-3505 us_portfolio type-us_portfolio status-publish has-post-thumbnail hentry us_portfolio_category-acier\" data-id=\"3505\">\r\n\t\t<div class=\"w-grid-item-h\">\r\n\t\t\t\t\t\t\t<a href=\"https:\/\/www.ofoutdoorkitchens.com\/fr\/portfolio\/acier-inox-laque-mate-gaufre-faenza\/\" class=\"w-grid-item-anchor\" aria-label=\"Acier inox laqu\u00e9 mate gaufr\u00e9 &#8211; Faenza\"><\/a>\r\n\t\t\t\t\t\t<div class=\"w-post-elm post_image usg_post_image_1 stretched\"><img loading=\"lazy\" decoding=\"async\" width=\"1198\" height=\"800\" src=\"https:\/\/www.ofoutdoorkitchens.com\/wp-content\/uploads\/2023\/03\/Faenza-1.jpg\" class=\"attachment-full size-full wp-post-image\" alt=\"\" srcset=\"https:\/\/www.ofoutdoorkitchens.com\/wp-content\/uploads\/2023\/03\/Faenza-1.jpg 1198w, https:\/\/www.ofoutdoorkitchens.com\/wp-content\/uploads\/2023\/03\/Faenza-1-300x200.jpg 300w, https:\/\/www.ofoutdoorkitchens.com\/wp-content\/uploads\/2023\/03\/Faenza-1-1024x684.jpg 1024w\" sizes=\"auto, (max-width: 1198px) 100vw, 1198px\" \/><\/div><div class=\"w-vwrapper usg_vwrapper_1 align_none valign_top\"><h2 class=\"w-post-elm post_title usg_post_title_1 has_text_color entry-title color_link_inherit\">Acier inox laqu\u00e9 mate gaufr\u00e9 &#8211; Faenza<\/h2><div class=\"w-post-elm post_taxonomy usg_post_taxonomy_1 has_text_color style_simple color_link_inherit\"><a class=\"term-48 term-acier\" href=\"https:\/\/www.ofoutdoorkitchens.com\/fr\/portfolio_category\/acier\/\">Acier<\/a><\/div><\/div>\t\t<\/div>\r\n\t\t\t<\/article>\r\n\t<article class=\"w-grid-item size_1x1 post-3507 us_portfolio type-us_portfolio status-publish has-post-thumbnail hentry us_portfolio_category-acier\" data-id=\"3507\">\r\n\t\t<div class=\"w-grid-item-h\">\r\n\t\t\t\t\t\t\t<a href=\"https:\/\/www.ofoutdoorkitchens.com\/fr\/portfolio\/acier-inox-naturel-cam6\/\" class=\"w-grid-item-anchor\" aria-label=\"Acier inox naturel  &#8211; CAM6\"><\/a>\r\n\t\t\t\t\t\t<div class=\"w-post-elm post_image usg_post_image_1 stretched\"><img loading=\"lazy\" decoding=\"async\" width=\"1280\" height=\"855\" src=\"https:\/\/www.ofoutdoorkitchens.com\/wp-content\/uploads\/2023\/03\/Colli-al-Metauro-6-1-scaled.jpg\" class=\"attachment-full size-full wp-post-image\" alt=\"\" srcset=\"https:\/\/www.ofoutdoorkitchens.com\/wp-content\/uploads\/2023\/03\/Colli-al-Metauro-6-1-scaled.jpg 1280w, https:\/\/www.ofoutdoorkitchens.com\/wp-content\/uploads\/2023\/03\/Colli-al-Metauro-6-1-300x200.jpg 300w, https:\/\/www.ofoutdoorkitchens.com\/wp-content\/uploads\/2023\/03\/Colli-al-Metauro-6-1-1024x684.jpg 1024w\" sizes=\"auto, (max-width: 1280px) 100vw, 1280px\" \/><\/div><div class=\"w-vwrapper usg_vwrapper_1 align_none valign_top\"><h2 class=\"w-post-elm post_title usg_post_title_1 has_text_color entry-title color_link_inherit\">Acier inox naturel  &#8211; CAM6<\/h2><div class=\"w-post-elm post_taxonomy usg_post_taxonomy_1 has_text_color style_simple color_link_inherit\"><a class=\"term-48 term-acier\" href=\"https:\/\/www.ofoutdoorkitchens.com\/fr\/portfolio_category\/acier\/\">Acier<\/a><\/div><\/div>\t\t<\/div>\r\n\t\t\t<\/article>\r\n\t<article class=\"w-grid-item size_1x1 post-3509 us_portfolio type-us_portfolio status-publish has-post-thumbnail hentry us_portfolio_category-acier-et-pierre\" data-id=\"3509\">\r\n\t\t<div class=\"w-grid-item-h\">\r\n\t\t\t\t\t\t\t<a href=\"https:\/\/www.ofoutdoorkitchens.com\/fr\/portfolio\/acier-inox-vintage-cam5\/\" class=\"w-grid-item-anchor\" aria-label=\"Acier inox vintage  &#8211; CAM5\"><\/a>\r\n\t\t\t\t\t\t<div class=\"w-post-elm post_image usg_post_image_1 stretched\"><img loading=\"lazy\" decoding=\"async\" width=\"1198\" height=\"800\" src=\"https:\/\/www.ofoutdoorkitchens.com\/wp-content\/uploads\/2023\/03\/Colli-al-Metauro-5-1.jpg\" class=\"attachment-full size-full wp-post-image\" alt=\"\" srcset=\"https:\/\/www.ofoutdoorkitchens.com\/wp-content\/uploads\/2023\/03\/Colli-al-Metauro-5-1.jpg 1198w, https:\/\/www.ofoutdoorkitchens.com\/wp-content\/uploads\/2023\/03\/Colli-al-Metauro-5-1-300x200.jpg 300w, https:\/\/www.ofoutdoorkitchens.com\/wp-content\/uploads\/2023\/03\/Colli-al-Metauro-5-1-1024x684.jpg 1024w\" sizes=\"auto, (max-width: 1198px) 100vw, 1198px\" \/><\/div><div class=\"w-vwrapper usg_vwrapper_1 align_none valign_top\"><h2 class=\"w-post-elm post_title usg_post_title_1 has_text_color entry-title color_link_inherit\">Acier inox vintage  &#8211; CAM5<\/h2><div class=\"w-post-elm post_taxonomy usg_post_taxonomy_1 has_text_color style_simple color_link_inherit\"><a class=\"term-52 term-acier-et-pierre\" href=\"https:\/\/www.ofoutdoorkitchens.com\/fr\/portfolio_category\/acier-et-pierre\/\">Acier et Pierre<\/a><\/div><\/div>\t\t<\/div>\r\n\t\t\t<\/article>\r\n\t<article class=\"w-grid-item size_1x1 post-3511 us_portfolio type-us_portfolio status-publish has-post-thumbnail hentry us_portfolio_category-acier\" data-id=\"3511\">\r\n\t\t<div class=\"w-grid-item-h\">\r\n\t\t\t\t\t\t\t<a href=\"https:\/\/www.ofoutdoorkitchens.com\/fr\/portfolio\/acier-corten-cam4\/\" class=\"w-grid-item-anchor\" aria-label=\"Acier corten  &#8211; CAM4\"><\/a>\r\n\t\t\t\t\t\t<div class=\"w-post-elm post_image usg_post_image_1 stretched\"><img loading=\"lazy\" decoding=\"async\" width=\"900\" height=\"600\" src=\"https:\/\/www.ofoutdoorkitchens.com\/wp-content\/uploads\/2023\/03\/Colli-al-Metauro-4-1.jpg\" class=\"attachment-full size-full wp-post-image\" alt=\"\" srcset=\"https:\/\/www.ofoutdoorkitchens.com\/wp-content\/uploads\/2023\/03\/Colli-al-Metauro-4-1.jpg 900w, https:\/\/www.ofoutdoorkitchens.com\/wp-content\/uploads\/2023\/03\/Colli-al-Metauro-4-1-300x200.jpg 300w\" sizes=\"auto, (max-width: 900px) 100vw, 900px\" \/><\/div><div class=\"w-vwrapper usg_vwrapper_1 align_none valign_top\"><h2 class=\"w-post-elm post_title usg_post_title_1 has_text_color entry-title color_link_inherit\">Acier corten  &#8211; CAM4<\/h2><div class=\"w-post-elm post_taxonomy usg_post_taxonomy_1 has_text_color style_simple color_link_inherit\"><a class=\"term-48 term-acier\" href=\"https:\/\/www.ofoutdoorkitchens.com\/fr\/portfolio_category\/acier\/\">Acier<\/a><\/div><\/div>\t\t<\/div>\r\n\t\t\t<\/article>\r\n\t<article class=\"w-grid-item size_1x1 post-3513 us_portfolio type-us_portfolio status-publish has-post-thumbnail hentry us_portfolio_category-acier\" data-id=\"3513\">\r\n\t\t<div class=\"w-grid-item-h\">\r\n\t\t\t\t\t\t\t<a href=\"https:\/\/www.ofoutdoorkitchens.com\/fr\/portfolio\/acier-inox-naturel-cam3\/\" class=\"w-grid-item-anchor\" aria-label=\"Acier inox naturel  &#8211; CAM3\"><\/a>\r\n\t\t\t\t\t\t<div class=\"w-post-elm post_image usg_post_image_1 stretched\"><img loading=\"lazy\" decoding=\"async\" width=\"1200\" height=\"800\" src=\"https:\/\/www.ofoutdoorkitchens.com\/wp-content\/uploads\/2023\/03\/Colli-al-Metauro-3-1.jpg\" class=\"attachment-full size-full wp-post-image\" alt=\"\" srcset=\"https:\/\/www.ofoutdoorkitchens.com\/wp-content\/uploads\/2023\/03\/Colli-al-Metauro-3-1.jpg 1200w, https:\/\/www.ofoutdoorkitchens.com\/wp-content\/uploads\/2023\/03\/Colli-al-Metauro-3-1-300x200.jpg 300w, https:\/\/www.ofoutdoorkitchens.com\/wp-content\/uploads\/2023\/03\/Colli-al-Metauro-3-1-1024x683.jpg 1024w\" sizes=\"auto, (max-width: 1200px) 100vw, 1200px\" \/><\/div><div class=\"w-vwrapper usg_vwrapper_1 align_none valign_top\"><h2 class=\"w-post-elm post_title usg_post_title_1 has_text_color entry-title color_link_inherit\">Acier inox naturel  &#8211; CAM3<\/h2><div class=\"w-post-elm post_taxonomy usg_post_taxonomy_1 has_text_color style_simple color_link_inherit\"><a class=\"term-48 term-acier\" href=\"https:\/\/www.ofoutdoorkitchens.com\/fr\/portfolio_category\/acier\/\">Acier<\/a><\/div><\/div>\t\t<\/div>\r\n\t\t\t<\/article>\r\n\t<article class=\"w-grid-item size_1x1 post-3515 us_portfolio type-us_portfolio status-publish has-post-thumbnail hentry us_portfolio_category-acier\" data-id=\"3515\">\r\n\t\t<div class=\"w-grid-item-h\">\r\n\t\t\t\t\t\t\t<a href=\"https:\/\/www.ofoutdoorkitchens.com\/fr\/portfolio\/acier-inox-delabre-cam2\/\" class=\"w-grid-item-anchor\" aria-label=\"Acier inox delabr\u00e9  &#8211; CAM2\"><\/a>\r\n\t\t\t\t\t\t<div class=\"w-post-elm post_image usg_post_image_1 stretched\"><img loading=\"lazy\" decoding=\"async\" width=\"1200\" height=\"800\" src=\"https:\/\/www.ofoutdoorkitchens.com\/wp-content\/uploads\/2023\/03\/Colli-al-Metauro-2-1.jpg\" class=\"attachment-full size-full wp-post-image\" alt=\"\" srcset=\"https:\/\/www.ofoutdoorkitchens.com\/wp-content\/uploads\/2023\/03\/Colli-al-Metauro-2-1.jpg 1200w, https:\/\/www.ofoutdoorkitchens.com\/wp-content\/uploads\/2023\/03\/Colli-al-Metauro-2-1-300x200.jpg 300w, https:\/\/www.ofoutdoorkitchens.com\/wp-content\/uploads\/2023\/03\/Colli-al-Metauro-2-1-1024x683.jpg 1024w\" sizes=\"auto, (max-width: 1200px) 100vw, 1200px\" \/><\/div><div class=\"w-vwrapper usg_vwrapper_1 align_none valign_top\"><h2 class=\"w-post-elm post_title usg_post_title_1 has_text_color entry-title color_link_inherit\">Acier inox delabr\u00e9  &#8211; CAM2<\/h2><div class=\"w-post-elm post_taxonomy usg_post_taxonomy_1 has_text_color style_simple color_link_inherit\"><a class=\"term-48 term-acier\" href=\"https:\/\/www.ofoutdoorkitchens.com\/fr\/portfolio_category\/acier\/\">Acier<\/a><\/div><\/div>\t\t<\/div>\r\n\t\t\t<\/article>\r\n\t<article class=\"w-grid-item size_1x1 post-3517 us_portfolio type-us_portfolio status-publish has-post-thumbnail hentry us_portfolio_category-acier\" data-id=\"3517\">\r\n\t\t<div class=\"w-grid-item-h\">\r\n\t\t\t\t\t\t\t<a href=\"https:\/\/www.ofoutdoorkitchens.com\/fr\/portfolio\/acier-inox-naturel-cam1\/\" class=\"w-grid-item-anchor\" aria-label=\"Acier inox naturel &#8211; CAM1\"><\/a>\r\n\t\t\t\t\t\t<div class=\"w-post-elm post_image usg_post_image_1 stretched\"><img loading=\"lazy\" decoding=\"async\" width=\"1200\" height=\"800\" src=\"https:\/\/www.ofoutdoorkitchens.com\/wp-content\/uploads\/2023\/03\/Colli-al-Metauro-1-1.jpg\" class=\"attachment-full size-full wp-post-image\" alt=\"\" srcset=\"https:\/\/www.ofoutdoorkitchens.com\/wp-content\/uploads\/2023\/03\/Colli-al-Metauro-1-1.jpg 1200w, https:\/\/www.ofoutdoorkitchens.com\/wp-content\/uploads\/2023\/03\/Colli-al-Metauro-1-1-300x200.jpg 300w, https:\/\/www.ofoutdoorkitchens.com\/wp-content\/uploads\/2023\/03\/Colli-al-Metauro-1-1-1024x683.jpg 1024w\" sizes=\"auto, (max-width: 1200px) 100vw, 1200px\" \/><\/div><div class=\"w-vwrapper usg_vwrapper_1 align_none valign_top\"><h2 class=\"w-post-elm post_title usg_post_title_1 has_text_color entry-title color_link_inherit\">Acier inox naturel &#8211; CAM1<\/h2><div class=\"w-post-elm post_taxonomy usg_post_taxonomy_1 has_text_color style_simple color_link_inherit\"><a class=\"term-48 term-acier\" href=\"https:\/\/www.ofoutdoorkitchens.com\/fr\/portfolio_category\/acier\/\">Acier<\/a><\/div><\/div>\t\t<\/div>\r\n\t\t\t<\/article>\r\n\t<article class=\"w-grid-item size_1x1 post-3519 us_portfolio type-us_portfolio status-publish has-post-thumbnail hentry us_portfolio_category-acier-et-pierre\" data-id=\"3519\">\r\n\t\t<div class=\"w-grid-item-h\">\r\n\t\t\t\t\t\t\t<a href=\"https:\/\/www.ofoutdoorkitchens.com\/fr\/portfolio\/acier-inox-laque-mate-gaufre-chioggia\/\" class=\"w-grid-item-anchor\" aria-label=\"Acier inox laqu\u00e9 mate gaufr\u00e9 &#8211; Chioggia\"><\/a>\r\n\t\t\t\t\t\t<div class=\"w-post-elm post_image usg_post_image_1 stretched\"><img loading=\"lazy\" decoding=\"async\" width=\"1200\" height=\"900\" src=\"https:\/\/www.ofoutdoorkitchens.com\/wp-content\/uploads\/2023\/03\/Chioggia-1.jpg\" class=\"attachment-full size-full wp-post-image\" alt=\"\" srcset=\"https:\/\/www.ofoutdoorkitchens.com\/wp-content\/uploads\/2023\/03\/Chioggia-1.jpg 1200w, https:\/\/www.ofoutdoorkitchens.com\/wp-content\/uploads\/2023\/03\/Chioggia-1-300x225.jpg 300w, https:\/\/www.ofoutdoorkitchens.com\/wp-content\/uploads\/2023\/03\/Chioggia-1-1024x768.jpg 1024w\" sizes=\"auto, (max-width: 1200px) 100vw, 1200px\" \/><\/div><div class=\"w-vwrapper usg_vwrapper_1 align_none valign_top\"><h2 class=\"w-post-elm post_title usg_post_title_1 has_text_color entry-title color_link_inherit\">Acier inox laqu\u00e9 mate gaufr\u00e9 &#8211; Chioggia<\/h2><div class=\"w-post-elm post_taxonomy usg_post_taxonomy_1 has_text_color style_simple color_link_inherit\"><a class=\"term-52 term-acier-et-pierre\" href=\"https:\/\/www.ofoutdoorkitchens.com\/fr\/portfolio_category\/acier-et-pierre\/\">Acier et Pierre<\/a><\/div><\/div>\t\t<\/div>\r\n\t\t\t<\/article>\r\n\t<article class=\"w-grid-item size_1x1 post-3521 us_portfolio type-us_portfolio status-publish has-post-thumbnail hentry us_portfolio_category-acier-et-pierre\" data-id=\"3521\">\r\n\t\t<div class=\"w-grid-item-h\">\r\n\t\t\t\t\t\t\t<a href=\"https:\/\/www.ofoutdoorkitchens.com\/fr\/portfolio\/acier-inox-laque-mate-gaufre-bs\/\" class=\"w-grid-item-anchor\" aria-label=\"Acier inox laqu\u00e9 mate gaufr\u00e9 &#8211; BS\"><\/a>\r\n\t\t\t\t\t\t<div class=\"w-post-elm post_image usg_post_image_1 stretched\"><img loading=\"lazy\" decoding=\"async\" width=\"1280\" height=\"960\" src=\"https:\/\/www.ofoutdoorkitchens.com\/wp-content\/uploads\/2023\/03\/Brescia-1-scaled.jpg\" class=\"attachment-full size-full wp-post-image\" alt=\"\" srcset=\"https:\/\/www.ofoutdoorkitchens.com\/wp-content\/uploads\/2023\/03\/Brescia-1-scaled.jpg 1280w, https:\/\/www.ofoutdoorkitchens.com\/wp-content\/uploads\/2023\/03\/Brescia-1-300x225.jpg 300w, https:\/\/www.ofoutdoorkitchens.com\/wp-content\/uploads\/2023\/03\/Brescia-1-1024x768.jpg 1024w\" sizes=\"auto, (max-width: 1280px) 100vw, 1280px\" \/><\/div><div class=\"w-vwrapper usg_vwrapper_1 align_none valign_top\"><h2 class=\"w-post-elm post_title usg_post_title_1 has_text_color entry-title color_link_inherit\">Acier inox laqu\u00e9 mate gaufr\u00e9 &#8211; BS<\/h2><div class=\"w-post-elm post_taxonomy usg_post_taxonomy_1 has_text_color style_simple color_link_inherit\"><a class=\"term-52 term-acier-et-pierre\" href=\"https:\/\/www.ofoutdoorkitchens.com\/fr\/portfolio_category\/acier-et-pierre\/\">Acier et Pierre<\/a><\/div><\/div>\t\t<\/div>\r\n\t\t\t<\/article>\r\n\t<article class=\"w-grid-item size_1x1 post-3523 us_portfolio type-us_portfolio status-publish has-post-thumbnail hentry us_portfolio_category-acier\" data-id=\"3523\">\r\n\t\t<div class=\"w-grid-item-h\">\r\n\t\t\t\t\t\t\t<a href=\"https:\/\/www.ofoutdoorkitchens.com\/fr\/portfolio\/acier-inox-vintage-sm22vi\/\" class=\"w-grid-item-anchor\" aria-label=\"Acier inox vintage &#8211; SM22VI\"><\/a>\r\n\t\t\t\t\t\t<div class=\"w-post-elm post_image usg_post_image_1 stretched\"><img loading=\"lazy\" decoding=\"async\" width=\"1200\" height=\"800\" src=\"https:\/\/www.ofoutdoorkitchens.com\/wp-content\/uploads\/2023\/03\/Salone-del-Mobile-2022-Vintage-1.jpg\" class=\"attachment-full size-full wp-post-image\" alt=\"\" srcset=\"https:\/\/www.ofoutdoorkitchens.com\/wp-content\/uploads\/2023\/03\/Salone-del-Mobile-2022-Vintage-1.jpg 1200w, https:\/\/www.ofoutdoorkitchens.com\/wp-content\/uploads\/2023\/03\/Salone-del-Mobile-2022-Vintage-1-300x200.jpg 300w, https:\/\/www.ofoutdoorkitchens.com\/wp-content\/uploads\/2023\/03\/Salone-del-Mobile-2022-Vintage-1-1024x683.jpg 1024w\" sizes=\"auto, (max-width: 1200px) 100vw, 1200px\" \/><\/div><div class=\"w-vwrapper usg_vwrapper_1 align_none valign_top\"><h2 class=\"w-post-elm post_title usg_post_title_1 has_text_color entry-title color_link_inherit\">Acier inox vintage &#8211; SM22VI<\/h2><div class=\"w-post-elm post_taxonomy usg_post_taxonomy_1 has_text_color style_simple color_link_inherit\"><a class=\"term-48 term-acier\" href=\"https:\/\/www.ofoutdoorkitchens.com\/fr\/portfolio_category\/acier\/\">Acier<\/a><\/div><\/div>\t\t<\/div>\r\n\t\t\t<\/article>\r\n\t<article class=\"w-grid-item size_1x1 post-3525 us_portfolio type-us_portfolio status-publish has-post-thumbnail hentry us_portfolio_category-acier\" data-id=\"3525\">\r\n\t\t<div class=\"w-grid-item-h\">\r\n\t\t\t\t\t\t\t<a href=\"https:\/\/www.ofoutdoorkitchens.com\/fr\/portfolio\/acier-inox-laque-mate-gaufre-sm22ral9010\/\" class=\"w-grid-item-anchor\" aria-label=\"Acier inox laqu\u00e9 mate gaufr\u00e9 &#8211; SM22RAL9010\"><\/a>\r\n\t\t\t\t\t\t<div class=\"w-post-elm post_image usg_post_image_1 stretched\"><img loading=\"lazy\" decoding=\"async\" width=\"1200\" height=\"800\" src=\"https:\/\/www.ofoutdoorkitchens.com\/wp-content\/uploads\/2023\/03\/Salone-del-Mobile-2022-RAL-9010-1.jpg\" class=\"attachment-full size-full wp-post-image\" alt=\"\" srcset=\"https:\/\/www.ofoutdoorkitchens.com\/wp-content\/uploads\/2023\/03\/Salone-del-Mobile-2022-RAL-9010-1.jpg 1200w, https:\/\/www.ofoutdoorkitchens.com\/wp-content\/uploads\/2023\/03\/Salone-del-Mobile-2022-RAL-9010-1-300x200.jpg 300w, https:\/\/www.ofoutdoorkitchens.com\/wp-content\/uploads\/2023\/03\/Salone-del-Mobile-2022-RAL-9010-1-1024x683.jpg 1024w\" sizes=\"auto, (max-width: 1200px) 100vw, 1200px\" \/><\/div><div class=\"w-vwrapper usg_vwrapper_1 align_none valign_top\"><h2 class=\"w-post-elm post_title usg_post_title_1 has_text_color entry-title color_link_inherit\">Acier inox laqu\u00e9 mate gaufr\u00e9 &#8211; SM22RAL9010<\/h2><div class=\"w-post-elm post_taxonomy usg_post_taxonomy_1 has_text_color style_simple color_link_inherit\"><a class=\"term-48 term-acier\" href=\"https:\/\/www.ofoutdoorkitchens.com\/fr\/portfolio_category\/acier\/\">Acier<\/a><\/div><\/div>\t\t<\/div>\r\n\t\t\t<\/article>\r\n\t<article class=\"w-grid-item size_1x1 post-3527 us_portfolio type-us_portfolio status-publish has-post-thumbnail hentry us_portfolio_category-acier-et-pierre\" data-id=\"3527\">\r\n\t\t<div class=\"w-grid-item-h\">\r\n\t\t\t\t\t\t\t<a href=\"https:\/\/www.ofoutdoorkitchens.com\/fr\/portfolio\/acier-inox-laque-mate-gaufre-smru\/\" class=\"w-grid-item-anchor\" aria-label=\"Acier inox laqu\u00e9 mate gaufr\u00e9 &#8211; SMRU\"><\/a>\r\n\t\t\t\t\t\t<div class=\"w-post-elm post_image usg_post_image_1 stretched\"><img loading=\"lazy\" decoding=\"async\" width=\"1200\" height=\"800\" src=\"https:\/\/www.ofoutdoorkitchens.com\/wp-content\/uploads\/2023\/03\/Salone-del-Mobile-Effetto-Ruggine-2.jpg\" class=\"attachment-full size-full wp-post-image\" alt=\"\" srcset=\"https:\/\/www.ofoutdoorkitchens.com\/wp-content\/uploads\/2023\/03\/Salone-del-Mobile-Effetto-Ruggine-2.jpg 1200w, https:\/\/www.ofoutdoorkitchens.com\/wp-content\/uploads\/2023\/03\/Salone-del-Mobile-Effetto-Ruggine-2-300x200.jpg 300w, https:\/\/www.ofoutdoorkitchens.com\/wp-content\/uploads\/2023\/03\/Salone-del-Mobile-Effetto-Ruggine-2-1024x683.jpg 1024w\" sizes=\"auto, (max-width: 1200px) 100vw, 1200px\" \/><\/div><div class=\"w-vwrapper usg_vwrapper_1 align_none valign_top\"><h2 class=\"w-post-elm post_title usg_post_title_1 has_text_color entry-title color_link_inherit\">Acier inox laqu\u00e9 mate gaufr\u00e9 &#8211; SMRU<\/h2><div class=\"w-post-elm post_taxonomy usg_post_taxonomy_1 has_text_color style_simple color_link_inherit\"><a class=\"term-52 term-acier-et-pierre\" href=\"https:\/\/www.ofoutdoorkitchens.com\/fr\/portfolio_category\/acier-et-pierre\/\">Acier et Pierre<\/a><\/div><\/div>\t\t<\/div>\r\n\t\t\t<\/article>\r\n\t<article class=\"w-grid-item size_1x1 post-3529 us_portfolio type-us_portfolio status-publish has-post-thumbnail hentry us_portfolio_category-acier\" data-id=\"3529\">\r\n\t\t<div class=\"w-grid-item-h\">\r\n\t\t\t\t\t\t\t<a href=\"https:\/\/www.ofoutdoorkitchens.com\/fr\/portfolio\/acier-inox-delabre-sm22\/\" class=\"w-grid-item-anchor\" aria-label=\"Acier inox d\u00e9labr\u00e9 &#8211; SM22\"><\/a>\r\n\t\t\t\t\t\t<div class=\"w-post-elm post_image usg_post_image_1 stretched\"><img loading=\"lazy\" decoding=\"async\" width=\"1200\" height=\"800\" src=\"https:\/\/www.ofoutdoorkitchens.com\/wp-content\/uploads\/2023\/01\/salone-mobile-2022-3.jpg\" class=\"attachment-full size-full wp-post-image\" alt=\"\" srcset=\"https:\/\/www.ofoutdoorkitchens.com\/wp-content\/uploads\/2023\/01\/salone-mobile-2022-3.jpg 1200w, https:\/\/www.ofoutdoorkitchens.com\/wp-content\/uploads\/2023\/01\/salone-mobile-2022-3-300x200.jpg 300w, https:\/\/www.ofoutdoorkitchens.com\/wp-content\/uploads\/2023\/01\/salone-mobile-2022-3-1024x683.jpg 1024w\" sizes=\"auto, (max-width: 1200px) 100vw, 1200px\" \/><\/div><div class=\"w-vwrapper usg_vwrapper_1 align_none valign_top\"><h2 class=\"w-post-elm post_title usg_post_title_1 has_text_color entry-title color_link_inherit\">Acier inox d\u00e9labr\u00e9 &#8211; SM22<\/h2><div class=\"w-post-elm post_taxonomy usg_post_taxonomy_1 has_text_color style_simple color_link_inherit\"><a class=\"term-48 term-acier\" href=\"https:\/\/www.ofoutdoorkitchens.com\/fr\/portfolio_category\/acier\/\">Acier<\/a><\/div><\/div>\t\t<\/div>\r\n\t\t\t<\/article>\r\n<\/div><div class=\"w-grid-preloader\">\t<div class=\"g-preloader type_1\">\r\n\t\t<div><\/div>\r\n\t<\/div>\r\n\t<\/div>\t<div class=\"w-grid-json hidden\" onclick='return {&quot;action&quot;:&quot;us_ajax_grid&quot;,&quot;infinite_scroll&quot;:0,&quot;max_num_pages&quot;:1,&quot;pagination&quot;:&quot;infinite&quot;,&quot;template_vars&quot;:{&quot;columns&quot;:&quot;4&quot;,&quot;exclude_items&quot;:&quot;none&quot;,&quot;img_size&quot;:&quot;full&quot;,&quot;ignore_items_size&quot;:0,&quot;items_layout&quot;:&quot;portfolio_2&quot;,&quot;items_offset&quot;:&quot;1&quot;,&quot;load_animation&quot;:&quot;none&quot;,&quot;overriding_link&quot;:&quot;%7B%22type%22%3A%22post%22%7D&quot;,&quot;post_id&quot;:0,&quot;query_args&quot;:{&quot;post_type&quot;:[&quot;us_portfolio&quot;],&quot;tax_query&quot;:[{&quot;taxonomy&quot;:&quot;us_portfolio_category&quot;,&quot;field&quot;:&quot;slug&quot;,&quot;terms&quot;:[&quot;acciaio&quot;,&quot;acciaio-e-pietra&quot;]}],&quot;post_status&quot;:[&quot;publish&quot;,&quot;mapped&quot;,&quot;needs_update&quot;],&quot;posts_per_page&quot;:&quot;100&quot;},&quot;orderby_query_args&quot;:{&quot;orderby&quot;:{&quot;date&quot;:&quot;DESC&quot;}},&quot;type&quot;:&quot;grid&quot;,&quot;us_grid_post_type&quot;:&quot;us_portfolio&quot;,&quot;us_grid_ajax_index&quot;:1,&quot;us_grid_filter_query_string&quot;:null,&quot;us_grid_index&quot;:1,&quot;page_args&quot;:[],&quot;lang&quot;:&quot;fr&quot;}}'><\/div>\r\n\t<\/div><div class=\"w-separator size_medium\"><\/div><\/div><\/div><\/div><\/div><\/section>\n","protected":false},"excerpt":{"rendered":"Cuisine D'ext\u00e9rieur OF avec caissons, gorge et socle en acier inox naturel, vantaux, plan de travail et panneaux en acier inox d\u00e9labr\u00e9","protected":false},"author":1,"featured_media":0,"parent":0,"menu_order":0,"comment_status":"closed","ping_status":"closed","template":"","meta":{"om_disable_all_campaigns":false,"_uf_show_specific_survey":0,"_uf_disable_surveys":false,"footnotes":""},"class_list":["post-3412","page","type-page","status-publish","hentry"],"yoast_head":"<!-- This site is optimized with the Yoast SEO plugin v23.4 - https:\/\/yoast.com\/wordpress\/plugins\/seo\/ -->\n<title>Portfolio - Tous nos mod\u00e8les | OF outdoorkitchens<\/title>\n<meta name=\"description\" content=\"Sur cette page, vous trouverez les images les plus belles de cuisines ext\u00e9rieures, \u00e0 travers lesquelles vous pourrez d\u00e9couvrir notre Portfolio de produits\" \/>\n<meta name=\"robots\" content=\"index, follow, max-snippet:-1, max-image-preview:large, max-video-preview:-1\" \/>\n<link rel=\"canonical\" href=\"https:\/\/www.ofoutdoorkitchens.com\/fr\/portfolio\/\" \/>\n<meta property=\"og:locale\" content=\"fr_FR\" \/>\n<meta property=\"og:type\" content=\"article\" \/>\n<meta property=\"og:title\" content=\"Portfolio - Tous nos mod\u00e8les | OF outdoorkitchens\" \/>\n<meta property=\"og:description\" content=\"Sur cette page, vous trouverez les images les plus belles de cuisines ext\u00e9rieures, \u00e0 travers lesquelles vous pourrez d\u00e9couvrir notre Portfolio de produits\" \/>\n<meta property=\"og:url\" content=\"https:\/\/www.ofoutdoorkitchens.com\/fr\/portfolio\/\" \/>\n<meta property=\"og:site_name\" content=\"OF Outdoorkitchens\" \/>\n<meta property=\"article:publisher\" content=\"https:\/\/www.facebook.com\/ofoutdoorkitchens\" \/>\n<meta property=\"article:modified_time\" content=\"2024-02-13T06:27:05+00:00\" \/>\n<meta name=\"twitter:card\" content=\"summary_large_image\" \/>\n<meta name=\"twitter:label1\" content=\"Dur\u00e9e de lecture estim\u00e9e\" \/>\n\t<meta name=\"twitter:data1\" content=\"1 minute\" \/>\n<!-- \/ Yoast SEO plugin. -->","yoast_head_json":{"title":"Portfolio - Tous nos mod\u00e8les | OF outdoorkitchens","description":"Sur cette page, vous trouverez les images les plus belles de cuisines ext\u00e9rieures, \u00e0 travers lesquelles vous pourrez d\u00e9couvrir notre Portfolio de produits","robots":{"index":"index","follow":"follow","max-snippet":"max-snippet:-1","max-image-preview":"max-image-preview:large","max-video-preview":"max-video-preview:-1"},"canonical":"https:\/\/www.ofoutdoorkitchens.com\/fr\/portfolio\/","og_locale":"fr_FR","og_type":"article","og_title":"Portfolio - Tous nos mod\u00e8les | OF outdoorkitchens","og_description":"Sur cette page, vous trouverez les images les plus belles de cuisines ext\u00e9rieures, \u00e0 travers lesquelles vous pourrez d\u00e9couvrir notre Portfolio de produits","og_url":"https:\/\/www.ofoutdoorkitchens.com\/fr\/portfolio\/","og_site_name":"OF Outdoorkitchens","article_publisher":"https:\/\/www.facebook.com\/ofoutdoorkitchens","article_modified_time":"2024-02-13T06:27:05+00:00","twitter_card":"summary_large_image","twitter_misc":{"Dur\u00e9e de lecture estim\u00e9e":"1 minute"},"schema":{"@context":"https:\/\/schema.org","@graph":[{"@type":"WebPage","@id":"https:\/\/www.ofoutdoorkitchens.com\/fr\/portfolio\/","url":"https:\/\/www.ofoutdoorkitchens.com\/fr\/portfolio\/","name":"Portfolio - Tous nos mod\u00e8les | OF outdoorkitchens","isPartOf":{"@id":"https:\/\/www.ofoutdoorkitchens.com\/fr\/#website"},"datePublished":"2023-03-09T18:57:01+00:00","dateModified":"2024-02-13T06:27:05+00:00","description":"Sur cette page, vous trouverez les images les plus belles de cuisines ext\u00e9rieures, \u00e0 travers lesquelles vous pourrez d\u00e9couvrir notre Portfolio de produits","breadcrumb":{"@id":"https:\/\/www.ofoutdoorkitchens.com\/fr\/portfolio\/#breadcrumb"},"inLanguage":"fr-FR","potentialAction":[{"@type":"ReadAction","target":["https:\/\/www.ofoutdoorkitchens.com\/fr\/portfolio\/"]}]},{"@type":"BreadcrumbList","@id":"https:\/\/www.ofoutdoorkitchens.com\/fr\/portfolio\/#breadcrumb","itemListElement":[{"@type":"ListItem","position":1,"name":"Home","item":"https:\/\/www.ofoutdoorkitchens.com\/fr\/"},{"@type":"ListItem","position":2,"name":"Portfolio"}]},{"@type":"WebSite","@id":"https:\/\/www.ofoutdoorkitchens.com\/fr\/#website","url":"https:\/\/www.ofoutdoorkitchens.com\/fr\/","name":"OF Outdoorkitchens","description":"","publisher":{"@id":"https:\/\/www.ofoutdoorkitchens.com\/fr\/#organization"},"potentialAction":[{"@type":"SearchAction","target":{"@type":"EntryPoint","urlTemplate":"https:\/\/www.ofoutdoorkitchens.com\/fr\/?s={search_term_string}"},"query-input":{"@type":"PropertyValueSpecification","valueRequired":true,"valueName":"search_term_string"}}],"inLanguage":"fr-FR"},{"@type":"Organization","@id":"https:\/\/www.ofoutdoorkitchens.com\/fr\/#organization","name":"OF Outdoorkitchens","url":"https:\/\/www.ofoutdoorkitchens.com\/fr\/","logo":{"@type":"ImageObject","inLanguage":"fr-FR","@id":"https:\/\/www.ofoutdoorkitchens.com\/fr\/#\/schema\/logo\/image\/","url":"https:\/\/www.ofoutdoorkitchens.com\/wp-content\/uploads\/2023\/03\/logo-OF-2023-def150.png","contentUrl":"https:\/\/www.ofoutdoorkitchens.com\/wp-content\/uploads\/2023\/03\/logo-OF-2023-def150.png","width":150,"height":150,"caption":"OF Outdoorkitchens"},"image":{"@id":"https:\/\/www.ofoutdoorkitchens.com\/fr\/#\/schema\/logo\/image\/"},"sameAs":["https:\/\/www.facebook.com\/ofoutdoorkitchens","https:\/\/www.instagram.com\/of.outdoorkitchens\/","https:\/\/www.linkedin.com\/company\/of-out-door-kitchens\/"]}]}},"_links":{"self":[{"href":"https:\/\/www.ofoutdoorkitchens.com\/fr\/wp-json\/wp\/v2\/pages\/3412","targetHints":{"allow":["GET"]}}],"collection":[{"href":"https:\/\/www.ofoutdoorkitchens.com\/fr\/wp-json\/wp\/v2\/pages"}],"about":[{"href":"https:\/\/www.ofoutdoorkitchens.com\/fr\/wp-json\/wp\/v2\/types\/page"}],"author":[{"embeddable":true,"href":"https:\/\/www.ofoutdoorkitchens.com\/fr\/wp-json\/wp\/v2\/users\/1"}],"replies":[{"embeddable":true,"href":"https:\/\/www.ofoutdoorkitchens.com\/fr\/wp-json\/wp\/v2\/comments?post=3412"}],"version-history":[{"count":2,"href":"https:\/\/www.ofoutdoorkitchens.com\/fr\/wp-json\/wp\/v2\/pages\/3412\/revisions"}],"predecessor-version":[{"id":6028,"href":"https:\/\/www.ofoutdoorkitchens.com\/fr\/wp-json\/wp\/v2\/pages\/3412\/revisions\/6028"}],"wp:attachment":[{"href":"https:\/\/www.ofoutdoorkitchens.com\/fr\/wp-json\/wp\/v2\/media?parent=3412"}],"curies":[{"name":"wp","href":"https:\/\/api.w.org\/{rel}","templated":true}]}}